{"id":1285,"date":"2022-09-14T13:06:53","date_gmt":"2022-09-14T11:06:53","guid":{"rendered":"https:\/\/imker-aigen.at\/?page_id=1285"},"modified":"2025-08-27T08:41:34","modified_gmt":"2025-08-27T06:41:34","slug":"monatsbetrachtung-september","status":"publish","type":"page","link":"https:\/\/imker-aigen.at\/index.php\/monatsbetrachtung-september\/","title":{"rendered":"Monatsbetrachtung September"},"content":{"rendered":"<div  class='flex_column av-22es6d-d29d491ee3315ccf9d8a466cab69ca4f av_one_full  avia-builder-el-0  el_before_av_one_half  avia-builder-el-first  first flex_column_div  '     ><p>\n<style type=\"text\/css\" data-created_by=\"avia_inline_auto\" id=\"style-css-av-l81iow8s-18723b81a4b4048c17745ba1bb183100\">\n#top .av-special-heading.av-l81iow8s-18723b81a4b4048c17745ba1bb183100{\npadding-bottom:10px;\n}\nbody .av-special-heading.av-l81iow8s-18723b81a4b4048c17745ba1bb183100 .av-special-heading-tag .heading-char{\nfont-size:25px;\n}\n.av-special-heading.av-l81iow8s-18723b81a4b4048c17745ba1bb183100 .av-subheading{\nfont-size:15px;\n}\n<\/style>\n<div  class='av-special-heading av-l81iow8s-18723b81a4b4048c17745ba1bb183100 av-special-heading-h3 blockquote modern-quote modern-centered  avia-builder-el-1  el_before_av_textblock  avia-builder-el-first '><h3 class='av-special-heading-tag '  itemprop=\"headline\"  >Monatsbetrachtung September<\/h3><div class=\"special-heading-border\"><div class=\"special-heading-inner-border\"><\/div><\/div><\/div><br \/>\n<section  class='av_textblock_section av-l81ipo4g-5c0b09523116a8472c90c0a7ecdbb406 '   itemscope=\"itemscope\" itemtype=\"https:\/\/schema.org\/CreativeWork\" ><div class='avia_textblock'  itemprop=\"text\" ><p>Autor: Bernd Meierhofer<\/p>\n<h1>Es herbstelt<\/h1>\n<p>Jetzt im September, wo die Tage und N\u00e4chte bereits wieder gleich lang werden und sich bereits die Bl\u00e4tter der B\u00e4ume und Str\u00e4ucher beginnen zu verf\u00e4rben, sollten unsere Bienen bereits ausreichend von der Varroamilbe befreit sein. Basis hierf\u00fcr sollte die Entmilbung nach der Honigernte gewesen sein. Trotzdem ist es wichtig, dass der Milbenabfall weiterhin kontrolliert wird. Notfalls ist eine Nachbehandlung durchzuf\u00fchren. Die eigentlich Restentmilbung erfolgt dann im Oktober.<\/p>\n<blockquote>\n<p>Details zur Varroabehandlung sind in unserem Artikel &#8222;<a href=\"https:\/\/imker-aigen.at\/index.php\/2022\/08\/31\/richtige-varroabehandlung\/\">Richtige Varroabehandlung<\/a>&#8220; zu finden.<\/p>\n<\/blockquote>\n<p>Altv\u00f6lker werden jetzt bereits schw\u00e4cher und Jungv\u00f6lker sollten bereits ihre Gr\u00f6\u00dfe f\u00fcr die \u00dcberwinterung erreichen.<\/p>\n<h2>Die Einf\u00fctterung<\/h2>\n<p>Die Einf\u00fctterung sollte bis Mitte September, sp\u00e4testens Anfang Oktober abgeschlossen sein und die Futtermenge soll bis zum April reichen. Hierf\u00fcr ist in den Gebirgsregionen ein Futtervorrat von 25 kg\/Volk notwendig. Wurden den Bienen nach der Honigernte 5 kg Futter belassen, m\u00fcssen also noch 20 kg an Futter erg\u00e4nzt werden. Im Flachgau k\u00f6nnen auch nur 20 kg\/Volk ausreichend sein. Eine m\u00f6gliche Springkraut-Tracht reduziert nat\u00fcrlich auch die vom Imker zu erbringende Futtermenge.<\/p>\n<p>Bei der F\u00fctterung ist es grunds\u00e4tzlich immer besser in kleinen Mengen zu f\u00fcttern. Optimal w\u00e4re eine beinahe t\u00e4gliche F\u00fctterung von sehr kleinen Mengen. Es sollte dabei auch auf die Entwicklung des Brutnests R\u00fccksicht genommen werden. W\u00fcrde zu viel eingef\u00fcttert werden, w\u00fcrde das Brutnest eingeschr\u00e4nkt werden. Im Herbst f\u00fcttert man eigentlich nur noch im Mischungsverh\u00e4ltnis 3:2 (1 kg Zucker, 0,7 Liter Wasser). 1,3 Liter Zuckerwasser ergeben dann 1,2 kg fertiges Winterfutter. Eine &#8222;nasse&#8220; F\u00fctterung im Mischungsverh\u00e4ltnis 1:1 kann man eigentlich nur in sehr warmen Monaten machen, da die Bienen dieses Futtergemisch dann auch noch gut zum Trocknen im Wabenbau aufspannen k\u00f6nnen bzw. auch noch ausreichend Energie f\u00fcr den Wabenbau aufbringen k\u00f6nnen. Wird Fertigfutter verwendet (z.B.: ApiInvert), ist ein Liter ApiInvert gleichbedeutend wie 1 Liter Winterfutter.<\/p>\n<blockquote>\n<p>Das F\u00fcttern tags\u00fcber f\u00fchrt leicht zu einer R\u00e4uberei und sollte daher nur in den sp\u00e4ten Abendstunden stattfinden.<\/p>\n<p>Die Flugl\u00f6cher notfalls verkleinern.<\/p>\n<\/blockquote>\n<p><strong>Update vom August 2025:<\/strong> Dem Thema \u201e<a href=\"https:\/\/imker-aigen.at\/index.php\/2025\/08\/20\/bienen-richtig-fuettern-nach-der-honigernte\/\">Einf\u00fcttern nach der Honigernte<\/a>\u201d haben wir nun einen eigenen Artikel gewidmet. Darin haben wir versucht, das Thema noch detaillierter zu behandeln. Falls noch etwas unklar sein sollte oder ihr der Meinung seid, dass etwas falsch ist, hinterlasst bitte immer einen Kommentar, damit wir unsere Artikel laufend verbessern k\u00f6nnen.<\/p>\n<\/div><\/section><\/p><\/div><div  class='flex_column av-5fdul1-de9999c98ac2d5da1dcfe300b0346947 av_one_half  avia-builder-el-3  el_after_av_one_full  el_before_av_one_half  first flex_column_div  column-top-margin'     ><style type=\"text\/css\" data-created_by=\"avia_inline_auto\" id=\"style-css-av-l837meee-0ee645f1e33672a93f8a7770bd7fd030\">\n.avia-image-container.av-l837meee-0ee645f1e33672a93f8a7770bd7fd030 img.avia_image{\nbox-shadow:none;\n}\n.avia-image-container.av-l837meee-0ee645f1e33672a93f8a7770bd7fd030 .av-image-caption-overlay-center{\ncolor:#ffffff;\n}\n<\/style>\n<div  class='avia-image-container av-l837meee-0ee645f1e33672a93f8a7770bd7fd030 av-styling- avia-align-center  avia-builder-el-4  avia-builder-el-no-sibling '   itemprop=\"image\" itemscope=\"itemscope\" itemtype=\"https:\/\/schema.org\/ImageObject\" ><div class=\"avia-image-container-inner\"><div class=\"avia-image-overlay-wrap\"><img decoding=\"async\" fetchpriority=\"high\" class='wp-image-1284 avia-img-lazy-loading-not-1284 avia_image ' src=\"https:\/\/imker-aigen.at\/wp-content\/uploads\/2022\/09\/bee_comb3-1030x637.jpg\" alt='Kaltbau Brutwabe im September' title='Kaltbau Brutwabe im September'  height=\"637\" width=\"1030\"  itemprop=\"thumbnailUrl\" srcset=\"https:\/\/imker-aigen.at\/wp-content\/uploads\/2022\/09\/bee_comb3-1030x637.jpg 1030w, https:\/\/imker-aigen.at\/wp-content\/uploads\/2022\/09\/bee_comb3-300x185.jpg 300w, https:\/\/imker-aigen.at\/wp-content\/uploads\/2022\/09\/bee_comb3-768x475.jpg 768w, https:\/\/imker-aigen.at\/wp-content\/uploads\/2022\/09\/bee_comb3-1536x949.jpg 1536w, https:\/\/imker-aigen.at\/wp-content\/uploads\/2022\/09\/bee_comb3-1500x927.jpg 1500w, https:\/\/imker-aigen.at\/wp-content\/uploads\/2022\/09\/bee_comb3-705x436.jpg 705w, https:\/\/imker-aigen.at\/wp-content\/uploads\/2022\/09\/bee_comb3.jpg 2000w\" sizes=\"(max-width: 1030px) 100vw, 1030px\" \/><\/div><\/div><\/div><\/div><\/p>\n<div  class='flex_column av-3o5tut-fbd19613c52d0074c76cc86b9bd81c4c av_one_half  avia-builder-el-5  el_after_av_one_half  el_before_av_one_full  flex_column_div  column-top-margin'     ><section  class='av_textblock_section av-l837r87j-6710f9c62ca9aa459227358cf04ab045 '   itemscope=\"itemscope\" itemtype=\"https:\/\/schema.org\/CreativeWork\" ><div class='avia_textblock'  itemprop=\"text\" ><p style=\"text-align: left;\">Das Foto zeigt eine Kaltbau-Brutwabe.<\/p>\n<p style=\"text-align: left;\">Im September befindet sich das Brutnest noch rechts unten in der N\u00e4he des Fluglochs. Im hinteren Bereich (links und oberhalb des Brutnests) ist bereits das Winterfutter eingelagert. Mit sinkenden Temperaturen wird das Volk zunehmend vom Flugloch weg in Richtung Mitte bzw. in den hinteren Bereich der Beute wandern und sich so in das Winterfutter fressen.<\/p>\n<\/div><\/section><\/div>\n<div  class='flex_column av-1v5xqt-640b130be662b8699638b7ba8d35b042 av_one_full  avia-builder-el-7  el_after_av_one_half  el_before_av_social_share  first flex_column_div  column-top-margin'     ><section  class='av_textblock_section av-l81iv08n-0f5e27e60d5890cdc833a335605b498d '   itemscope=\"itemscope\" itemtype=\"https:\/\/schema.org\/CreativeWork\" ><div class='avia_textblock'  itemprop=\"text\" ><h2>Die Pollenversorgung<\/h2>\n<p>Die Bienen sollten im August und September bereits mit der Aufzucht langlebiger Winterbienen beginnen. Hierf\u00fcr ist auch noch eine ausreichende Pollenversorgung notwendig. Der Pollen wird ben\u00f6tigt, damit die Ammenbienen genug Futtersaft bilden und die junge Brut versorgen k\u00f6nnen. Im Sp\u00e4therbst, wenn die Bienen bereits beginnen sich zu einer Traube zu formen und die Brutt\u00e4tigkeit herunterfahren bzw. einstellen, wird nur noch eine kleine Menge an Pollen bzw. gar kein Pollen mehr im Volk ben\u00f6tigt. Der Futtersaft im Fr\u00fchjahr wird von den Winterbienen aus ihren Fettreserven produziert.<\/p>\n<p>Imker, welche mit dem angepassten Brutraum arbeiten, k\u00f6nnen bereits jetzt mit dem Einsetzen der Schiede beginnen und damit die Bildung von Pollenbrettern verhindern. Es gilt in dieser Jahreszeit die richtige Balance aus Winterfutter, Pollenfutter und freier Brutfl\u00e4che f\u00fcr die jeweilige Volksst\u00e4rke zu finden. Viele freie Zellen bzw. ganze Leerwaben w\u00fcrden im September dazu f\u00fchren, dass die Bienen alle Zellen mit Pollen f\u00fcllen w\u00fcrden. Diese Pollenmenge wird aber im Winter gar nicht mehr ben\u00f6tigt und w\u00fcrde daher nur im Stock verschimmeln.<br \/>\nDie Positionierung der Schiede gem\u00e4\u00df der Bienenmasse erfolgt erst im November, da erst in den kalten Tagen die Wintertraube erkennbar wird.<\/p>\n<p>Sollten sich schon Pollenbretter gebildet haben, k\u00f6nnen diese entnommen und gemeinsam mit abgeschnittenem Drohnen- oder Wildbau und zu alten Waben eingeschmolzen werden. Ca. 30 Prozent der Waben sollten im Sinne einer guten Wabenhygiene jedes Jahr erneuert werden.<\/p>\n<h2>K\u00f6niginnentausch<\/h2>\n<p>Im September ist noch eine gute Zeit die K\u00f6niginnen umzuweiseln. Wer beispielsweise K\u00f6niginnen aus der diesj\u00e4hrigen Zucht in anderen Beuten (z.B.: MiniPlus, Kieler-Beuten etc.) zur Beobachtung belassen hat, kann diese nun &#8211; bei positiver Beurteilung &#8211; in jene Wirtschaftsv\u00f6lker einweiseln, welche schlecht bzw. unterdurchschnittlich bewertet wurden (Gepriesen sind jene Imker die Stockkarten schreiben. Sie k\u00f6nnen diese Beurteilung auch nach sehr objektiven Kriterien durchf\u00fchren). Die aus den Wirtschaftsv\u00f6lkern entnommenen K\u00f6niginnen k\u00f6nnen dann wieder in die Beobachtungsbeuten (MiniPlus, Kieler-Beuten etc.) gegeben und dort als Reservek\u00f6niginnen aufbewahrt bzw. &#8211; sofern es das Beutensystem erlaubt &#8211; auch \u00fcberwintert werden. Somit erfolgt eine Selektion am Standort und nur gute K\u00f6niginnen gehen in die neue Saison.<\/p>\n<h2>K\u00fcmmerlinge<\/h2>\n<p>Sollte sich bei V\u00f6lkern herausstellen, dass diese zu K\u00fcmmerlingen werden bzw. bereits geworden sind, k\u00f6nnen diese nun auch noch vereinigt werden. Dabei sollte man aber nur K\u00fcmmerlinge zusammenlegen und niemals einen K\u00fcmmerling mit einem starken Volk vereinigen. Diese Vereinigung sollte recht schnell passieren, da f\u00fcr K\u00fcmmerlinge stets die Gefahr besteht ausgeraubt zu werden.<\/p>\n<\/div><\/section><\/div>\n<div  class='av-social-sharing-box av-3kqsud-b29f909af8bda7015da99dbe300195bf av-social-sharing-box-default  avia-builder-el-9  el_after_av_one_full  el_before_av_comments_list  av-social-sharing-box-fullwidth'><div class=\"av-share-box\"><h5 class='av-share-link-description av-no-toc '>Eintrag teilen<\/h5><ul class=\"av-share-box-list noLightbox\"><li class='av-share-link av-social-link-facebook avia_social_iconfont' ><a target=\"_blank\" aria-label=\"Teilen auf Facebook\" href='https:\/\/www.facebook.com\/sharer.php?u=https:\/\/imker-aigen.at\/index.php\/monatsbetrachtung-september\/&#038;t=Monatsbetrachtung%20September' data-av_icon='\ue8f3' data-av_iconfont='entypo-fontello'  title='' data-avia-related-tooltip='Teilen auf Facebook'><span class='avia_hidden_link_text'>Teilen auf Facebook<\/span><\/a><\/li><li class='av-share-link av-social-link-twitter avia_social_iconfont' ><a target=\"_blank\" aria-label=\"Teilen auf X\" href='https:\/\/twitter.com\/share?text=Monatsbetrachtung%20September&#038;url=https:\/\/imker-aigen.at\/?p=1285' data-av_icon='\ue932' data-av_iconfont='entypo-fontello'  title='' data-avia-related-tooltip='Teilen auf X'><span class='avia_hidden_link_text'>Teilen auf X<\/span><\/a><\/li><li class='av-share-link av-social-link-whatsapp avia_social_iconfont' ><a target=\"_blank\" aria-label=\"Teilen auf WhatsApp\" href='https:\/\/api.whatsapp.com\/send?text=https:\/\/imker-aigen.at\/index.php\/monatsbetrachtung-september\/' data-av_icon='\uf232' data-av_iconfont='entypo-fontello'  title='' data-avia-related-tooltip='Teilen auf WhatsApp'><span class='avia_hidden_link_text'>Teilen auf WhatsApp<\/span><\/a><\/li><li class='av-share-link av-social-link-pinterest avia_social_iconfont' ><a target=\"_blank\" aria-label=\"Teilen auf Pinterest\" href='https:\/\/pinterest.com\/pin\/create\/button\/?url=https%3A%2F%2Fimker-aigen.at%2Findex.php%2Fmonatsbetrachtung-september%2F&#038;description=Monatsbetrachtung%20September&#038;media=' data-av_icon='\ue8f8' data-av_iconfont='entypo-fontello'  title='' data-avia-related-tooltip='Teilen auf Pinterest'><span class='avia_hidden_link_text'>Teilen auf Pinterest<\/span><\/a><\/li><li class='av-share-link av-social-link-linkedin avia_social_iconfont' ><a target=\"_blank\" aria-label=\"Teilen auf LinkedIn\" href='https:\/\/linkedin.com\/shareArticle?mini=true&#038;title=Monatsbetrachtung%20September&#038;url=https:\/\/imker-aigen.at\/index.php\/monatsbetrachtung-september\/' data-av_icon='\ue8fc' data-av_iconfont='entypo-fontello'  title='' data-avia-related-tooltip='Teilen auf LinkedIn'><span class='avia_hidden_link_text'>Teilen auf LinkedIn<\/span><\/a><\/li><li class='av-share-link av-social-link-reddit avia_social_iconfont' ><a target=\"_blank\" aria-label=\"Teilen auf Reddit\" href='https:\/\/reddit.com\/submit?url=https:\/\/imker-aigen.at\/index.php\/monatsbetrachtung-september\/&#038;title=Monatsbetrachtung%20September' data-av_icon='\ue927' data-av_iconfont='entypo-fontello'  title='' data-avia-related-tooltip='Teilen auf Reddit'><span class='avia_hidden_link_text'>Teilen auf Reddit<\/span><\/a><\/li><li class='av-share-link av-social-link-mail avia_social_iconfont' ><a  aria-label=\"Per E-Mail teilen\" href='mailto:?subject=Monatsbetrachtung%20September&#038;body=https:\/\/imker-aigen.at\/index.php\/monatsbetrachtung-september\/' data-av_icon='\ue805' data-av_iconfont='entypo-fontello'  title='' data-avia-related-tooltip='Per E-Mail teilen'><span class='avia_hidden_link_text'>Per E-Mail teilen<\/span><\/a><\/li><\/ul><\/div><\/div>\n<div  class='av-buildercomment av-2gjtsl-658acaf750bbb525bba3421956622514'><\/div>\n","protected":false},"excerpt":{"rendered":"","protected":false},"author":1,"featured_media":0,"parent":0,"menu_order":0,"comment_status":"open","ping_status":"closed","template":"","meta":{"footnotes":""},"class_list":["post-1285","page","type-page","status-publish","hentry"],"yoast_head":"<!-- This site is optimized with the Yoast SEO plugin v27.4 - https:\/\/yoast.com\/product\/yoast-seo-wordpress\/ -->\n<title>Monatsbetrachtung September - Imker Ortsgruppe Salzburg Aigen<\/title>\n<meta name=\"description\" content=\"Monatsbetrachtung der Imker Ortsgruppe Salzburg Aigen f\u00fcr den Monat September. Richtige F\u00fctterung, K\u00f6niginnentausch, Varroa, K\u00fcmmerlinge.\" \/>\n<meta name=\"robots\" content=\"index, follow, max-snippet:-1, max-image-preview:large, max-video-preview:-1\" \/>\n<link rel=\"canonical\" href=\"https:\/\/imker-aigen.at\/index.php\/monatsbetrachtung-september\/\" \/>\n<meta property=\"og:locale\" content=\"de_DE\" \/>\n<meta property=\"og:type\" content=\"article\" \/>\n<meta property=\"og:title\" content=\"Monatsbetrachtung September - Imker Ortsgruppe Salzburg Aigen\" \/>\n<meta property=\"og:description\" content=\"Monatsbetrachtung der Imker Ortsgruppe Salzburg Aigen f\u00fcr den Monat September. Richtige F\u00fctterung, K\u00f6niginnentausch, Varroa, K\u00fcmmerlinge.\" \/>\n<meta property=\"og:url\" content=\"https:\/\/imker-aigen.at\/index.php\/monatsbetrachtung-september\/\" \/>\n<meta property=\"og:site_name\" content=\"Imker Ortsgruppe Salzburg Aigen\" \/>\n<meta property=\"article:modified_time\" content=\"2025-08-27T06:41:34+00:00\" \/>\n<meta name=\"twitter:card\" content=\"summary_large_image\" \/>\n<meta name=\"twitter:label1\" content=\"Gesch\u00e4tzte Lesezeit\" \/>\n\t<meta name=\"twitter:data1\" content=\"5\u00a0Minuten\" \/>\n<script type=\"application\/ld+json\" class=\"yoast-schema-graph\">{\"@context\":\"https:\\\/\\\/schema.org\",\"@graph\":[{\"@type\":\"WebPage\",\"@id\":\"https:\\\/\\\/imker-aigen.at\\\/index.php\\\/monatsbetrachtung-september\\\/\",\"url\":\"https:\\\/\\\/imker-aigen.at\\\/index.php\\\/monatsbetrachtung-september\\\/\",\"name\":\"Monatsbetrachtung September - Imker Ortsgruppe Salzburg Aigen\",\"isPartOf\":{\"@id\":\"https:\\\/\\\/imker-aigen.at\\\/#website\"},\"datePublished\":\"2022-09-14T11:06:53+00:00\",\"dateModified\":\"2025-08-27T06:41:34+00:00\",\"description\":\"Monatsbetrachtung der Imker Ortsgruppe Salzburg Aigen f\u00fcr den Monat September. Richtige F\u00fctterung, K\u00f6niginnentausch, Varroa, K\u00fcmmerlinge.\",\"breadcrumb\":{\"@id\":\"https:\\\/\\\/imker-aigen.at\\\/index.php\\\/monatsbetrachtung-september\\\/#breadcrumb\"},\"inLanguage\":\"de\",\"potentialAction\":[{\"@type\":\"ReadAction\",\"target\":[\"https:\\\/\\\/imker-aigen.at\\\/index.php\\\/monatsbetrachtung-september\\\/\"]}]},{\"@type\":\"BreadcrumbList\",\"@id\":\"https:\\\/\\\/imker-aigen.at\\\/index.php\\\/monatsbetrachtung-september\\\/#breadcrumb\",\"itemListElement\":[{\"@type\":\"ListItem\",\"position\":1,\"name\":\"Startseite\",\"item\":\"https:\\\/\\\/imker-aigen.at\\\/index.php\\\/home\\\/\"},{\"@type\":\"ListItem\",\"position\":2,\"name\":\"Monatsbetrachtung September\"}]},{\"@type\":\"WebSite\",\"@id\":\"https:\\\/\\\/imker-aigen.at\\\/#website\",\"url\":\"https:\\\/\\\/imker-aigen.at\\\/\",\"name\":\"Imker Ortsgruppe Salzburg Aigen\",\"description\":\"Homepage der Imker-Ortsgruppe Salzburg Aigen\",\"publisher\":{\"@id\":\"https:\\\/\\\/imker-aigen.at\\\/#organization\"},\"potentialAction\":[{\"@type\":\"SearchAction\",\"target\":{\"@type\":\"EntryPoint\",\"urlTemplate\":\"https:\\\/\\\/imker-aigen.at\\\/?s={search_term_string}\"},\"query-input\":{\"@type\":\"PropertyValueSpecification\",\"valueRequired\":true,\"valueName\":\"search_term_string\"}}],\"inLanguage\":\"de\"},{\"@type\":\"Organization\",\"@id\":\"https:\\\/\\\/imker-aigen.at\\\/#organization\",\"name\":\"Imker Ortsgruppe Salzburg Aigen\",\"url\":\"https:\\\/\\\/imker-aigen.at\\\/\",\"logo\":{\"@type\":\"ImageObject\",\"inLanguage\":\"de\",\"@id\":\"https:\\\/\\\/imker-aigen.at\\\/#\\\/schema\\\/logo\\\/image\\\/\",\"url\":\"https:\\\/\\\/imker-aigen.at\\\/wp-content\\\/uploads\\\/2022\\\/08\\\/logo-1.png\",\"contentUrl\":\"https:\\\/\\\/imker-aigen.at\\\/wp-content\\\/uploads\\\/2022\\\/08\\\/logo-1.png\",\"width\":392,\"height\":156,\"caption\":\"Imker Ortsgruppe Salzburg Aigen\"},\"image\":{\"@id\":\"https:\\\/\\\/imker-aigen.at\\\/#\\\/schema\\\/logo\\\/image\\\/\"}}]}<\/script>\n<!-- \/ Yoast SEO plugin. -->","yoast_head_json":{"title":"Monatsbetrachtung September - Imker Ortsgruppe Salzburg Aigen","description":"Monatsbetrachtung der Imker Ortsgruppe Salzburg Aigen f\u00fcr den Monat September. Richtige F\u00fctterung, K\u00f6niginnentausch, Varroa, K\u00fcmmerlinge.","robots":{"index":"index","follow":"follow","max-snippet":"max-snippet:-1","max-image-preview":"max-image-preview:large","max-video-preview":"max-video-preview:-1"},"canonical":"https:\/\/imker-aigen.at\/index.php\/monatsbetrachtung-september\/","og_locale":"de_DE","og_type":"article","og_title":"Monatsbetrachtung September - Imker Ortsgruppe Salzburg Aigen","og_description":"Monatsbetrachtung der Imker Ortsgruppe Salzburg Aigen f\u00fcr den Monat September. Richtige F\u00fctterung, K\u00f6niginnentausch, Varroa, K\u00fcmmerlinge.","og_url":"https:\/\/imker-aigen.at\/index.php\/monatsbetrachtung-september\/","og_site_name":"Imker Ortsgruppe Salzburg Aigen","article_modified_time":"2025-08-27T06:41:34+00:00","twitter_card":"summary_large_image","twitter_misc":{"Gesch\u00e4tzte Lesezeit":"5\u00a0Minuten"},"schema":{"@context":"https:\/\/schema.org","@graph":[{"@type":"WebPage","@id":"https:\/\/imker-aigen.at\/index.php\/monatsbetrachtung-september\/","url":"https:\/\/imker-aigen.at\/index.php\/monatsbetrachtung-september\/","name":"Monatsbetrachtung September - Imker Ortsgruppe Salzburg Aigen","isPartOf":{"@id":"https:\/\/imker-aigen.at\/#website"},"datePublished":"2022-09-14T11:06:53+00:00","dateModified":"2025-08-27T06:41:34+00:00","description":"Monatsbetrachtung der Imker Ortsgruppe Salzburg Aigen f\u00fcr den Monat September. Richtige F\u00fctterung, K\u00f6niginnentausch, Varroa, K\u00fcmmerlinge.","breadcrumb":{"@id":"https:\/\/imker-aigen.at\/index.php\/monatsbetrachtung-september\/#breadcrumb"},"inLanguage":"de","potentialAction":[{"@type":"ReadAction","target":["https:\/\/imker-aigen.at\/index.php\/monatsbetrachtung-september\/"]}]},{"@type":"BreadcrumbList","@id":"https:\/\/imker-aigen.at\/index.php\/monatsbetrachtung-september\/#breadcrumb","itemListElement":[{"@type":"ListItem","position":1,"name":"Startseite","item":"https:\/\/imker-aigen.at\/index.php\/home\/"},{"@type":"ListItem","position":2,"name":"Monatsbetrachtung September"}]},{"@type":"WebSite","@id":"https:\/\/imker-aigen.at\/#website","url":"https:\/\/imker-aigen.at\/","name":"Imker Ortsgruppe Salzburg Aigen","description":"Homepage der Imker-Ortsgruppe Salzburg Aigen","publisher":{"@id":"https:\/\/imker-aigen.at\/#organization"},"potentialAction":[{"@type":"SearchAction","target":{"@type":"EntryPoint","urlTemplate":"https:\/\/imker-aigen.at\/?s={search_term_string}"},"query-input":{"@type":"PropertyValueSpecification","valueRequired":true,"valueName":"search_term_string"}}],"inLanguage":"de"},{"@type":"Organization","@id":"https:\/\/imker-aigen.at\/#organization","name":"Imker Ortsgruppe Salzburg Aigen","url":"https:\/\/imker-aigen.at\/","logo":{"@type":"ImageObject","inLanguage":"de","@id":"https:\/\/imker-aigen.at\/#\/schema\/logo\/image\/","url":"https:\/\/imker-aigen.at\/wp-content\/uploads\/2022\/08\/logo-1.png","contentUrl":"https:\/\/imker-aigen.at\/wp-content\/uploads\/2022\/08\/logo-1.png","width":392,"height":156,"caption":"Imker Ortsgruppe Salzburg Aigen"},"image":{"@id":"https:\/\/imker-aigen.at\/#\/schema\/logo\/image\/"}}]}},"_links":{"self":[{"href":"https:\/\/imker-aigen.at\/index.php\/wp-json\/wp\/v2\/pages\/1285","targetHints":{"allow":["GET"]}}],"collection":[{"href":"https:\/\/imker-aigen.at\/index.php\/wp-json\/wp\/v2\/pages"}],"about":[{"href":"https:\/\/imker-aigen.at\/index.php\/wp-json\/wp\/v2\/types\/page"}],"author":[{"embeddable":true,"href":"https:\/\/imker-aigen.at\/index.php\/wp-json\/wp\/v2\/users\/1"}],"replies":[{"embeddable":true,"href":"https:\/\/imker-aigen.at\/index.php\/wp-json\/wp\/v2\/comments?post=1285"}],"version-history":[{"count":16,"href":"https:\/\/imker-aigen.at\/index.php\/wp-json\/wp\/v2\/pages\/1285\/revisions"}],"predecessor-version":[{"id":8555,"href":"https:\/\/imker-aigen.at\/index.php\/wp-json\/wp\/v2\/pages\/1285\/revisions\/8555"}],"wp:attachment":[{"href":"https:\/\/imker-aigen.at\/index.php\/wp-json\/wp\/v2\/media?parent=1285"}],"curies":[{"name":"wp","href":"https:\/\/api.w.org\/{rel}","templated":true}]}}