{"id":17,"date":"2015-05-15T15:09:00","date_gmt":"2015-05-15T15:09:00","guid":{"rendered":"http:\/\/test.kriesi.at\/church\/?page_id=17"},"modified":"2025-08-26T15:14:33","modified_gmt":"2025-08-26T13:14:33","slug":"knowledge","status":"publish","type":"page","link":"https:\/\/imker-aigen.at\/index.php\/knowledge\/","title":{"rendered":"Bienen-Wissen"},"content":{"rendered":"\n<style type=\"text\/css\" data-created_by=\"avia_inline_auto\" id=\"style-css-av-63ulh-750f5c8dc0940df0189249077056c2fa\">\n.avia-section.av-63ulh-750f5c8dc0940df0189249077056c2fa{\nbackground-repeat:no-repeat;\nbackground-image:url(https:\/\/imker-aigen.at\/wp-content\/uploads\/2022\/08\/bees_many-1030x773.jpg);\nbackground-position:50% 100%;\nbackground-attachment:fixed;\n}\n.avia-section.av-63ulh-750f5c8dc0940df0189249077056c2fa .av-section-color-overlay{\nopacity:0.3;\nbackground-color:#000000;\n}\n<\/style>\n<div id='av_section_1'  class='avia-section av-63ulh-750f5c8dc0940df0189249077056c2fa main_color avia-section-large avia-no-shadow  avia-builder-el-0  el_before_av_section  avia-builder-el-first  avia-full-stretch avia-bg-style-fixed av-section-color-overlay-active container_wrap sidebar_right'  data-section-bg-repeat='stretch'><div class=\"av-section-color-overlay-wrap\"><div class=\"av-section-color-overlay\"><\/div><div class='container av-section-cont-open' ><main  role=\"main\" itemprop=\"mainContentOfPage\"  class='template-page content  av-content-small alpha units'><div class='post-entry post-entry-type-page post-entry-17'><div class='entry-content-wrapper clearfix'>\n\n<style type=\"text\/css\" data-created_by=\"avia_inline_auto\" id=\"style-css-av-5pz7p-1720027a207d59df7d1a487021931024\">\n#top .av-special-heading.av-5pz7p-1720027a207d59df7d1a487021931024{\npadding-bottom:0;\ncolor:#ffffff;\nfont-size:50px;\n}\nbody .av-special-heading.av-5pz7p-1720027a207d59df7d1a487021931024 .av-special-heading-tag .heading-char{\nfont-size:25px;\n}\n#top #wrap_all .av-special-heading.av-5pz7p-1720027a207d59df7d1a487021931024 .av-special-heading-tag{\nfont-size:50px;\n}\n.av-special-heading.av-5pz7p-1720027a207d59df7d1a487021931024 .special-heading-inner-border{\nborder-color:#ffffff;\n}\n.av-special-heading.av-5pz7p-1720027a207d59df7d1a487021931024 .av-subheading{\nfont-size:15px;\n}\n\n@media only screen and (min-width: 480px) and (max-width: 767px){ \n#top #wrap_all .av-special-heading.av-5pz7p-1720027a207d59df7d1a487021931024 .av-special-heading-tag{\nfont-size:0.8em;\n}\n}\n\n@media only screen and (max-width: 479px){ \n#top #wrap_all .av-special-heading.av-5pz7p-1720027a207d59df7d1a487021931024 .av-special-heading-tag{\nfont-size:0.8em;\n}\n}\n<\/style>\n<div  class='av-special-heading av-5pz7p-1720027a207d59df7d1a487021931024 av-special-heading-h3 custom-color-heading blockquote modern-quote modern-centered  avia-builder-el-1  el_before_av_hr  avia-builder-el-first  av-inherit-size'><h3 class='av-special-heading-tag '  itemprop=\"headline\"  >Informationen rund um unsere Bienen<\/h3><div class='av_custom_color av-subheading av-subheading_below'><p>Wichtige Praxis-Informationen von Imkern f\u00fcr Imker<\/p>\n<\/div><div class=\"special-heading-border\"><div class=\"special-heading-inner-border\"><\/div><\/div><\/div>\n\n<style type=\"text\/css\" data-created_by=\"avia_inline_auto\" id=\"style-css-av-4ygh1-ab19780dd07964c62e155b8c89cd2292\">\n#top .hr.av-4ygh1-ab19780dd07964c62e155b8c89cd2292{\nmargin-top:30px;\nmargin-bottom:30px;\n}\n.hr.av-4ygh1-ab19780dd07964c62e155b8c89cd2292 .hr-inner{\nwidth:20%;\nborder-color:rgba(255,255,255,0.76);\nmax-width:45%;\n}\n.hr.av-4ygh1-ab19780dd07964c62e155b8c89cd2292 .av-seperator-icon{\ncolor:#ffffff;\n}\n.hr.av-4ygh1-ab19780dd07964c62e155b8c89cd2292 .av-seperator-icon.avia-svg-icon svg:first-child{\nfill:#ffffff;\nstroke:#ffffff;\n}\n<\/style>\n<div  class='hr av-4ygh1-ab19780dd07964c62e155b8c89cd2292 hr-custom  avia-builder-el-2  el_after_av_heading  avia-builder-el-last  hr-center hr-icon-yes'><span class='hr-inner inner-border-av-border-thin'><span class=\"hr-inner-style\"><\/span><\/span><span class='av-seperator-icon avia-iconfont avia-font-entypo-fontello' data-av_icon='\ue8bf' data-av_iconfont='entypo-fontello' ><\/span><span class='hr-inner inner-border-av-border-thin'><span class=\"hr-inner-style\"><\/span><\/span><\/div>\n\n<\/div><\/div><\/main><!-- close content main element --><\/div><\/div><\/div><div id='av_section_2'  class='avia-section av-4kzfx-9605aa720be76ebb475c75b6eacaf73f main_color avia-section-default avia-no-border-styling  avia-builder-el-3  el_after_av_section  avia-builder-el-last  avia-bg-style-scroll container_wrap sidebar_right'  ><div class='container av-section-cont-open' ><div class='template-page content  av-content-small alpha units'><div class='post-entry post-entry-type-page post-entry-17'><div class='entry-content-wrapper clearfix'>\n\n<style type=\"text\/css\" data-created_by=\"avia_inline_auto\" id=\"style-css-av-3tm0x-071ef65e99bbc8e8d8e20ad119727e7a\">\n#top .flex_column.av-3tm0x-071ef65e99bbc8e8d8e20ad119727e7a{\nmargin-top:-90px;\nmargin-bottom:0px;\n}\n.flex_column.av-3tm0x-071ef65e99bbc8e8d8e20ad119727e7a{\nborder-radius:0px 0px 0px 0px;\npadding:30px 30px 30px 30px;\nbackground-color:#ffffff;\n}\n.responsive #top #wrap_all .flex_column.av-3tm0x-071ef65e99bbc8e8d8e20ad119727e7a{\nmargin-top:-90px;\nmargin-bottom:0px;\n}\n<\/style>\n<div  class='flex_column av-3tm0x-071ef65e99bbc8e8d8e20ad119727e7a av_one_full  avia-builder-el-4  avia-builder-el-no-sibling  first flex_column_div  '     ><p>\n<style type=\"text\/css\" data-created_by=\"avia_inline_auto\" id=\"style-css-av-l8fvpdvl-fe7237218b6e414b35ce44d974f5fe86\">\n#top .av-special-heading.av-l8fvpdvl-fe7237218b6e414b35ce44d974f5fe86{\npadding-bottom:10px;\n}\nbody .av-special-heading.av-l8fvpdvl-fe7237218b6e414b35ce44d974f5fe86 .av-special-heading-tag .heading-char{\nfont-size:25px;\n}\n.av-special-heading.av-l8fvpdvl-fe7237218b6e414b35ce44d974f5fe86 .av-subheading{\nfont-size:15px;\n}\n<\/style>\n<div  class='av-special-heading av-l8fvpdvl-fe7237218b6e414b35ce44d974f5fe86 av-special-heading-h3 blockquote modern-quote modern-centered  avia-builder-el-5  el_before_av_textblock  avia-builder-el-first '><h3 class='av-special-heading-tag '  itemprop=\"headline\"  ><span class='special_amp'>\u201e<\/span>Der Weg zum Glauben ist <br \/>kurz und bequem, <br \/>der Weg zum Wissen <br \/>lang und steinig.<span class='special_amp'>\u201c<\/span>  <\/h3><div class='av-subheading av-subheading_below'><p>Ernst Stuhlinger (1913\u20132008), deutscher Raketenforscher<\/p>\n<\/div><div class=\"special-heading-border\"><div class=\"special-heading-inner-border\"><\/div><\/div><\/div><br \/>\n<section  class='av_textblock_section av-32v7t-238ea73996d614c67fa6b7560e1cc5d2 '   itemscope=\"itemscope\" itemtype=\"https:\/\/schema.org\/CreativeWork\" ><div class='avia_textblock'  itemprop=\"text\" ><p>Gerne stellen unsere Vereinsmitglieder ihr Wissen auch anderen Imkern zur Verf\u00fcgung. Deshalb gibt es bei unseren Stammtischen kurze Vortr\u00e4ge \u00fcber die im kommenden Monat anstehenden imkerlichen T\u00e4tigkeiten (<a href=\"https:\/\/imker-aigen.at\/index.php\/about\/monthly_todos\/\">Monatsbetrachtungen<\/a>) oder Vortr\u00e4ge von eingeladenen Gastrednern.<\/p>\n<p>Zus\u00e4tzlich wollen wir aber auf einzelne Themen konkret eingehen.<\/p>\n<\/div><\/section><br \/>\n\n<style type=\"text\/css\" data-created_by=\"avia_inline_auto\" id=\"style-css-av-2jlgt-e95b45a0e6a2ab477cd538a9b1a65adc\">\n#top .hr.av-2jlgt-e95b45a0e6a2ab477cd538a9b1a65adc{\nmargin-top:30px;\nmargin-bottom:30px;\n}\n.hr.av-2jlgt-e95b45a0e6a2ab477cd538a9b1a65adc .hr-inner{\nwidth:20%;\nmax-width:45%;\n}\n<\/style>\n<div  class='hr av-2jlgt-e95b45a0e6a2ab477cd538a9b1a65adc hr-custom  avia-builder-el-7  el_after_av_textblock  el_before_av_blog  hr-center hr-icon-yes'><span class='hr-inner inner-border-av-border-thin'><span class=\"hr-inner-style\"><\/span><\/span><span class='av-seperator-icon avia-iconfont avia-font-entypo-fontello' data-av_icon='\ue8bf' data-av_iconfont='entypo-fontello' ><\/span><span class='hr-inner inner-border-av-border-thin'><span class=\"hr-inner-style\"><\/span><\/span><\/div><br \/>\n<div  data-slideshow-options=\"{&quot;animation&quot;:&quot;fade&quot;,&quot;autoplay&quot;:false,&quot;loop_autoplay&quot;:&quot;once&quot;,&quot;interval&quot;:5,&quot;loop_manual&quot;:&quot;manual-endless&quot;,&quot;autoplay_stopper&quot;:false,&quot;noNavigation&quot;:false,&quot;show_slide_delay&quot;:90}\" class='avia-content-slider avia-content-grid-active avia-content-slider1 avia-content-slider-odd  avia-builder-el-8  el_after_av_hr  avia-builder-el-last  av-slideshow-ui av-control-default   av-no-slider-navigation av-slideshow-manual av-loop-once av-loop-manual-endless '  itemscope=\"itemscope\" itemtype=\"https:\/\/schema.org\/Blog\" ><div class=\"avia-content-slider-inner\"><div class=\"slide-entry-wrap\"><article class='slide-entry flex_column  post-entry post-entry-9703 slide-entry-overview slide-loop-1 slide-parity-odd  av_one_third first real-thumbnail posttype-post post-format-standard'  itemscope=\"itemscope\" itemtype=\"https:\/\/schema.org\/CreativeWork\" ><a href='https:\/\/imker-aigen.at\/index.php\/2026\/03\/15\/diverse-formulare-fuer-imkerinnen-und-imker\/' data-rel='slide-1' class='slide-image' title='Diverse Formulare f\u00fcr Imkerinnen und Imker'><img decoding=\"async\" fetchpriority=\"high\" width=\"450\" height=\"400\" src=\"https:\/\/imker-aigen.at\/wp-content\/uploads\/2026\/03\/beekeeper-worksheets-2026-450x400.jpeg\" class=\"wp-image-9710 avia-img-lazy-loading-not-9710 attachment-portfolio size-portfolio wp-post-image\" alt=\"\" \/><\/a><div class=\"slide-content\"><header class=\"entry-content-header\" aria-label=\"Slide: Diverse Formulare f\u00fcr Imkerinnen und Imker\"><h3 class='slide-entry-title entry-title '  itemprop=\"headline\" ><a href='https:\/\/imker-aigen.at\/index.php\/2026\/03\/15\/diverse-formulare-fuer-imkerinnen-und-imker\/' title='Diverse Formulare f\u00fcr Imkerinnen und Imker'>Diverse Formulare f\u00fcr Imkerinnen und Imker<\/a><\/h3><span class=\"av-vertical-delimiter\"><\/span><\/header><div class=\"slide-meta\"><time class='slide-meta-time updated'  itemprop=\"datePublished\" datetime=\"2026-03-15T15:56:48+01:00\" >15. M\u00e4rz 2026<\/time><div class=\"slide-meta-del\">\/<\/div><div class=\"slide-meta-comments\"><a href='https:\/\/imker-aigen.at\/index.php\/2026\/03\/15\/diverse-formulare-fuer-imkerinnen-und-imker\/#comments'>1 Kommentar<\/a><\/div><\/div><div class='slide-entry-excerpt entry-content'  itemprop=\"text\" >\n\n<\/div><\/div><footer class=\"entry-footer\"><\/footer><span class='hidden'>\n\t\t\t\t<span class='av-structured-data'  itemprop=\"image\" itemscope=\"itemscope\" itemtype=\"https:\/\/schema.org\/ImageObject\" >\n\t\t\t\t\t\t<span itemprop='url'>https:\/\/imker-aigen.at\/wp-content\/uploads\/2026\/03\/beekeeper-worksheets-2026.jpeg<\/span>\n\t\t\t\t\t\t<span itemprop='height'>600<\/span>\n\t\t\t\t\t\t<span itemprop='width'>450<\/span>\n\t\t\t\t<\/span>\n\t\t\t\t<span class='av-structured-data'  itemprop=\"publisher\" itemtype=\"https:\/\/schema.org\/Organization\" itemscope=\"itemscope\" >\n\t\t\t\t\t\t<span itemprop='name'>admin<\/span>\n\t\t\t\t\t\t<span itemprop='logo' itemscope itemtype='https:\/\/schema.org\/ImageObject'>\n\t\t\t\t\t\t\t<span itemprop='url'>https:\/\/imker-aigen.at\/wp-content\/uploads\/2026\/03\/logo_new2-300x73.png<\/span>\n\t\t\t\t\t\t<\/span>\n\t\t\t\t<\/span><span class='av-structured-data'  itemprop=\"author\" itemscope=\"itemscope\" itemtype=\"https:\/\/schema.org\/Person\" ><span itemprop='name'>admin<\/span><\/span><span class='av-structured-data'  itemprop=\"datePublished\" datetime=\"2015-05-15T15:09:00+02:00\" >2026-03-15 15:56:48<\/span><span class='av-structured-data'  itemprop=\"dateModified\" itemtype=\"https:\/\/schema.org\/dateModified\" >2026-03-16 08:04:06<\/span><span class='av-structured-data'  itemprop=\"mainEntityOfPage\" itemtype=\"https:\/\/schema.org\/mainEntityOfPage\" ><span itemprop='name'>Diverse Formulare f\u00fcr Imkerinnen und Imker<\/span><\/span><\/span><\/article><article class='slide-entry flex_column  post-entry post-entry-4339 slide-entry-overview slide-loop-2 slide-parity-even  av_one_third  real-thumbnail posttype-post post-format-standard'  itemscope=\"itemscope\" itemtype=\"https:\/\/schema.org\/CreativeWork\" ><a href='https:\/\/imker-aigen.at\/index.php\/2025\/09\/15\/bedrohung-nimmt-zu\/' data-rel='slide-1' class='slide-image' title='Die Bedrohung durch gebietsfremde Arten nimmt zu'><img decoding=\"async\" fetchpriority=\"high\" width=\"495\" height=\"400\" src=\"https:\/\/imker-aigen.at\/wp-content\/uploads\/2023\/09\/indian-balsam-1571265_1280-495x400.jpg\" class=\"wp-image-4342 avia-img-lazy-loading-not-4342 attachment-portfolio size-portfolio wp-post-image\" alt=\"\" srcset=\"https:\/\/imker-aigen.at\/wp-content\/uploads\/2023\/09\/indian-balsam-1571265_1280-495x400.jpg 495w, https:\/\/imker-aigen.at\/wp-content\/uploads\/2023\/09\/indian-balsam-1571265_1280-845x684.jpg 845w\" sizes=\"(max-width: 495px) 100vw, 495px\" \/><\/a><div class=\"slide-content\"><header class=\"entry-content-header\" aria-label=\"Slide: Die Bedrohung durch gebietsfremde Arten nimmt zu\"><h3 class='slide-entry-title entry-title '  itemprop=\"headline\" ><a href='https:\/\/imker-aigen.at\/index.php\/2025\/09\/15\/bedrohung-nimmt-zu\/' title='Die Bedrohung durch gebietsfremde Arten nimmt zu'>Die Bedrohung durch gebietsfremde Arten nimmt zu<\/a><\/h3><span class=\"av-vertical-delimiter\"><\/span><\/header><div class=\"slide-meta\"><time class='slide-meta-time updated'  itemprop=\"datePublished\" datetime=\"2025-09-15T20:10:12+02:00\" >15. September 2025<\/time><div class=\"slide-meta-del\">\/<\/div><div class=\"slide-meta-comments\"><a href='https:\/\/imker-aigen.at\/index.php\/2025\/09\/15\/bedrohung-nimmt-zu\/#respond'>0 Kommentare<\/a><\/div><\/div><div class='slide-entry-excerpt entry-content'  itemprop=\"text\" >\n\n\n\n\n\n\n\n\n\n\n\n\n\n\n\n<\/div><\/div><footer class=\"entry-footer\"><\/footer><span class='hidden'>\n\t\t\t\t<span class='av-structured-data'  itemprop=\"image\" itemscope=\"itemscope\" itemtype=\"https:\/\/schema.org\/ImageObject\" >\n\t\t\t\t\t\t<span itemprop='url'>https:\/\/imker-aigen.at\/wp-content\/uploads\/2023\/09\/indian-balsam-1571265_1280.jpg<\/span>\n\t\t\t\t\t\t<span itemprop='height'>959<\/span>\n\t\t\t\t\t\t<span itemprop='width'>1280<\/span>\n\t\t\t\t<\/span>\n\t\t\t\t<span class='av-structured-data'  itemprop=\"publisher\" itemtype=\"https:\/\/schema.org\/Organization\" itemscope=\"itemscope\" >\n\t\t\t\t\t\t<span itemprop='name'>Roman Metschina<\/span>\n\t\t\t\t\t\t<span itemprop='logo' itemscope itemtype='https:\/\/schema.org\/ImageObject'>\n\t\t\t\t\t\t\t<span itemprop='url'>https:\/\/imker-aigen.at\/wp-content\/uploads\/2026\/03\/logo_new2-300x73.png<\/span>\n\t\t\t\t\t\t<\/span>\n\t\t\t\t<\/span><span class='av-structured-data'  itemprop=\"author\" itemscope=\"itemscope\" itemtype=\"https:\/\/schema.org\/Person\" ><span itemprop='name'>Roman Metschina<\/span><\/span><span class='av-structured-data'  itemprop=\"datePublished\" datetime=\"2015-05-15T15:09:00+02:00\" >2025-09-15 20:10:12<\/span><span class='av-structured-data'  itemprop=\"dateModified\" itemtype=\"https:\/\/schema.org\/dateModified\" >2026-03-03 11:19:12<\/span><span class='av-structured-data'  itemprop=\"mainEntityOfPage\" itemtype=\"https:\/\/schema.org\/mainEntityOfPage\" ><span itemprop='name'>Die Bedrohung durch gebietsfremde Arten nimmt zu<\/span><\/span><\/span><\/article><article class='slide-entry flex_column  post-entry post-entry-8443 slide-entry-overview slide-loop-3 slide-parity-odd  av_one_third  real-thumbnail posttype-post post-format-standard'  itemscope=\"itemscope\" itemtype=\"https:\/\/schema.org\/CreativeWork\" ><a href='https:\/\/imker-aigen.at\/index.php\/2025\/08\/20\/bienen-richtig-fuettern-nach-der-honigernte\/' data-rel='slide-1' class='slide-image' title='Bienen richtig f\u00fcttern nach der Honigernte'><img decoding=\"async\" fetchpriority=\"high\" width=\"495\" height=\"400\" src=\"https:\/\/imker-aigen.at\/wp-content\/uploads\/2025\/08\/brutnest_1024_768-495x400.jpg\" class=\"wp-image-8505 avia-img-lazy-loading-not-8505 attachment-portfolio size-portfolio wp-post-image\" alt=\"\" srcset=\"https:\/\/imker-aigen.at\/wp-content\/uploads\/2025\/08\/brutnest_1024_768-495x400.jpg 495w, https:\/\/imker-aigen.at\/wp-content\/uploads\/2025\/08\/brutnest_1024_768-845x684.jpg 845w\" sizes=\"(max-width: 495px) 100vw, 495px\" \/><\/a><div class=\"slide-content\"><header class=\"entry-content-header\" aria-label=\"Slide: Bienen richtig f\u00fcttern nach der Honigernte\"><h3 class='slide-entry-title entry-title '  itemprop=\"headline\" ><a href='https:\/\/imker-aigen.at\/index.php\/2025\/08\/20\/bienen-richtig-fuettern-nach-der-honigernte\/' title='Bienen richtig f\u00fcttern nach der Honigernte'>Bienen richtig f\u00fcttern nach der Honigernte<\/a><\/h3><span class=\"av-vertical-delimiter\"><\/span><\/header><div class=\"slide-meta\"><time class='slide-meta-time updated'  itemprop=\"datePublished\" datetime=\"2025-08-20T16:27:03+02:00\" >20. August 2025<\/time><div class=\"slide-meta-del\">\/<\/div><div class=\"slide-meta-comments\"><a href='https:\/\/imker-aigen.at\/index.php\/2025\/08\/20\/bienen-richtig-fuettern-nach-der-honigernte\/#respond'>0 Kommentare<\/a><\/div><\/div><div class='slide-entry-excerpt entry-content'  itemprop=\"text\" >\n\n<\/div><\/div><footer class=\"entry-footer\"><\/footer><span class='hidden'>\n\t\t\t\t<span class='av-structured-data'  itemprop=\"image\" itemscope=\"itemscope\" itemtype=\"https:\/\/schema.org\/ImageObject\" >\n\t\t\t\t\t\t<span itemprop='url'>https:\/\/imker-aigen.at\/wp-content\/uploads\/2025\/08\/brutnest_1024_768.jpg<\/span>\n\t\t\t\t\t\t<span itemprop='height'>768<\/span>\n\t\t\t\t\t\t<span itemprop='width'>1024<\/span>\n\t\t\t\t<\/span>\n\t\t\t\t<span class='av-structured-data'  itemprop=\"publisher\" itemtype=\"https:\/\/schema.org\/Organization\" itemscope=\"itemscope\" >\n\t\t\t\t\t\t<span itemprop='name'>admin<\/span>\n\t\t\t\t\t\t<span itemprop='logo' itemscope itemtype='https:\/\/schema.org\/ImageObject'>\n\t\t\t\t\t\t\t<span itemprop='url'>https:\/\/imker-aigen.at\/wp-content\/uploads\/2026\/03\/logo_new2-300x73.png<\/span>\n\t\t\t\t\t\t<\/span>\n\t\t\t\t<\/span><span class='av-structured-data'  itemprop=\"author\" itemscope=\"itemscope\" itemtype=\"https:\/\/schema.org\/Person\" ><span itemprop='name'>admin<\/span><\/span><span class='av-structured-data'  itemprop=\"datePublished\" datetime=\"2015-05-15T15:09:00+02:00\" >2025-08-20 16:27:03<\/span><span class='av-structured-data'  itemprop=\"dateModified\" itemtype=\"https:\/\/schema.org\/dateModified\" >2025-08-22 10:39:14<\/span><span class='av-structured-data'  itemprop=\"mainEntityOfPage\" itemtype=\"https:\/\/schema.org\/mainEntityOfPage\" ><span itemprop='name'>Bienen richtig f\u00fcttern nach der Honigernte<\/span><\/span><\/span><\/article><\/div><div class=\"slide-entry-wrap\"><article class='slide-entry flex_column  post-entry post-entry-7795 slide-entry-overview slide-loop-4 slide-parity-odd  av_one_third first real-thumbnail posttype-post post-format-standard'  itemscope=\"itemscope\" itemtype=\"https:\/\/schema.org\/CreativeWork\" ><a href='https:\/\/imker-aigen.at\/index.php\/2025\/04\/23\/bienenschwaerme\/' data-rel='slide-1' class='slide-image' title='Bienenschw\u00e4rme &#8211; Ein nat\u00fcrliches Verhalten der Bienen mit diversen Vor- und Nachteilen'><img decoding=\"async\" fetchpriority=\"high\" width=\"495\" height=\"400\" src=\"https:\/\/imker-aigen.at\/wp-content\/uploads\/2022\/08\/bee-swarm-495x400.jpg\" class=\"wp-image-776 avia-img-lazy-loading-not-776 attachment-portfolio size-portfolio wp-post-image\" alt=\"\" \/><\/a><div class=\"slide-content\"><header class=\"entry-content-header\" aria-label=\"Slide: Bienenschw\u00e4rme - Ein nat\u00fcrliches Verhalten der Bienen mit diversen Vor- und Nachteilen\"><h3 class='slide-entry-title entry-title '  itemprop=\"headline\" ><a href='https:\/\/imker-aigen.at\/index.php\/2025\/04\/23\/bienenschwaerme\/' title='Bienenschw\u00e4rme &#8211; Ein nat\u00fcrliches Verhalten der Bienen mit diversen Vor- und Nachteilen'>Bienenschw\u00e4rme &#8211; Ein nat\u00fcrliches Verhalten der Bienen mit diversen Vor- und Nachteilen<\/a><\/h3><span class=\"av-vertical-delimiter\"><\/span><\/header><div class=\"slide-meta\"><time class='slide-meta-time updated'  itemprop=\"datePublished\" datetime=\"2025-04-23T15:36:54+02:00\" >23. April 2025<\/time><div class=\"slide-meta-del\">\/<\/div><div class=\"slide-meta-comments\"><a href='https:\/\/imker-aigen.at\/index.php\/2025\/04\/23\/bienenschwaerme\/#respond'>0 Kommentare<\/a><\/div><\/div><div class='slide-entry-excerpt entry-content'  itemprop=\"text\" >\n\n<\/div><\/div><footer class=\"entry-footer\"><\/footer><span class='hidden'>\n\t\t\t\t<span class='av-structured-data'  itemprop=\"image\" itemscope=\"itemscope\" itemtype=\"https:\/\/schema.org\/ImageObject\" >\n\t\t\t\t\t\t<span itemprop='url'>https:\/\/imker-aigen.at\/wp-content\/uploads\/2022\/08\/bee-swarm.jpg<\/span>\n\t\t\t\t\t\t<span itemprop='height'>868<\/span>\n\t\t\t\t\t\t<span itemprop='width'>716<\/span>\n\t\t\t\t<\/span>\n\t\t\t\t<span class='av-structured-data'  itemprop=\"publisher\" itemtype=\"https:\/\/schema.org\/Organization\" itemscope=\"itemscope\" >\n\t\t\t\t\t\t<span itemprop='name'>admin<\/span>\n\t\t\t\t\t\t<span itemprop='logo' itemscope itemtype='https:\/\/schema.org\/ImageObject'>\n\t\t\t\t\t\t\t<span itemprop='url'>https:\/\/imker-aigen.at\/wp-content\/uploads\/2026\/03\/logo_new2-300x73.png<\/span>\n\t\t\t\t\t\t<\/span>\n\t\t\t\t<\/span><span class='av-structured-data'  itemprop=\"author\" itemscope=\"itemscope\" itemtype=\"https:\/\/schema.org\/Person\" ><span itemprop='name'>admin<\/span><\/span><span class='av-structured-data'  itemprop=\"datePublished\" datetime=\"2015-05-15T15:09:00+02:00\" >2025-04-23 15:36:54<\/span><span class='av-structured-data'  itemprop=\"dateModified\" itemtype=\"https:\/\/schema.org\/dateModified\" >2025-04-24 13:21:51<\/span><span class='av-structured-data'  itemprop=\"mainEntityOfPage\" itemtype=\"https:\/\/schema.org\/mainEntityOfPage\" ><span itemprop='name'>Bienenschw\u00e4rme &#8211; Ein nat\u00fcrliches Verhalten der Bienen mit diversen Vor- und Nachteilen<\/span><\/span><\/span><\/article><article class='slide-entry flex_column  post-entry post-entry-3070 slide-entry-overview slide-loop-5 slide-parity-even  av_one_third  real-thumbnail posttype-post post-format-standard'  itemscope=\"itemscope\" itemtype=\"https:\/\/schema.org\/CreativeWork\" ><a href='https:\/\/imker-aigen.at\/index.php\/2024\/11\/01\/exotische-bienenschaedlinge\/' data-rel='slide-1' class='slide-image' title='Exotische Bienensch\u00e4dlinge'><img decoding=\"async\" fetchpriority=\"high\" width=\"495\" height=\"400\" src=\"https:\/\/imker-aigen.at\/wp-content\/uploads\/2022\/10\/vespa_velutina3-495x400.jpg\" class=\"wp-image-1681 avia-img-lazy-loading-not-1681 attachment-portfolio size-portfolio wp-post-image\" alt=\"Vespa Velutina\" \/><\/a><div class=\"slide-content\"><header class=\"entry-content-header\" aria-label=\"Slide: Exotische Bienensch\u00e4dlinge\"><h3 class='slide-entry-title entry-title '  itemprop=\"headline\" ><a href='https:\/\/imker-aigen.at\/index.php\/2024\/11\/01\/exotische-bienenschaedlinge\/' title='Exotische Bienensch\u00e4dlinge'>Exotische Bienensch\u00e4dlinge<\/a><\/h3><span class=\"av-vertical-delimiter\"><\/span><\/header><div class=\"slide-meta\"><time class='slide-meta-time updated'  itemprop=\"datePublished\" datetime=\"2024-11-01T10:05:47+01:00\" >1. November 2024<\/time><div class=\"slide-meta-del\">\/<\/div><div class=\"slide-meta-comments\"><a href='https:\/\/imker-aigen.at\/index.php\/2024\/11\/01\/exotische-bienenschaedlinge\/#respond'>0 Kommentare<\/a><\/div><\/div><div class='slide-entry-excerpt entry-content'  itemprop=\"text\" >\n\n<\/div><\/div><footer class=\"entry-footer\"><\/footer><span class='hidden'>\n\t\t\t\t<span class='av-structured-data'  itemprop=\"image\" itemscope=\"itemscope\" itemtype=\"https:\/\/schema.org\/ImageObject\" >\n\t\t\t\t\t\t<span itemprop='url'>https:\/\/imker-aigen.at\/wp-content\/uploads\/2022\/10\/vespa_velutina3.jpg<\/span>\n\t\t\t\t\t\t<span itemprop='height'>448<\/span>\n\t\t\t\t\t\t<span itemprop='width'>745<\/span>\n\t\t\t\t<\/span>\n\t\t\t\t<span class='av-structured-data'  itemprop=\"publisher\" itemtype=\"https:\/\/schema.org\/Organization\" itemscope=\"itemscope\" >\n\t\t\t\t\t\t<span itemprop='name'>admin<\/span>\n\t\t\t\t\t\t<span itemprop='logo' itemscope itemtype='https:\/\/schema.org\/ImageObject'>\n\t\t\t\t\t\t\t<span itemprop='url'>https:\/\/imker-aigen.at\/wp-content\/uploads\/2026\/03\/logo_new2-300x73.png<\/span>\n\t\t\t\t\t\t<\/span>\n\t\t\t\t<\/span><span class='av-structured-data'  itemprop=\"author\" itemscope=\"itemscope\" itemtype=\"https:\/\/schema.org\/Person\" ><span itemprop='name'>admin<\/span><\/span><span class='av-structured-data'  itemprop=\"datePublished\" datetime=\"2015-05-15T15:09:00+02:00\" >2024-11-01 10:05:47<\/span><span class='av-structured-data'  itemprop=\"dateModified\" itemtype=\"https:\/\/schema.org\/dateModified\" >2024-11-01 10:12:49<\/span><span class='av-structured-data'  itemprop=\"mainEntityOfPage\" itemtype=\"https:\/\/schema.org\/mainEntityOfPage\" ><span itemprop='name'>Exotische Bienensch\u00e4dlinge<\/span><\/span><\/span><\/article><article class='slide-entry flex_column  post-entry post-entry-4701 slide-entry-overview slide-loop-6 slide-parity-odd  post-entry-last  av_one_third  real-thumbnail posttype-post post-format-standard'  itemscope=\"itemscope\" itemtype=\"https:\/\/schema.org\/CreativeWork\" ><a href='https:\/\/imker-aigen.at\/index.php\/2024\/10\/30\/die-oxalsaeure-sublimation-im-detail\/' data-rel='slide-1' class='slide-image' title='Die Oxals\u00e4ure-Sublimation im Detail'><img decoding=\"async\" fetchpriority=\"high\" width=\"495\" height=\"400\" src=\"https:\/\/imker-aigen.at\/wp-content\/uploads\/2023\/11\/dust_768_768-495x400.png\" class=\"wp-image-4690 avia-img-lazy-loading-not-4690 attachment-portfolio size-portfolio wp-post-image\" alt=\"\" \/><\/a><div class=\"slide-content\"><header class=\"entry-content-header\" aria-label=\"Slide: Die Oxals\u00e4ure-Sublimation im Detail\"><h3 class='slide-entry-title entry-title '  itemprop=\"headline\" ><a href='https:\/\/imker-aigen.at\/index.php\/2024\/10\/30\/die-oxalsaeure-sublimation-im-detail\/' title='Die Oxals\u00e4ure-Sublimation im Detail'>Die Oxals\u00e4ure-Sublimation im Detail<\/a><\/h3><span class=\"av-vertical-delimiter\"><\/span><\/header><div class=\"slide-meta\"><time class='slide-meta-time updated'  itemprop=\"datePublished\" datetime=\"2024-10-30T08:45:59+01:00\" >30. Oktober 2024<\/time><div class=\"slide-meta-del\">\/<\/div><div class=\"slide-meta-comments\"><a href='https:\/\/imker-aigen.at\/index.php\/2024\/10\/30\/die-oxalsaeure-sublimation-im-detail\/#comments'>4 Kommentare<\/a><\/div><\/div><div class='slide-entry-excerpt entry-content'  itemprop=\"text\" >\n\n<\/div><\/div><footer class=\"entry-footer\"><\/footer><span class='hidden'>\n\t\t\t\t<span class='av-structured-data'  itemprop=\"image\" itemscope=\"itemscope\" itemtype=\"https:\/\/schema.org\/ImageObject\" >\n\t\t\t\t\t\t<span itemprop='url'>https:\/\/imker-aigen.at\/wp-content\/uploads\/2023\/11\/dust_768_768.png<\/span>\n\t\t\t\t\t\t<span itemprop='height'>768<\/span>\n\t\t\t\t\t\t<span itemprop='width'>768<\/span>\n\t\t\t\t<\/span>\n\t\t\t\t<span class='av-structured-data'  itemprop=\"publisher\" itemtype=\"https:\/\/schema.org\/Organization\" itemscope=\"itemscope\" >\n\t\t\t\t\t\t<span itemprop='name'>admin<\/span>\n\t\t\t\t\t\t<span itemprop='logo' itemscope itemtype='https:\/\/schema.org\/ImageObject'>\n\t\t\t\t\t\t\t<span itemprop='url'>https:\/\/imker-aigen.at\/wp-content\/uploads\/2026\/03\/logo_new2-300x73.png<\/span>\n\t\t\t\t\t\t<\/span>\n\t\t\t\t<\/span><span class='av-structured-data'  itemprop=\"author\" itemscope=\"itemscope\" itemtype=\"https:\/\/schema.org\/Person\" ><span itemprop='name'>admin<\/span><\/span><span class='av-structured-data'  itemprop=\"datePublished\" datetime=\"2015-05-15T15:09:00+02:00\" >2024-10-30 08:45:59<\/span><span class='av-structured-data'  itemprop=\"dateModified\" itemtype=\"https:\/\/schema.org\/dateModified\" >2024-10-30 09:53:37<\/span><span class='av-structured-data'  itemprop=\"mainEntityOfPage\" itemtype=\"https:\/\/schema.org\/mainEntityOfPage\" ><span itemprop='name'>Die Oxals\u00e4ure-Sublimation im Detail<\/span><\/span><\/span><\/article><\/div><\/div><div class='pagination-wrap pagination-slider'><nav class='pagination'><span class='pagination-meta'>Seite 1 von 3<\/span><span class='current'>1<\/span><a href='https:\/\/imker-aigen.at\/index.php\/wp-json\/wp\/v2\/pages\/17\/?avia-element-paging=2' class='inactive next_page' >2<\/a><a href='https:\/\/imker-aigen.at\/index.php\/wp-json\/wp\/v2\/pages\/17\/?avia-element-paging=3' class='inactive' >3<\/a><\/nav>\n<\/div><\/div><\/p><\/div>\n<\/div><\/div><\/div><!-- close content main div --><\/div><\/div><div id='after_section_2'  class='main_color av_default_container_wrap container_wrap sidebar_right'  ><div class='container av-section-cont-open' ><div class='template-page content  av-content-small alpha units'><div class='post-entry post-entry-type-page post-entry-17'><div class='entry-content-wrapper clearfix'>\n","protected":false},"excerpt":{"rendered":"","protected":false},"author":1,"featured_media":0,"parent":0,"menu_order":0,"comment_status":"open","ping_status":"closed","template":"","meta":{"footnotes":""},"class_list":["post-17","page","type-page","status-publish","hentry"],"yoast_head":"<!-- This site is optimized with the Yoast SEO plugin v27.4 - https:\/\/yoast.com\/product\/yoast-seo-wordpress\/ -->\n<title>Imker Ortsgruppe Salzburg Aigen - Bienen Wissen<\/title>\n<meta name=\"description\" content=\"Wichtiges Wissen rund um unsere Bienen und die Imkerei gesammelt und aufbereitet von Mitgliedern der Imker Ortsgruppe Salzburg Aigen.\" \/>\n<meta name=\"robots\" content=\"index, follow, max-snippet:-1, max-image-preview:large, max-video-preview:-1\" \/>\n<link rel=\"canonical\" href=\"https:\/\/imker-aigen.at\/index.php\/knowledge\/\" \/>\n<meta property=\"og:locale\" content=\"de_DE\" \/>\n<meta property=\"og:type\" content=\"article\" \/>\n<meta property=\"og:title\" content=\"Imker Ortsgruppe Salzburg Aigen - Bienen Wissen\" \/>\n<meta property=\"og:description\" content=\"Wichtiges Wissen rund um unsere Bienen und die Imkerei gesammelt und aufbereitet von Mitgliedern der Imker Ortsgruppe Salzburg Aigen.\" \/>\n<meta property=\"og:url\" content=\"https:\/\/imker-aigen.at\/index.php\/knowledge\/\" \/>\n<meta property=\"og:site_name\" content=\"Imker Ortsgruppe Salzburg Aigen\" \/>\n<meta property=\"article:modified_time\" content=\"2025-08-26T13:14:33+00:00\" \/>\n<meta name=\"twitter:card\" content=\"summary_large_image\" \/>\n<meta name=\"twitter:label1\" content=\"Gesch\u00e4tzte Lesezeit\" \/>\n\t<meta name=\"twitter:data1\" content=\"3\u00a0Minuten\" \/>\n<script type=\"application\/ld+json\" class=\"yoast-schema-graph\">{\"@context\":\"https:\\\/\\\/schema.org\",\"@graph\":[{\"@type\":\"WebPage\",\"@id\":\"https:\\\/\\\/imker-aigen.at\\\/index.php\\\/knowledge\\\/\",\"url\":\"https:\\\/\\\/imker-aigen.at\\\/index.php\\\/knowledge\\\/\",\"name\":\"Imker Ortsgruppe Salzburg Aigen - Bienen Wissen\",\"isPartOf\":{\"@id\":\"https:\\\/\\\/imker-aigen.at\\\/#website\"},\"datePublished\":\"2015-05-15T15:09:00+00:00\",\"dateModified\":\"2025-08-26T13:14:33+00:00\",\"description\":\"Wichtiges Wissen rund um unsere Bienen und die Imkerei gesammelt und aufbereitet von Mitgliedern der Imker Ortsgruppe Salzburg Aigen.\",\"breadcrumb\":{\"@id\":\"https:\\\/\\\/imker-aigen.at\\\/index.php\\\/knowledge\\\/#breadcrumb\"},\"inLanguage\":\"de\",\"potentialAction\":[{\"@type\":\"ReadAction\",\"target\":[\"https:\\\/\\\/imker-aigen.at\\\/index.php\\\/knowledge\\\/\"]}]},{\"@type\":\"BreadcrumbList\",\"@id\":\"https:\\\/\\\/imker-aigen.at\\\/index.php\\\/knowledge\\\/#breadcrumb\",\"itemListElement\":[{\"@type\":\"ListItem\",\"position\":1,\"name\":\"Startseite\",\"item\":\"https:\\\/\\\/imker-aigen.at\\\/index.php\\\/home\\\/\"},{\"@type\":\"ListItem\",\"position\":2,\"name\":\"Bienen-Wissen\"}]},{\"@type\":\"WebSite\",\"@id\":\"https:\\\/\\\/imker-aigen.at\\\/#website\",\"url\":\"https:\\\/\\\/imker-aigen.at\\\/\",\"name\":\"Imker Ortsgruppe Salzburg Aigen\",\"description\":\"Homepage der Imker-Ortsgruppe Salzburg Aigen\",\"publisher\":{\"@id\":\"https:\\\/\\\/imker-aigen.at\\\/#organization\"},\"potentialAction\":[{\"@type\":\"SearchAction\",\"target\":{\"@type\":\"EntryPoint\",\"urlTemplate\":\"https:\\\/\\\/imker-aigen.at\\\/?s={search_term_string}\"},\"query-input\":{\"@type\":\"PropertyValueSpecification\",\"valueRequired\":true,\"valueName\":\"search_term_string\"}}],\"inLanguage\":\"de\"},{\"@type\":\"Organization\",\"@id\":\"https:\\\/\\\/imker-aigen.at\\\/#organization\",\"name\":\"Imker Ortsgruppe Salzburg Aigen\",\"url\":\"https:\\\/\\\/imker-aigen.at\\\/\",\"logo\":{\"@type\":\"ImageObject\",\"inLanguage\":\"de\",\"@id\":\"https:\\\/\\\/imker-aigen.at\\\/#\\\/schema\\\/logo\\\/image\\\/\",\"url\":\"https:\\\/\\\/imker-aigen.at\\\/wp-content\\\/uploads\\\/2022\\\/08\\\/logo-1.png\",\"contentUrl\":\"https:\\\/\\\/imker-aigen.at\\\/wp-content\\\/uploads\\\/2022\\\/08\\\/logo-1.png\",\"width\":392,\"height\":156,\"caption\":\"Imker Ortsgruppe Salzburg Aigen\"},\"image\":{\"@id\":\"https:\\\/\\\/imker-aigen.at\\\/#\\\/schema\\\/logo\\\/image\\\/\"}}]}<\/script>\n<!-- \/ Yoast SEO plugin. -->","yoast_head_json":{"title":"Imker Ortsgruppe Salzburg Aigen - Bienen Wissen","description":"Wichtiges Wissen rund um unsere Bienen und die Imkerei gesammelt und aufbereitet von Mitgliedern der Imker Ortsgruppe Salzburg Aigen.","robots":{"index":"index","follow":"follow","max-snippet":"max-snippet:-1","max-image-preview":"max-image-preview:large","max-video-preview":"max-video-preview:-1"},"canonical":"https:\/\/imker-aigen.at\/index.php\/knowledge\/","og_locale":"de_DE","og_type":"article","og_title":"Imker Ortsgruppe Salzburg Aigen - Bienen Wissen","og_description":"Wichtiges Wissen rund um unsere Bienen und die Imkerei gesammelt und aufbereitet von Mitgliedern der Imker Ortsgruppe Salzburg Aigen.","og_url":"https:\/\/imker-aigen.at\/index.php\/knowledge\/","og_site_name":"Imker Ortsgruppe Salzburg Aigen","article_modified_time":"2025-08-26T13:14:33+00:00","twitter_card":"summary_large_image","twitter_misc":{"Gesch\u00e4tzte Lesezeit":"3\u00a0Minuten"},"schema":{"@context":"https:\/\/schema.org","@graph":[{"@type":"WebPage","@id":"https:\/\/imker-aigen.at\/index.php\/knowledge\/","url":"https:\/\/imker-aigen.at\/index.php\/knowledge\/","name":"Imker Ortsgruppe Salzburg Aigen - Bienen Wissen","isPartOf":{"@id":"https:\/\/imker-aigen.at\/#website"},"datePublished":"2015-05-15T15:09:00+00:00","dateModified":"2025-08-26T13:14:33+00:00","description":"Wichtiges Wissen rund um unsere Bienen und die Imkerei gesammelt und aufbereitet von Mitgliedern der Imker Ortsgruppe Salzburg Aigen.","breadcrumb":{"@id":"https:\/\/imker-aigen.at\/index.php\/knowledge\/#breadcrumb"},"inLanguage":"de","potentialAction":[{"@type":"ReadAction","target":["https:\/\/imker-aigen.at\/index.php\/knowledge\/"]}]},{"@type":"BreadcrumbList","@id":"https:\/\/imker-aigen.at\/index.php\/knowledge\/#breadcrumb","itemListElement":[{"@type":"ListItem","position":1,"name":"Startseite","item":"https:\/\/imker-aigen.at\/index.php\/home\/"},{"@type":"ListItem","position":2,"name":"Bienen-Wissen"}]},{"@type":"WebSite","@id":"https:\/\/imker-aigen.at\/#website","url":"https:\/\/imker-aigen.at\/","name":"Imker Ortsgruppe Salzburg Aigen","description":"Homepage der Imker-Ortsgruppe Salzburg Aigen","publisher":{"@id":"https:\/\/imker-aigen.at\/#organization"},"potentialAction":[{"@type":"SearchAction","target":{"@type":"EntryPoint","urlTemplate":"https:\/\/imker-aigen.at\/?s={search_term_string}"},"query-input":{"@type":"PropertyValueSpecification","valueRequired":true,"valueName":"search_term_string"}}],"inLanguage":"de"},{"@type":"Organization","@id":"https:\/\/imker-aigen.at\/#organization","name":"Imker Ortsgruppe Salzburg Aigen","url":"https:\/\/imker-aigen.at\/","logo":{"@type":"ImageObject","inLanguage":"de","@id":"https:\/\/imker-aigen.at\/#\/schema\/logo\/image\/","url":"https:\/\/imker-aigen.at\/wp-content\/uploads\/2022\/08\/logo-1.png","contentUrl":"https:\/\/imker-aigen.at\/wp-content\/uploads\/2022\/08\/logo-1.png","width":392,"height":156,"caption":"Imker Ortsgruppe Salzburg Aigen"},"image":{"@id":"https:\/\/imker-aigen.at\/#\/schema\/logo\/image\/"}}]}},"_links":{"self":[{"href":"https:\/\/imker-aigen.at\/index.php\/wp-json\/wp\/v2\/pages\/17","targetHints":{"allow":["GET"]}}],"collection":[{"href":"https:\/\/imker-aigen.at\/index.php\/wp-json\/wp\/v2\/pages"}],"about":[{"href":"https:\/\/imker-aigen.at\/index.php\/wp-json\/wp\/v2\/types\/page"}],"author":[{"embeddable":true,"href":"https:\/\/imker-aigen.at\/index.php\/wp-json\/wp\/v2\/users\/1"}],"replies":[{"embeddable":true,"href":"https:\/\/imker-aigen.at\/index.php\/wp-json\/wp\/v2\/comments?post=17"}],"version-history":[{"count":24,"href":"https:\/\/imker-aigen.at\/index.php\/wp-json\/wp\/v2\/pages\/17\/revisions"}],"predecessor-version":[{"id":4438,"href":"https:\/\/imker-aigen.at\/index.php\/wp-json\/wp\/v2\/pages\/17\/revisions\/4438"}],"wp:attachment":[{"href":"https:\/\/imker-aigen.at\/index.php\/wp-json\/wp\/v2\/media?parent=17"}],"curies":[{"name":"wp","href":"https:\/\/api.w.org\/{rel}","templated":true}]}}