{"id":2578,"date":"2023-01-07T15:30:06","date_gmt":"2023-01-07T14:30:06","guid":{"rendered":"https:\/\/imker-aigen.at\/?page_id=2578"},"modified":"2023-03-22T11:12:12","modified_gmt":"2023-03-22T10:12:12","slug":"monatsbetrachtung-jaenner","status":"publish","type":"page","link":"https:\/\/imker-aigen.at\/index.php\/monatsbetrachtung-jaenner\/","title":{"rendered":"Monatsbetrachtung J\u00e4nner"},"content":{"rendered":"<div  class='flex_column av-6jszua-c92c06a329e5a407a960c5262fc49dd8 av_one_full  avia-builder-el-0  avia-builder-el-no-sibling  first flex_column_div  '     ><p>\n<style type=\"text\/css\" data-created_by=\"avia_inline_auto\" id=\"style-css-av-lcm1lt1f-37a861a10ae8010997d190e16eb716fd\">\n#top .av-special-heading.av-lcm1lt1f-37a861a10ae8010997d190e16eb716fd{\npadding-bottom:10px;\n}\nbody .av-special-heading.av-lcm1lt1f-37a861a10ae8010997d190e16eb716fd .av-special-heading-tag .heading-char{\nfont-size:25px;\n}\n.av-special-heading.av-lcm1lt1f-37a861a10ae8010997d190e16eb716fd .av-subheading{\nfont-size:15px;\n}\n<\/style>\n<div  class='av-special-heading av-lcm1lt1f-37a861a10ae8010997d190e16eb716fd av-special-heading-h3 blockquote modern-quote modern-centered  avia-builder-el-1  el_before_av_textblock  avia-builder-el-first '><h3 class='av-special-heading-tag '  itemprop=\"headline\"  >Monatsbetrachtung J\u00e4nner<\/h3><div class=\"special-heading-border\"><div class=\"special-heading-inner-border\"><\/div><\/div><\/div><br \/>\n<section  class='av_textblock_section av-lcm2vjev-b7037584325ffc39f50bb8cf197c6a71 '   itemscope=\"itemscope\" itemtype=\"https:\/\/schema.org\/CreativeWork\" ><div class='avia_textblock'  itemprop=\"text\" ><p>Autoren: Robert Hertscheg, Bernd Meierhofer<\/p>\n<h2>J\u00e4nner 2023 in Salzburg:<\/h2>\n<p>Aufgrund der derzeit milden \u201eWintertemperatur\u201c bl\u00fcht heuer in unserer Gegend (Salzburg Stadt und Umgebung) bereits die Erle und die Hasel (an thermisch g\u00fcnstigen Standorten). Polleneintrag um Neujahr (in etwa 850 m Seeh\u00f6he, Gaisberg) konnte erst einmal im Jahre 2000 (3. J\u00e4nner) beobachtet werden. Heuer wurde dieses fr\u00fche Datum jedoch getoppt. Dieses Jahr konnte der erste Polleneintrag bereits vor Neujahr am Flugloch beobachtet werden.<\/p>\n<p>Begonnen hat der J\u00e4nner 2023 ja sogar mit einem Temperaturrekord: 19,7 Grad Celsius. Es war der w\u00e4rmste Neujahrstag der Messgeschichte. Es gilt nun abzuwarten, wie sich diese Wetterextreme auf die Natur und unsere Bienen auswirken werden.<\/p>\n<h2>Monatsbetrachtung<\/h2>\n<p>Eigentlich w\u00e4re jetzt die Zeit der Winterruhe, in der die Vegetation, unsere Bienen und auch wir selbst etwas zur Ruhe kommen sollten. Wir sollten versuchen unseren Bienen diese Ruhe bestm\u00f6glich zu erhalten. Bei Temperaturen \u00fcber 10 Grad Celsius werden die Bienen ihre ersten Reinigungsfl\u00fcge unternehmen. Aufgrund der langen W\u00e4rmephase finden die Bienen auch schon jetzt den ersten Pollen. Dies sollte uns aber nicht verleiten, vorzeitig und grundlos die Beuten zu \u00f6ffnen.\u00a0 H\u00e4tte es jetzt kalte Temperaturen und ein paar Zentimeter Schnee, w\u00fcrden wir die Beuten ja auch nicht \u00f6ffnen.<\/p>\n<p>Somit ist neben einer Sichtkontrolle der St\u00f6cke (Specht- oder M\u00e4usesch\u00e4den, Flugl\u00f6cher von toten Bienen befreien) und &#8211; sofern vorhanden &#8211; der Windeln im J\u00e4nner eigentlich nichts mehr an den St\u00f6cken zu tun. Wer Windeln in den St\u00f6cken eingeschoben hat, sollte diese vorsichtig herausziehen, reinigen und vorsichtig wieder einschieben. Ersch\u00fctterungen k\u00f6nnten bei kalten Temperaturen dazu f\u00fchren, dass die Bienen aus der Wintertraube fallen und nicht mehr zu ihr zur\u00fcckkommen k\u00f6nnen. Au\u00dferdem w\u00fcrden die Bienen aufbrausen und damit unn\u00f6tig Energie bzw. Futter verbrauchen.<\/p>\n<p>Bei warmen Temperaturen werden die Bienen sich das Futter auch von Stellen im Stock holen, welche entfernt von der Wintertraube liegen. \u00dcber die Futtervorr\u00e4te brauchen wir uns aber trotzdem noch keine Sorgen machen, falls bis Ende September ein ausreichender Futtervorrat (25 kg\/Volk) eingef\u00fcttert wurde (siehe <a href=\"https:\/\/imker-aigen.at\/index.php\/monatsbetrachtung-september\/\">Monatsbetrachtung September<\/a>). Diese Futtermenge sollte ja eigentlich bis April reichen.<\/p>\n<p>Wie aber auch in der <a href=\"https:\/\/imker-aigen.at\/index.php\/monatsbetrachtung-dezember\/\">Monatsbetrachtung Dezember<\/a> bereits beschrieben, k\u00f6nnen die kalten Tage gut f\u00fcr die Planung und Vorbereitung der kommenden Bienensaison genutzt werden. Wer noch Zubeh\u00f6r (Beuten, Mittelw\u00e4nde, Kleinger\u00e4te, Futter- und Behandlungsmittel etc.) ben\u00f6tigt, sollte dieses jetzt bestellen, damit dieses dann auch zum ben\u00f6tigten Zeitpunkt vorr\u00e4tig ist.<\/p>\n<\/div><\/section><br \/>\n<div  class='av-social-sharing-box av-40h3n6-441ebd8e3b0dfdb932d919e6b5ef60ea av-social-sharing-box-default  avia-builder-el-3  el_after_av_textblock  el_before_av_comments_list  av-social-sharing-box-fullwidth'><div class=\"av-share-box\"><h5 class='av-share-link-description av-no-toc '>Eintrag teilen<\/h5><ul class=\"av-share-box-list noLightbox\"><li class='av-share-link av-social-link-facebook avia_social_iconfont' ><a target=\"_blank\" aria-label=\"Teilen auf Facebook\" href='https:\/\/www.facebook.com\/sharer.php?u=https:\/\/imker-aigen.at\/index.php\/monatsbetrachtung-jaenner\/&#038;t=Monatsbetrachtung%20J%C3%A4nner' data-av_icon='\ue8f3' data-av_iconfont='entypo-fontello'  title='' data-avia-related-tooltip='Teilen auf Facebook'><span class='avia_hidden_link_text'>Teilen auf Facebook<\/span><\/a><\/li><li class='av-share-link av-social-link-twitter avia_social_iconfont' ><a target=\"_blank\" aria-label=\"Teilen auf X\" href='https:\/\/twitter.com\/share?text=Monatsbetrachtung%20J%C3%A4nner&#038;url=https:\/\/imker-aigen.at\/?p=2578' data-av_icon='\ue932' data-av_iconfont='entypo-fontello'  title='' data-avia-related-tooltip='Teilen auf X'><span class='avia_hidden_link_text'>Teilen auf X<\/span><\/a><\/li><li class='av-share-link av-social-link-whatsapp avia_social_iconfont' ><a target=\"_blank\" aria-label=\"Teilen auf WhatsApp\" href='https:\/\/api.whatsapp.com\/send?text=https:\/\/imker-aigen.at\/index.php\/monatsbetrachtung-jaenner\/' data-av_icon='\uf232' data-av_iconfont='entypo-fontello'  title='' data-avia-related-tooltip='Teilen auf WhatsApp'><span class='avia_hidden_link_text'>Teilen auf WhatsApp<\/span><\/a><\/li><li class='av-share-link av-social-link-pinterest avia_social_iconfont' ><a target=\"_blank\" aria-label=\"Teilen auf Pinterest\" href='https:\/\/pinterest.com\/pin\/create\/button\/?url=https%3A%2F%2Fimker-aigen.at%2Findex.php%2Fmonatsbetrachtung-jaenner%2F&#038;description=Monatsbetrachtung%20J%C3%A4nner&#038;media=' data-av_icon='\ue8f8' data-av_iconfont='entypo-fontello'  title='' data-avia-related-tooltip='Teilen auf Pinterest'><span class='avia_hidden_link_text'>Teilen auf Pinterest<\/span><\/a><\/li><li class='av-share-link av-social-link-linkedin avia_social_iconfont' ><a target=\"_blank\" aria-label=\"Teilen auf LinkedIn\" href='https:\/\/linkedin.com\/shareArticle?mini=true&#038;title=Monatsbetrachtung%20J%C3%A4nner&#038;url=https:\/\/imker-aigen.at\/index.php\/monatsbetrachtung-jaenner\/' data-av_icon='\ue8fc' data-av_iconfont='entypo-fontello'  title='' data-avia-related-tooltip='Teilen auf LinkedIn'><span class='avia_hidden_link_text'>Teilen auf LinkedIn<\/span><\/a><\/li><li class='av-share-link av-social-link-reddit avia_social_iconfont' ><a target=\"_blank\" aria-label=\"Teilen auf Reddit\" href='https:\/\/reddit.com\/submit?url=https:\/\/imker-aigen.at\/index.php\/monatsbetrachtung-jaenner\/&#038;title=Monatsbetrachtung%20J%C3%A4nner' data-av_icon='\ue927' data-av_iconfont='entypo-fontello'  title='' data-avia-related-tooltip='Teilen auf Reddit'><span class='avia_hidden_link_text'>Teilen auf Reddit<\/span><\/a><\/li><li class='av-share-link av-social-link-mail avia_social_iconfont' ><a  aria-label=\"Per E-Mail teilen\" href='mailto:?subject=Monatsbetrachtung%20J%C3%A4nner&#038;body=https:\/\/imker-aigen.at\/index.php\/monatsbetrachtung-jaenner\/' data-av_icon='\ue805' data-av_iconfont='entypo-fontello'  title='' data-avia-related-tooltip='Per E-Mail teilen'><span class='avia_hidden_link_text'>Per E-Mail teilen<\/span><\/a><\/li><\/ul><\/div><\/div><br \/>\n<div  class='av-buildercomment av-332olu-23d98550283375786b2add8eaf98b75b'><\/div><\/p><\/div>\n","protected":false},"excerpt":{"rendered":"","protected":false},"author":1,"featured_media":0,"parent":0,"menu_order":0,"comment_status":"open","ping_status":"closed","template":"","meta":{"footnotes":""},"class_list":["post-2578","page","type-page","status-publish","hentry"],"yoast_head":"<!-- This site is optimized with the Yoast SEO plugin v27.5 - https:\/\/yoast.com\/product\/yoast-seo-wordpress\/ -->\n<title>Monatsbetrachtung J\u00e4nner - Imker Ortsgruppe Salzburg Aigen<\/title>\n<meta name=\"description\" content=\"Monatsbetrachtung der Imker Ortsgruppe Salzburg Aigen f\u00fcr den Monat J\u00e4nner. Es gibt bereits den ersten Bl\u00fctenpollen\" \/>\n<meta name=\"robots\" content=\"index, follow, max-snippet:-1, max-image-preview:large, max-video-preview:-1\" \/>\n<link rel=\"canonical\" href=\"https:\/\/imker-aigen.at\/index.php\/monatsbetrachtung-jaenner\/\" \/>\n<meta property=\"og:locale\" content=\"de_DE\" \/>\n<meta property=\"og:type\" content=\"article\" \/>\n<meta property=\"og:title\" content=\"Monatsbetrachtung J\u00e4nner - Imker Ortsgruppe Salzburg Aigen\" \/>\n<meta property=\"og:description\" content=\"Monatsbetrachtung der Imker Ortsgruppe Salzburg Aigen f\u00fcr den Monat J\u00e4nner. Es gibt bereits den ersten Bl\u00fctenpollen\" \/>\n<meta property=\"og:url\" content=\"https:\/\/imker-aigen.at\/index.php\/monatsbetrachtung-jaenner\/\" \/>\n<meta property=\"og:site_name\" content=\"Imker Ortsgruppe Salzburg Aigen\" \/>\n<meta property=\"article:modified_time\" content=\"2023-03-22T10:12:12+00:00\" \/>\n<meta name=\"twitter:card\" content=\"summary_large_image\" \/>\n<meta name=\"twitter:label1\" content=\"Gesch\u00e4tzte Lesezeit\" \/>\n\t<meta name=\"twitter:data1\" content=\"4\u00a0Minuten\" \/>\n<script type=\"application\/ld+json\" class=\"yoast-schema-graph\">{\"@context\":\"https:\\\/\\\/schema.org\",\"@graph\":[{\"@type\":\"WebPage\",\"@id\":\"https:\\\/\\\/imker-aigen.at\\\/index.php\\\/monatsbetrachtung-jaenner\\\/\",\"url\":\"https:\\\/\\\/imker-aigen.at\\\/index.php\\\/monatsbetrachtung-jaenner\\\/\",\"name\":\"Monatsbetrachtung J\u00e4nner - Imker Ortsgruppe Salzburg Aigen\",\"isPartOf\":{\"@id\":\"https:\\\/\\\/imker-aigen.at\\\/#website\"},\"datePublished\":\"2023-01-07T14:30:06+00:00\",\"dateModified\":\"2023-03-22T10:12:12+00:00\",\"description\":\"Monatsbetrachtung der Imker Ortsgruppe Salzburg Aigen f\u00fcr den Monat J\u00e4nner. Es gibt bereits den ersten Bl\u00fctenpollen\",\"breadcrumb\":{\"@id\":\"https:\\\/\\\/imker-aigen.at\\\/index.php\\\/monatsbetrachtung-jaenner\\\/#breadcrumb\"},\"inLanguage\":\"de\",\"potentialAction\":[{\"@type\":\"ReadAction\",\"target\":[\"https:\\\/\\\/imker-aigen.at\\\/index.php\\\/monatsbetrachtung-jaenner\\\/\"]}]},{\"@type\":\"BreadcrumbList\",\"@id\":\"https:\\\/\\\/imker-aigen.at\\\/index.php\\\/monatsbetrachtung-jaenner\\\/#breadcrumb\",\"itemListElement\":[{\"@type\":\"ListItem\",\"position\":1,\"name\":\"Startseite\",\"item\":\"https:\\\/\\\/imker-aigen.at\\\/index.php\\\/home\\\/\"},{\"@type\":\"ListItem\",\"position\":2,\"name\":\"Monatsbetrachtung J\u00e4nner\"}]},{\"@type\":\"WebSite\",\"@id\":\"https:\\\/\\\/imker-aigen.at\\\/#website\",\"url\":\"https:\\\/\\\/imker-aigen.at\\\/\",\"name\":\"Imker Ortsgruppe Salzburg Aigen\",\"description\":\"Homepage der Imker-Ortsgruppe Salzburg Aigen\",\"publisher\":{\"@id\":\"https:\\\/\\\/imker-aigen.at\\\/#organization\"},\"potentialAction\":[{\"@type\":\"SearchAction\",\"target\":{\"@type\":\"EntryPoint\",\"urlTemplate\":\"https:\\\/\\\/imker-aigen.at\\\/?s={search_term_string}\"},\"query-input\":{\"@type\":\"PropertyValueSpecification\",\"valueRequired\":true,\"valueName\":\"search_term_string\"}}],\"inLanguage\":\"de\"},{\"@type\":\"Organization\",\"@id\":\"https:\\\/\\\/imker-aigen.at\\\/#organization\",\"name\":\"Imker Ortsgruppe Salzburg Aigen\",\"url\":\"https:\\\/\\\/imker-aigen.at\\\/\",\"logo\":{\"@type\":\"ImageObject\",\"inLanguage\":\"de\",\"@id\":\"https:\\\/\\\/imker-aigen.at\\\/#\\\/schema\\\/logo\\\/image\\\/\",\"url\":\"https:\\\/\\\/imker-aigen.at\\\/wp-content\\\/uploads\\\/2022\\\/08\\\/logo-1.png\",\"contentUrl\":\"https:\\\/\\\/imker-aigen.at\\\/wp-content\\\/uploads\\\/2022\\\/08\\\/logo-1.png\",\"width\":392,\"height\":156,\"caption\":\"Imker Ortsgruppe Salzburg Aigen\"},\"image\":{\"@id\":\"https:\\\/\\\/imker-aigen.at\\\/#\\\/schema\\\/logo\\\/image\\\/\"}}]}<\/script>\n<!-- \/ Yoast SEO plugin. -->","yoast_head_json":{"title":"Monatsbetrachtung J\u00e4nner - Imker Ortsgruppe Salzburg Aigen","description":"Monatsbetrachtung der Imker Ortsgruppe Salzburg Aigen f\u00fcr den Monat J\u00e4nner. Es gibt bereits den ersten Bl\u00fctenpollen","robots":{"index":"index","follow":"follow","max-snippet":"max-snippet:-1","max-image-preview":"max-image-preview:large","max-video-preview":"max-video-preview:-1"},"canonical":"https:\/\/imker-aigen.at\/index.php\/monatsbetrachtung-jaenner\/","og_locale":"de_DE","og_type":"article","og_title":"Monatsbetrachtung J\u00e4nner - Imker Ortsgruppe Salzburg Aigen","og_description":"Monatsbetrachtung der Imker Ortsgruppe Salzburg Aigen f\u00fcr den Monat J\u00e4nner. Es gibt bereits den ersten Bl\u00fctenpollen","og_url":"https:\/\/imker-aigen.at\/index.php\/monatsbetrachtung-jaenner\/","og_site_name":"Imker Ortsgruppe Salzburg Aigen","article_modified_time":"2023-03-22T10:12:12+00:00","twitter_card":"summary_large_image","twitter_misc":{"Gesch\u00e4tzte Lesezeit":"4\u00a0Minuten"},"schema":{"@context":"https:\/\/schema.org","@graph":[{"@type":"WebPage","@id":"https:\/\/imker-aigen.at\/index.php\/monatsbetrachtung-jaenner\/","url":"https:\/\/imker-aigen.at\/index.php\/monatsbetrachtung-jaenner\/","name":"Monatsbetrachtung J\u00e4nner - Imker Ortsgruppe Salzburg Aigen","isPartOf":{"@id":"https:\/\/imker-aigen.at\/#website"},"datePublished":"2023-01-07T14:30:06+00:00","dateModified":"2023-03-22T10:12:12+00:00","description":"Monatsbetrachtung der Imker Ortsgruppe Salzburg Aigen f\u00fcr den Monat J\u00e4nner. Es gibt bereits den ersten Bl\u00fctenpollen","breadcrumb":{"@id":"https:\/\/imker-aigen.at\/index.php\/monatsbetrachtung-jaenner\/#breadcrumb"},"inLanguage":"de","potentialAction":[{"@type":"ReadAction","target":["https:\/\/imker-aigen.at\/index.php\/monatsbetrachtung-jaenner\/"]}]},{"@type":"BreadcrumbList","@id":"https:\/\/imker-aigen.at\/index.php\/monatsbetrachtung-jaenner\/#breadcrumb","itemListElement":[{"@type":"ListItem","position":1,"name":"Startseite","item":"https:\/\/imker-aigen.at\/index.php\/home\/"},{"@type":"ListItem","position":2,"name":"Monatsbetrachtung J\u00e4nner"}]},{"@type":"WebSite","@id":"https:\/\/imker-aigen.at\/#website","url":"https:\/\/imker-aigen.at\/","name":"Imker Ortsgruppe Salzburg Aigen","description":"Homepage der Imker-Ortsgruppe Salzburg Aigen","publisher":{"@id":"https:\/\/imker-aigen.at\/#organization"},"potentialAction":[{"@type":"SearchAction","target":{"@type":"EntryPoint","urlTemplate":"https:\/\/imker-aigen.at\/?s={search_term_string}"},"query-input":{"@type":"PropertyValueSpecification","valueRequired":true,"valueName":"search_term_string"}}],"inLanguage":"de"},{"@type":"Organization","@id":"https:\/\/imker-aigen.at\/#organization","name":"Imker Ortsgruppe Salzburg Aigen","url":"https:\/\/imker-aigen.at\/","logo":{"@type":"ImageObject","inLanguage":"de","@id":"https:\/\/imker-aigen.at\/#\/schema\/logo\/image\/","url":"https:\/\/imker-aigen.at\/wp-content\/uploads\/2022\/08\/logo-1.png","contentUrl":"https:\/\/imker-aigen.at\/wp-content\/uploads\/2022\/08\/logo-1.png","width":392,"height":156,"caption":"Imker Ortsgruppe Salzburg Aigen"},"image":{"@id":"https:\/\/imker-aigen.at\/#\/schema\/logo\/image\/"}}]}},"_links":{"self":[{"href":"https:\/\/imker-aigen.at\/index.php\/wp-json\/wp\/v2\/pages\/2578","targetHints":{"allow":["GET"]}}],"collection":[{"href":"https:\/\/imker-aigen.at\/index.php\/wp-json\/wp\/v2\/pages"}],"about":[{"href":"https:\/\/imker-aigen.at\/index.php\/wp-json\/wp\/v2\/types\/page"}],"author":[{"embeddable":true,"href":"https:\/\/imker-aigen.at\/index.php\/wp-json\/wp\/v2\/users\/1"}],"replies":[{"embeddable":true,"href":"https:\/\/imker-aigen.at\/index.php\/wp-json\/wp\/v2\/comments?post=2578"}],"version-history":[{"count":16,"href":"https:\/\/imker-aigen.at\/index.php\/wp-json\/wp\/v2\/pages\/2578\/revisions"}],"predecessor-version":[{"id":3336,"href":"https:\/\/imker-aigen.at\/index.php\/wp-json\/wp\/v2\/pages\/2578\/revisions\/3336"}],"wp:attachment":[{"href":"https:\/\/imker-aigen.at\/index.php\/wp-json\/wp\/v2\/media?parent=2578"}],"curies":[{"name":"wp","href":"https:\/\/api.w.org\/{rel}","templated":true}]}}