{"id":699,"date":"2022-08-30T08:25:44","date_gmt":"2022-08-30T08:25:44","guid":{"rendered":"https:\/\/imker-aigen.at\/test\/?page_id=699"},"modified":"2024-04-01T11:04:26","modified_gmt":"2024-04-01T09:04:26","slug":"monatsbetrachtung-april","status":"publish","type":"page","link":"https:\/\/imker-aigen.at\/index.php\/monatsbetrachtung-april\/","title":{"rendered":"Monatsbetrachtung April"},"content":{"rendered":"\n<style type=\"text\/css\" data-created_by=\"avia_inline_auto\" id=\"style-css-av-l7yfgbqw-08052c85f02750144dcf9c4298248051\">\n#top .av-special-heading.av-l7yfgbqw-08052c85f02750144dcf9c4298248051{\npadding-bottom:10px;\n}\nbody .av-special-heading.av-l7yfgbqw-08052c85f02750144dcf9c4298248051 .av-special-heading-tag .heading-char{\nfont-size:25px;\n}\n.av-special-heading.av-l7yfgbqw-08052c85f02750144dcf9c4298248051 .av-subheading{\nfont-size:15px;\n}\n<\/style>\n<div  class='av-special-heading av-l7yfgbqw-08052c85f02750144dcf9c4298248051 av-special-heading-h3 blockquote modern-quote modern-centered  avia-builder-el-0  el_before_av_textblock  avia-builder-el-first '><h3 class='av-special-heading-tag '  itemprop=\"headline\"  >Monatsbetrachtung April<\/h3><div class=\"special-heading-border\"><div class=\"special-heading-inner-border\"><\/div><\/div><\/div>\n<section  class='av_textblock_section av-jx7zf-a60f65bf9e4c7178d0ef93c461a503d1 '   itemscope=\"itemscope\" itemtype=\"https:\/\/schema.org\/CreativeWork\" ><div class='avia_textblock'  itemprop=\"text\" ><p>Autor: Bernd Meierhofer<\/p>\n<h1><strong>Fr\u00fchlingsbeginn<\/strong><\/h1>\n<p>Astronomisch gesehen ist der Fr\u00fchlingsbeginn die erste Tagundnachtgleiche im Jahr. Dies ist meist am 19\/20\/21 M\u00e4rz.<\/p>\n<p>Wir befinden uns noch in der Durchlenzung. Also der Phase zw. Winterruhe und Beginn der Obstbl\u00fcte. Die letzte gro\u00dfe Herausforderung f\u00fcr unsere Bienen vor der Bl\u00fcte. In dieser Zeit k\u00f6nnen die V\u00f6lker noch verhungern. Wichtig ist auch ein guter Zugang zu Wasser, damit die Vorr\u00e4te auch aufgel\u00f6st werden k\u00f6nnen. Falls notwendig, eine Bienentr\u00e4nke (z.B: Rillenbrett) in der N\u00e4he der V\u00f6lker aufstellen. Die Winterbienen sterben ab und wenn nicht genug Nachwuchs herangezogen wird, schrumpft das Volk. Erst mit dem Beginn der Obstbl\u00fcte explodiert die Volksst\u00e4rke. Polleneintrag ist ein guter Hinweis, dass das Volk br\u00fctet und in Ordnung ist. Darauf achten, dass nach und nach alte, dunkle Bienen durch Jungbienen ersetzt werden.<\/p>\n<h2><strong>Reflexion \u00fcber abgestorbene V\u00f6lker<\/strong><\/h2>\n<p>Warum sind V\u00f6lker abgestorben?<\/p>\n<ul>\n<li>Futtermangel?<\/li>\n<li>Futterabriss?<\/li>\n<li>Wurden zu kleine V\u00f6lker eingewintert?<\/li>\n<li>Wurde das richtige Futter zum richtigen Zeitpunkt gef\u00fcttert?<\/li>\n<li>&#8230;<br \/>\n<blockquote>\n<p><strong>Erkannte Fehler sind zuk\u00fcnftig zu vermeiden! Dazu sind wir als Tierhalter verpflichtet!!!<br \/>\n<\/strong><\/p>\n<\/blockquote>\n<\/li>\n<\/ul>\n<h1>Erstfr\u00fchling<\/h1>\n<p>Anfang April beginnt mit der Bl\u00fcte der Forsythie aus ph\u00e4nologischer Sicht der Erstfr\u00fchling<\/p>\n<h2><strong>Fr\u00fchjahrsrevision<\/strong><\/h2>\n<p>Wer seine Bodenbretter noch nicht gereinigt hat, sollte es jetzt machen. Einfach das Volk auf einen Ersatzboden setzen, dass schmutzige Bodenbrett mit hei\u00dfem Wasser und wenig Sp\u00fclmittel gr\u00fcndlich abwaschen, trocknen lassen und dann noch abfl\u00e4mmen. Danach kann das gereinigte Brett wieder als Ersatz-Bodenbrett beim n\u00e4chsten Volk eingesetzt werden.<\/p>\n<p>Mit dem Beginn der Fr\u00fchjahrsrevision sollte man sich auch \u00fcberlegen, ob man dieses Jahr nicht auch mit der F\u00fchrung von Stockkarten beginnen sollte. Weiters sollte man sich nun auch Gedanken \u00fcber die Aufzucht\/Vermehrung von K\u00f6niginnen machen. Ist ausreichend Material f\u00fcr Ableger, Schw\u00e4rme oder Reservev\u00f6lker vorhanden?<\/p>\n<h2><strong>K\u00f6rproben<\/strong><\/h2>\n<p>Wer auf seinem Stand nur reinrassige V\u00f6lker halten will, sollte sich \u00fcberlegen, von V\u00f6lkern, welche f\u00fcr die Zucht oder eine kontrollierte Vermehrung herangezogen werden sollen, eine K\u00f6rprobe (ca. 120 Jungbienen von einer Brutwabe) zu ziehen. K\u00f6rproben k\u00f6nnen dann vom <a href=\"https:\/\/www.imkereizentrum.at\/\">Imkereizentrum<\/a> in Linz (Pachmayrstra\u00dfe 57, 4040 Linz) ausgewertet werden.<\/p>\n<h2><strong>Futterkontrolle<\/strong><\/h2>\n<p>Die V\u00f6lker brauchen aufgrund der Brutmenge nun schon viel Futter. Falls V\u00f6lker nicht mehr genug Futter haben, muss gef\u00fcttert werden (insbesondere vor einer K\u00e4lteperiode). Am besten geht dies \u00fcber das Zuf\u00fcgen einer Futterwaben aus einem anderen Stock mit reichlich Futter. F\u00fcttern mit Zuckerteig ist keine artgerechte F\u00fctterung und grunds\u00e4tzlich zu vermeiden. Futterteig sollte eigentlich nur f\u00fcr Zusetzk\u00e4fige (Durchfressen) und Transporte (Apidea-Transport zur Belegstelle) verwendet werden.<\/p>\n<h2><strong>V\u00f6lkerkontrolle<\/strong><\/h2>\n<p>Zu schwache V\u00f6lker k\u00f6nnen jetzt gut ausgeglichen werden. Dabei Brutwabe mit ansitzenden Bienen von einem st\u00e4rkeren Volk einh\u00e4ngen. Es ist generell darauf zu achten, dass alle V\u00f6lker am Stand m\u00f6glichst gleich stark sind. Achtung: dabei k\u00f6nnten nat\u00fcrlich auch Krankheiten von Stock zu Stock \u00fcbertragen werden.<\/p>\n<h3><strong>Weisellose V\u00f6lker<\/strong><\/h3>\n<p>Weisellose V\u00f6lker sind aufzul\u00f6sen. Ein weiselloses Volk wird dabei \u00fcber Zeitungspapier auf ein weiselrichtiges Volk aufgesetzt.<\/p>\n<h3>Zargenwechsel bei Zweiraum-\u00dcberwinterung und Flachzargenbetriebsweise<\/h3>\n<p>Bei V\u00f6lkern, welche zweir\u00e4umig \u00fcberwintert wurden, sollte, sobald sich das Brutnest haupts\u00e4chlich in der oberen Zarge befindet, ein Zargenwechsel durchgef\u00fchrt werden. Die V\u00f6lker haben damit weiterhin die M\u00f6glichkeit sich nach oben zu entwickeln. In die neue, obere Zarge werden dann meist auch eine Mittelwand und ein Drohnenbaurahmen eingesetzt.<\/p>\n<h3><strong>Drohnenbaurahmen<\/strong><\/h3>\n<p>Wer \u00fcber Ausschneiden des Drohnenbaus (biotechn. Varroa-Ma\u00dfnahme) die Varroabelastung senken will, kann\/soll Anfang April eine Drohnenwabe einsetzen. Beim angepassten Brutraum wird die Drohnenwabe an den Rand des Brutnests gegeben (im geschiedeten Bereich). Als Drohnenwabe kann auch eine Honigraum-Halbr\u00e4hmchen-Leerwabe verwendet werden. Der Drohnenbau wird dann als Wildbau unter dem Halbr\u00e4hmchen errichtet.<\/p>\n<h1>Vollfr\u00fchling<\/h1>\n<p>Mitte\/Ende April kommt es zum Einsetzen der Tracht- Meist mit dem Beginn der Apfelbl\u00fcte. Aus ph\u00e4nologischer Sicht sprechen wir nun \u00fcber den Vollfr\u00fchling.<\/p>\n<p>Kurz vor Einsetzen der Tracht werden die Honigr\u00e4ume aufgesetzt. Sobald die Tracht konstant ist, sind alle Futterwaben aus der Brutzarge zu entfernen. Beim angepassten Brutraum verbleiben Futterwaben bis zum Erreichen einer konstanten Tracht hinter den Schieden.<\/p>\n<p>Wie geht es weiter?\u00a0 Aus ph\u00e4nologischer Sicht folgt nun mit dem Beginn der Holunderbl\u00fcte der Fr\u00fchsommer.<\/p>\n<\/div><\/section>\n<div  class='av-social-sharing-box av-gufk3-711e83ee54f3c6d7dd2705d37b46f9ef av-social-sharing-box-default  avia-builder-el-2  el_after_av_textblock  el_before_av_comments_list  av-social-sharing-box-fullwidth'><div class=\"av-share-box\"><h5 class='av-share-link-description av-no-toc '>Eintrag teilen<\/h5><ul class=\"av-share-box-list noLightbox\"><li class='av-share-link av-social-link-facebook avia_social_iconfont' ><a target=\"_blank\" aria-label=\"Teilen auf Facebook\" href='https:\/\/www.facebook.com\/sharer.php?u=https:\/\/imker-aigen.at\/index.php\/monatsbetrachtung-april\/&#038;t=Monatsbetrachtung%20April' data-av_icon='\ue8f3' data-av_iconfont='entypo-fontello'  title='' data-avia-related-tooltip='Teilen auf Facebook'><span class='avia_hidden_link_text'>Teilen auf Facebook<\/span><\/a><\/li><li class='av-share-link av-social-link-twitter avia_social_iconfont' ><a target=\"_blank\" aria-label=\"Teilen auf X\" href='https:\/\/twitter.com\/share?text=Monatsbetrachtung%20April&#038;url=https:\/\/imker-aigen.at\/?p=699' data-av_icon='\ue932' data-av_iconfont='entypo-fontello'  title='' data-avia-related-tooltip='Teilen auf X'><span class='avia_hidden_link_text'>Teilen auf X<\/span><\/a><\/li><li class='av-share-link av-social-link-whatsapp avia_social_iconfont' ><a target=\"_blank\" aria-label=\"Teilen auf WhatsApp\" href='https:\/\/api.whatsapp.com\/send?text=https:\/\/imker-aigen.at\/index.php\/monatsbetrachtung-april\/' data-av_icon='\uf232' data-av_iconfont='entypo-fontello'  title='' data-avia-related-tooltip='Teilen auf WhatsApp'><span class='avia_hidden_link_text'>Teilen auf WhatsApp<\/span><\/a><\/li><li class='av-share-link av-social-link-pinterest avia_social_iconfont' ><a target=\"_blank\" aria-label=\"Teilen auf Pinterest\" href='https:\/\/pinterest.com\/pin\/create\/button\/?url=https%3A%2F%2Fimker-aigen.at%2Findex.php%2Fmonatsbetrachtung-april%2F&#038;description=Monatsbetrachtung%20April&#038;media=' data-av_icon='\ue8f8' data-av_iconfont='entypo-fontello'  title='' data-avia-related-tooltip='Teilen auf Pinterest'><span class='avia_hidden_link_text'>Teilen auf Pinterest<\/span><\/a><\/li><li class='av-share-link av-social-link-linkedin avia_social_iconfont' ><a target=\"_blank\" aria-label=\"Teilen auf LinkedIn\" href='https:\/\/linkedin.com\/shareArticle?mini=true&#038;title=Monatsbetrachtung%20April&#038;url=https:\/\/imker-aigen.at\/index.php\/monatsbetrachtung-april\/' data-av_icon='\ue8fc' data-av_iconfont='entypo-fontello'  title='' data-avia-related-tooltip='Teilen auf LinkedIn'><span class='avia_hidden_link_text'>Teilen auf LinkedIn<\/span><\/a><\/li><li class='av-share-link av-social-link-reddit avia_social_iconfont' ><a target=\"_blank\" aria-label=\"Teilen auf Reddit\" href='https:\/\/reddit.com\/submit?url=https:\/\/imker-aigen.at\/index.php\/monatsbetrachtung-april\/&#038;title=Monatsbetrachtung%20April' data-av_icon='\ue927' data-av_iconfont='entypo-fontello'  title='' data-avia-related-tooltip='Teilen auf Reddit'><span class='avia_hidden_link_text'>Teilen auf Reddit<\/span><\/a><\/li><li class='av-share-link av-social-link-mail avia_social_iconfont' ><a  aria-label=\"Per E-Mail teilen\" href='mailto:?subject=Monatsbetrachtung%20April&#038;body=https:\/\/imker-aigen.at\/index.php\/monatsbetrachtung-april\/' data-av_icon='\ue805' data-av_iconfont='entypo-fontello'  title='' data-avia-related-tooltip='Per E-Mail teilen'><span class='avia_hidden_link_text'>Per E-Mail teilen<\/span><\/a><\/li><\/ul><\/div><\/div>\n<div  class='av-buildercomment av-6nigb-20f3e0796269dedbe0df600d393c0a59'><\/div>\n","protected":false},"excerpt":{"rendered":"","protected":false},"author":1,"featured_media":0,"parent":0,"menu_order":0,"comment_status":"open","ping_status":"closed","template":"","meta":{"footnotes":""},"class_list":["post-699","page","type-page","status-publish","hentry"],"yoast_head":"<!-- This site is optimized with the Yoast SEO plugin v27.4 - https:\/\/yoast.com\/product\/yoast-seo-wordpress\/ -->\n<title>Imker Ortsgruppe Salzburg Aigen - Monatsbetrachtung April<\/title>\n<meta name=\"description\" content=\"Monatsbetrachtung der Imker Ortsgruppe Salzburg Aigen f\u00fcr den Monat April. Imker-T\u00e4tigkeiten f\u00fcr die Fr\u00fchjahrsrevision und zum Trachtbeginn.\" \/>\n<meta name=\"robots\" content=\"index, follow, max-snippet:-1, max-image-preview:large, max-video-preview:-1\" \/>\n<link rel=\"canonical\" href=\"https:\/\/imker-aigen.at\/index.php\/monatsbetrachtung-april\/\" \/>\n<meta property=\"og:locale\" content=\"de_DE\" \/>\n<meta property=\"og:type\" content=\"article\" \/>\n<meta property=\"og:title\" content=\"Imker Ortsgruppe Salzburg Aigen - Monatsbetrachtung April\" \/>\n<meta property=\"og:description\" content=\"Monatsbetrachtung der Imker Ortsgruppe Salzburg Aigen f\u00fcr den Monat April. Imker-T\u00e4tigkeiten f\u00fcr die Fr\u00fchjahrsrevision und zum Trachtbeginn.\" \/>\n<meta property=\"og:url\" content=\"https:\/\/imker-aigen.at\/index.php\/monatsbetrachtung-april\/\" \/>\n<meta property=\"og:site_name\" content=\"Imker Ortsgruppe Salzburg Aigen\" \/>\n<meta property=\"article:modified_time\" content=\"2024-04-01T09:04:26+00:00\" \/>\n<meta name=\"twitter:card\" content=\"summary_large_image\" \/>\n<meta name=\"twitter:label1\" content=\"Gesch\u00e4tzte Lesezeit\" \/>\n\t<meta name=\"twitter:data1\" content=\"4\u00a0Minuten\" \/>\n<script type=\"application\/ld+json\" class=\"yoast-schema-graph\">{\"@context\":\"https:\\\/\\\/schema.org\",\"@graph\":[{\"@type\":\"WebPage\",\"@id\":\"https:\\\/\\\/imker-aigen.at\\\/index.php\\\/monatsbetrachtung-april\\\/\",\"url\":\"https:\\\/\\\/imker-aigen.at\\\/index.php\\\/monatsbetrachtung-april\\\/\",\"name\":\"Imker Ortsgruppe Salzburg Aigen - Monatsbetrachtung April\",\"isPartOf\":{\"@id\":\"https:\\\/\\\/imker-aigen.at\\\/#website\"},\"datePublished\":\"2022-08-30T08:25:44+00:00\",\"dateModified\":\"2024-04-01T09:04:26+00:00\",\"description\":\"Monatsbetrachtung der Imker Ortsgruppe Salzburg Aigen f\u00fcr den Monat April. Imker-T\u00e4tigkeiten f\u00fcr die Fr\u00fchjahrsrevision und zum Trachtbeginn.\",\"breadcrumb\":{\"@id\":\"https:\\\/\\\/imker-aigen.at\\\/index.php\\\/monatsbetrachtung-april\\\/#breadcrumb\"},\"inLanguage\":\"de\",\"potentialAction\":[{\"@type\":\"ReadAction\",\"target\":[\"https:\\\/\\\/imker-aigen.at\\\/index.php\\\/monatsbetrachtung-april\\\/\"]}]},{\"@type\":\"BreadcrumbList\",\"@id\":\"https:\\\/\\\/imker-aigen.at\\\/index.php\\\/monatsbetrachtung-april\\\/#breadcrumb\",\"itemListElement\":[{\"@type\":\"ListItem\",\"position\":1,\"name\":\"Startseite\",\"item\":\"https:\\\/\\\/imker-aigen.at\\\/index.php\\\/home\\\/\"},{\"@type\":\"ListItem\",\"position\":2,\"name\":\"Monatsbetrachtung April\"}]},{\"@type\":\"WebSite\",\"@id\":\"https:\\\/\\\/imker-aigen.at\\\/#website\",\"url\":\"https:\\\/\\\/imker-aigen.at\\\/\",\"name\":\"Imker Ortsgruppe Salzburg Aigen\",\"description\":\"Homepage der Imker-Ortsgruppe Salzburg Aigen\",\"publisher\":{\"@id\":\"https:\\\/\\\/imker-aigen.at\\\/#organization\"},\"potentialAction\":[{\"@type\":\"SearchAction\",\"target\":{\"@type\":\"EntryPoint\",\"urlTemplate\":\"https:\\\/\\\/imker-aigen.at\\\/?s={search_term_string}\"},\"query-input\":{\"@type\":\"PropertyValueSpecification\",\"valueRequired\":true,\"valueName\":\"search_term_string\"}}],\"inLanguage\":\"de\"},{\"@type\":\"Organization\",\"@id\":\"https:\\\/\\\/imker-aigen.at\\\/#organization\",\"name\":\"Imker Ortsgruppe Salzburg Aigen\",\"url\":\"https:\\\/\\\/imker-aigen.at\\\/\",\"logo\":{\"@type\":\"ImageObject\",\"inLanguage\":\"de\",\"@id\":\"https:\\\/\\\/imker-aigen.at\\\/#\\\/schema\\\/logo\\\/image\\\/\",\"url\":\"https:\\\/\\\/imker-aigen.at\\\/wp-content\\\/uploads\\\/2022\\\/08\\\/logo-1.png\",\"contentUrl\":\"https:\\\/\\\/imker-aigen.at\\\/wp-content\\\/uploads\\\/2022\\\/08\\\/logo-1.png\",\"width\":392,\"height\":156,\"caption\":\"Imker Ortsgruppe Salzburg Aigen\"},\"image\":{\"@id\":\"https:\\\/\\\/imker-aigen.at\\\/#\\\/schema\\\/logo\\\/image\\\/\"}}]}<\/script>\n<!-- \/ Yoast SEO plugin. -->","yoast_head_json":{"title":"Imker Ortsgruppe Salzburg Aigen - Monatsbetrachtung April","description":"Monatsbetrachtung der Imker Ortsgruppe Salzburg Aigen f\u00fcr den Monat April. Imker-T\u00e4tigkeiten f\u00fcr die Fr\u00fchjahrsrevision und zum Trachtbeginn.","robots":{"index":"index","follow":"follow","max-snippet":"max-snippet:-1","max-image-preview":"max-image-preview:large","max-video-preview":"max-video-preview:-1"},"canonical":"https:\/\/imker-aigen.at\/index.php\/monatsbetrachtung-april\/","og_locale":"de_DE","og_type":"article","og_title":"Imker Ortsgruppe Salzburg Aigen - Monatsbetrachtung April","og_description":"Monatsbetrachtung der Imker Ortsgruppe Salzburg Aigen f\u00fcr den Monat April. Imker-T\u00e4tigkeiten f\u00fcr die Fr\u00fchjahrsrevision und zum Trachtbeginn.","og_url":"https:\/\/imker-aigen.at\/index.php\/monatsbetrachtung-april\/","og_site_name":"Imker Ortsgruppe Salzburg Aigen","article_modified_time":"2024-04-01T09:04:26+00:00","twitter_card":"summary_large_image","twitter_misc":{"Gesch\u00e4tzte Lesezeit":"4\u00a0Minuten"},"schema":{"@context":"https:\/\/schema.org","@graph":[{"@type":"WebPage","@id":"https:\/\/imker-aigen.at\/index.php\/monatsbetrachtung-april\/","url":"https:\/\/imker-aigen.at\/index.php\/monatsbetrachtung-april\/","name":"Imker Ortsgruppe Salzburg Aigen - Monatsbetrachtung April","isPartOf":{"@id":"https:\/\/imker-aigen.at\/#website"},"datePublished":"2022-08-30T08:25:44+00:00","dateModified":"2024-04-01T09:04:26+00:00","description":"Monatsbetrachtung der Imker Ortsgruppe Salzburg Aigen f\u00fcr den Monat April. Imker-T\u00e4tigkeiten f\u00fcr die Fr\u00fchjahrsrevision und zum Trachtbeginn.","breadcrumb":{"@id":"https:\/\/imker-aigen.at\/index.php\/monatsbetrachtung-april\/#breadcrumb"},"inLanguage":"de","potentialAction":[{"@type":"ReadAction","target":["https:\/\/imker-aigen.at\/index.php\/monatsbetrachtung-april\/"]}]},{"@type":"BreadcrumbList","@id":"https:\/\/imker-aigen.at\/index.php\/monatsbetrachtung-april\/#breadcrumb","itemListElement":[{"@type":"ListItem","position":1,"name":"Startseite","item":"https:\/\/imker-aigen.at\/index.php\/home\/"},{"@type":"ListItem","position":2,"name":"Monatsbetrachtung April"}]},{"@type":"WebSite","@id":"https:\/\/imker-aigen.at\/#website","url":"https:\/\/imker-aigen.at\/","name":"Imker Ortsgruppe Salzburg Aigen","description":"Homepage der Imker-Ortsgruppe Salzburg Aigen","publisher":{"@id":"https:\/\/imker-aigen.at\/#organization"},"potentialAction":[{"@type":"SearchAction","target":{"@type":"EntryPoint","urlTemplate":"https:\/\/imker-aigen.at\/?s={search_term_string}"},"query-input":{"@type":"PropertyValueSpecification","valueRequired":true,"valueName":"search_term_string"}}],"inLanguage":"de"},{"@type":"Organization","@id":"https:\/\/imker-aigen.at\/#organization","name":"Imker Ortsgruppe Salzburg Aigen","url":"https:\/\/imker-aigen.at\/","logo":{"@type":"ImageObject","inLanguage":"de","@id":"https:\/\/imker-aigen.at\/#\/schema\/logo\/image\/","url":"https:\/\/imker-aigen.at\/wp-content\/uploads\/2022\/08\/logo-1.png","contentUrl":"https:\/\/imker-aigen.at\/wp-content\/uploads\/2022\/08\/logo-1.png","width":392,"height":156,"caption":"Imker Ortsgruppe Salzburg Aigen"},"image":{"@id":"https:\/\/imker-aigen.at\/#\/schema\/logo\/image\/"}}]}},"_links":{"self":[{"href":"https:\/\/imker-aigen.at\/index.php\/wp-json\/wp\/v2\/pages\/699","targetHints":{"allow":["GET"]}}],"collection":[{"href":"https:\/\/imker-aigen.at\/index.php\/wp-json\/wp\/v2\/pages"}],"about":[{"href":"https:\/\/imker-aigen.at\/index.php\/wp-json\/wp\/v2\/types\/page"}],"author":[{"embeddable":true,"href":"https:\/\/imker-aigen.at\/index.php\/wp-json\/wp\/v2\/users\/1"}],"replies":[{"embeddable":true,"href":"https:\/\/imker-aigen.at\/index.php\/wp-json\/wp\/v2\/comments?post=699"}],"version-history":[{"count":13,"href":"https:\/\/imker-aigen.at\/index.php\/wp-json\/wp\/v2\/pages\/699\/revisions"}],"predecessor-version":[{"id":5518,"href":"https:\/\/imker-aigen.at\/index.php\/wp-json\/wp\/v2\/pages\/699\/revisions\/5518"}],"wp:attachment":[{"href":"https:\/\/imker-aigen.at\/index.php\/wp-json\/wp\/v2\/media?parent=699"}],"curies":[{"name":"wp","href":"https:\/\/api.w.org\/{rel}","templated":true}]}}