{"id":743,"date":"2022-08-30T19:20:46","date_gmt":"2022-08-30T19:20:46","guid":{"rendered":"https:\/\/imker-aigen.at\/test\/?page_id=743"},"modified":"2023-07-02T11:39:04","modified_gmt":"2023-07-02T09:39:04","slug":"monatsbetrachtung-juli","status":"publish","type":"page","link":"https:\/\/imker-aigen.at\/index.php\/monatsbetrachtung-juli\/","title":{"rendered":"Monatsbetrachtung Juli"},"content":{"rendered":"\n<style type=\"text\/css\" data-created_by=\"avia_inline_auto\" id=\"style-css-av-l7yhnij6-167deae6294928d689470d8efab5ee12\">\n#top .av-special-heading.av-l7yhnij6-167deae6294928d689470d8efab5ee12{\npadding-bottom:10px;\n}\nbody .av-special-heading.av-l7yhnij6-167deae6294928d689470d8efab5ee12 .av-special-heading-tag .heading-char{\nfont-size:25px;\n}\n.av-special-heading.av-l7yhnij6-167deae6294928d689470d8efab5ee12 .av-subheading{\nfont-size:15px;\n}\n<\/style>\n<div  class='av-special-heading av-l7yhnij6-167deae6294928d689470d8efab5ee12 av-special-heading-h3 blockquote modern-quote modern-centered  avia-builder-el-0  el_before_av_one_full  avia-builder-el-first '><h3 class='av-special-heading-tag '  itemprop=\"headline\"  >Monatsbetrachtung Juli<\/h3><div class=\"special-heading-border\"><div class=\"special-heading-inner-border\"><\/div><\/div><\/div>\n<div  class='flex_column av-rzsnz-a93e46c14c4d7b9aea31bc930143771f av_one_full  avia-builder-el-1  el_after_av_heading  el_before_av_one_half  first flex_column_div  '     ><section  class='av_textblock_section av-l7glkebz-43e6e6faa2c2d870a25800de93ac58b8 '   itemscope=\"itemscope\" itemtype=\"https:\/\/schema.org\/CreativeWork\" ><div class='avia_textblock'  itemprop=\"text\" ><p>Autor: Robert Hertscheg<\/p>\n<h1><strong>Jungvolkbildung, Einweiselung&#8230;\u00a0\u00a0\u00a0\u00a0<\/strong><\/h1>\n<h2><strong>Grunds\u00e4tzliches<\/strong><\/h2>\n<ul>\n<li>Das Bilden junger V\u00f6lker (Ableger) und die Ein- und Umweiselung sollten aus meiner Sicht vor Sonnwend abgeschlossen sein. Die \u201ejungen V\u00f6lker\u201c mit jungen K\u00f6niginnen brauchen gen\u00fcgend Zeit, damit f\u00fcr die \u00dcberwinterung ausreichend Wabenfl\u00e4che ausgebaut, Pollen, Futtervorrat und\u00a0 Propolis eingetragen und vor allem lebenst\u00fcchtige Winterbienen geschaffen werden k\u00f6nnen. Das Einweiseln junger Zuchtk\u00f6niginnen ab Sonnwend erachte ich als Ersatzma\u00dfnahme (bei \u201eStillen Umweiseln\u201c) bzw. als Notma\u00dfnahme, wenn die K\u00f6nigin abhandengekommen ist (Monate mit \u201er\u201c)<\/li>\n<li>Jedes \u201eneue Volk\u201c braucht mindestens 3 N\u00e4chte zur Selbstfindung! Das gilt nicht nur f\u00fcr Schw\u00e4rme \u2013 sondern auch gleicherma\u00dfen f\u00fcr Ableger (Kellerhaft etc.)<\/li>\n<li>Ich verwende zum Einweiseln ausschlie\u00dflich den Wohlgemuth-K\u00e4fig<\/li>\n<\/ul>\n<\/div><\/section><\/div>\n<div  class='flex_column av-llcdb-9017e8a705d5bfff7fc24397a8a324ec av_one_half  avia-builder-el-3  el_after_av_one_full  el_before_av_one_half  first flex_column_div  column-top-margin'     ><style type=\"text\/css\" data-created_by=\"avia_inline_auto\" id=\"style-css-av-l838j3tn-0d185e0e7558878234a8a8a040d17c5e\">\n.avia-image-container.av-l838j3tn-0d185e0e7558878234a8a8a040d17c5e img.avia_image{\nbox-shadow:none;\n}\n.avia-image-container.av-l838j3tn-0d185e0e7558878234a8a8a040d17c5e .av-image-caption-overlay-center{\ncolor:#ffffff;\n}\n<\/style>\n<div  class='avia-image-container av-l838j3tn-0d185e0e7558878234a8a8a040d17c5e av-styling- avia-align-center  avia-builder-el-4  avia-builder-el-no-sibling '   itemprop=\"image\" itemscope=\"itemscope\" itemtype=\"https:\/\/schema.org\/ImageObject\" ><div class=\"avia-image-container-inner\"><div class=\"avia-image-overlay-wrap\"><img decoding=\"async\" fetchpriority=\"high\" class='wp-image-766 avia-img-lazy-loading-not-766 avia_image ' src=\"https:\/\/imker-aigen.at\/wp-content\/uploads\/2022\/08\/wohlgemuth.jpg\" alt='Wohlgemuth-K\u00e4fig' title='Wohlgemuth-K\u00e4fig'  height=\"309\" width=\"664\"  itemprop=\"thumbnailUrl\" srcset=\"https:\/\/imker-aigen.at\/wp-content\/uploads\/2022\/08\/wohlgemuth.jpg 664w, https:\/\/imker-aigen.at\/wp-content\/uploads\/2022\/08\/wohlgemuth-300x140.jpg 300w\" sizes=\"(max-width: 664px) 100vw, 664px\" \/><\/div><\/div><\/div><\/div>\n<div  class='flex_column av-d5nhz-107a1d1d636a0ac0011ed567f713f9e1 av_one_half  avia-builder-el-5  el_after_av_one_half  el_before_av_one_full  flex_column_div  column-top-margin'     ><section  class='av_textblock_section av-l838kdqd-fa3d4e8c4cdbb84d82a6d2cd52910f08 '   itemscope=\"itemscope\" itemtype=\"https:\/\/schema.org\/CreativeWork\" ><div class='avia_textblock'  itemprop=\"text\" ><p>Das Foto zeigt den Wohlgemuth-K\u00e4fig, welcher h\u00e4ufig zum Einweiseln von K\u00f6niginnen verwendet wird.<\/p>\n<\/div><\/section><\/div>\n<div  class='flex_column av-7jihr-610f24c182e5b7396eaf3da85b2d705f av_one_full  avia-builder-el-7  el_after_av_one_half  el_before_av_social_share  first flex_column_div  column-top-margin'     ><section  class='av_textblock_section av-l838gg4b-f08df2ec7d2ea7ed0dca838edcfa94ed '   itemscope=\"itemscope\" itemtype=\"https:\/\/schema.org\/CreativeWork\" ><div class='avia_textblock'  itemprop=\"text\" ><p>Es gibt 3 verschiedene Ausgangspositionen, welche f\u00fcr das Einweiseln junger Zuchtk\u00f6niginnen ma\u00dfgebend sind:<\/p>\n<ol>\n<li>Schwarm bzw. Kehrschwarm g\u00e4nzlich ohne Brut<\/li>\n<li>\u201eNormales Volk\u201c und Brutableger mit Brut in allen Entwicklungsstadien<\/li>\n<li>Abgeschw\u00e4rmtes Volk mit Brut in allen Entwicklungsstadien und geschl\u00fcpften K\u00f6niginnen und\/oder schlupfreifen Weiselzellen<\/li>\n<\/ol>\n<h2><strong>Vorgangsweisen beim Zusetzen junger Zuchtk\u00f6niginnen<\/strong><\/h2>\n<p>Zu 1) Eine Nacht sollte das Volk weisellos sein, Zwei N\u00e4chte lang wird die neue K\u00f6nigin im Wohlgemuth-K\u00e4fig eingeh\u00e4ngt und fr\u00fchestens nach der dritten Nacht wird sie dann zum \u201eAusfressen\u201c frei gegeben. Man kann die K\u00f6nigin auch bis zu f\u00fcnf N\u00e4chte im Wohlgemuth-K\u00e4fig belassen (erh\u00f6ht die Sicherheit der Annahme).<\/p>\n<p>Zu 2) gleicher Vorgang wie a) \u2013 jedoch: sp\u00e4testens nach der dritten Nacht muss die junge K\u00f6nigin freigelassen werden, da ansonsten eigene Weiselzellen angezogen werden und das Volk die K\u00f6nigin nicht mehr annimmt.<\/p>\n<p>Zu 3) hier gilt es, sich in Geduld zu \u00fcben! Ein abgeschw\u00e4rmtes Volk ben\u00f6tigt ca. 14 Tage, um wiederum auf den \u201eNormalzustand\u201c zu gelangen. Innerhalb dieser Zeit sollte lediglich kontrolliert werden, ob eine Jungk\u00f6nigin vom Begattungsflug erfolgreich zur\u00fcck gekommen ist und bereits stiftet. Das Einweiseln einer jungen Zuchtk\u00f6nigin kann nach Methode b) erfolgen. Ist das abgeschw\u00e4rmte Volk weisellos, dann kann Methode a) praktiziert werden, da lediglich gedeckelte Brutzellen (noch) vorhanden sein k\u00f6nnen.<\/p>\n<blockquote>\n<p>Anmerkung: Es gibt hier nun auch eine sehr gute Anleitung der Z\u00fcchter der Carnica Zuchtgruppe Salzburg: <a href=\"https:\/\/carnica-zuchtgruppe-salzburg.at\/index.php\/portfolio-item\/richtiges-zusetzen-von-koeniginnen\/\">Richtiges Zusetzen von K\u00f6niginnen<\/a><\/p>\n<\/blockquote>\n<h2><strong>Meine Erfahrung mit Schw\u00e4rmen<\/strong><\/h2>\n<p>Ich praktiziere keinerlei \u201eSchwarmverhinderung\u201c; weder Schr\u00f6pfen noch Weiselzellen ausschneiden etc. Ich \u00f6ffne niemals ein Volk hinsichtlich \u201eSchwarmkontrolle\u201c.<\/p>\n<p>Schw\u00e4rme (zumeist zugeflogen) als auch abgeschw\u00e4rmte V\u00f6lker versorge ich grunds\u00e4tzlich mit jungen Zuchtk\u00f6niginnen! Ansonsten neigen diese in Zukunft wiederum zum Schw\u00e4rmen oder werden in den Folgejahren h\u00e4ufig zu \u201eProblemv\u00f6lkern\u201c!<\/p>\n<\/div><\/section><\/div><div  class='av-social-sharing-box av-1atrb-fd86904b113eb18e8c5c02b8c77d508e av-social-sharing-box-default  avia-builder-el-9  el_after_av_one_full  el_before_av_comments_list  av-social-sharing-box-fullwidth'><div class=\"av-share-box\"><h5 class='av-share-link-description av-no-toc '>Eintrag teilen<\/h5><ul class=\"av-share-box-list noLightbox\"><li class='av-share-link av-social-link-facebook avia_social_iconfont' ><a target=\"_blank\" aria-label=\"Teilen auf Facebook\" href='https:\/\/www.facebook.com\/sharer.php?u=https:\/\/imker-aigen.at\/index.php\/monatsbetrachtung-juli\/&#038;t=Monatsbetrachtung%20Juli' data-av_icon='\ue8f3' data-av_iconfont='entypo-fontello'  title='' data-avia-related-tooltip='Teilen auf Facebook'><span class='avia_hidden_link_text'>Teilen auf Facebook<\/span><\/a><\/li><li class='av-share-link av-social-link-twitter avia_social_iconfont' ><a target=\"_blank\" aria-label=\"Teilen auf X\" href='https:\/\/twitter.com\/share?text=Monatsbetrachtung%20Juli&#038;url=https:\/\/imker-aigen.at\/?p=743' data-av_icon='\ue932' data-av_iconfont='entypo-fontello'  title='' data-avia-related-tooltip='Teilen auf X'><span class='avia_hidden_link_text'>Teilen auf X<\/span><\/a><\/li><li class='av-share-link av-social-link-whatsapp avia_social_iconfont' ><a target=\"_blank\" aria-label=\"Teilen auf WhatsApp\" href='https:\/\/api.whatsapp.com\/send?text=https:\/\/imker-aigen.at\/index.php\/monatsbetrachtung-juli\/' data-av_icon='\uf232' data-av_iconfont='entypo-fontello'  title='' data-avia-related-tooltip='Teilen auf WhatsApp'><span class='avia_hidden_link_text'>Teilen auf WhatsApp<\/span><\/a><\/li><li class='av-share-link av-social-link-pinterest avia_social_iconfont' ><a target=\"_blank\" aria-label=\"Teilen auf Pinterest\" href='https:\/\/pinterest.com\/pin\/create\/button\/?url=https%3A%2F%2Fimker-aigen.at%2Findex.php%2Fmonatsbetrachtung-juli%2F&#038;description=Monatsbetrachtung%20Juli&#038;media=' data-av_icon='\ue8f8' data-av_iconfont='entypo-fontello'  title='' data-avia-related-tooltip='Teilen auf Pinterest'><span class='avia_hidden_link_text'>Teilen auf Pinterest<\/span><\/a><\/li><li class='av-share-link av-social-link-linkedin avia_social_iconfont' ><a target=\"_blank\" aria-label=\"Teilen auf LinkedIn\" href='https:\/\/linkedin.com\/shareArticle?mini=true&#038;title=Monatsbetrachtung%20Juli&#038;url=https:\/\/imker-aigen.at\/index.php\/monatsbetrachtung-juli\/' data-av_icon='\ue8fc' data-av_iconfont='entypo-fontello'  title='' data-avia-related-tooltip='Teilen auf LinkedIn'><span class='avia_hidden_link_text'>Teilen auf LinkedIn<\/span><\/a><\/li><li class='av-share-link av-social-link-reddit avia_social_iconfont' ><a target=\"_blank\" aria-label=\"Teilen auf Reddit\" href='https:\/\/reddit.com\/submit?url=https:\/\/imker-aigen.at\/index.php\/monatsbetrachtung-juli\/&#038;title=Monatsbetrachtung%20Juli' data-av_icon='\ue927' data-av_iconfont='entypo-fontello'  title='' data-avia-related-tooltip='Teilen auf Reddit'><span class='avia_hidden_link_text'>Teilen auf Reddit<\/span><\/a><\/li><li class='av-share-link av-social-link-mail avia_social_iconfont' ><a  aria-label=\"Per E-Mail teilen\" href='mailto:?subject=Monatsbetrachtung%20Juli&#038;body=https:\/\/imker-aigen.at\/index.php\/monatsbetrachtung-juli\/' data-av_icon='\ue805' data-av_iconfont='entypo-fontello'  title='' data-avia-related-tooltip='Per E-Mail teilen'><span class='avia_hidden_link_text'>Per E-Mail teilen<\/span><\/a><\/li><\/ul><\/div><\/div><\/p>\n<div  class='av-buildercomment av-8yref-0a77f292fd40291a227e07df3b7405ef'><\/div>\n","protected":false},"excerpt":{"rendered":"","protected":false},"author":1,"featured_media":0,"parent":0,"menu_order":0,"comment_status":"open","ping_status":"closed","template":"","meta":{"footnotes":""},"class_list":["post-743","page","type-page","status-publish","hentry"],"yoast_head":"<!-- This site is optimized with the Yoast SEO plugin v27.4 - https:\/\/yoast.com\/product\/yoast-seo-wordpress\/ -->\n<title>Imker Ortsgruppe Salzburg Aigen - Monatsbetrachtung Juli<\/title>\n<meta name=\"description\" content=\"Monatsbetrachtung der Imker Ortsgruppe Salzburg Aigen f\u00fcr den Monat Juli. Imker-T\u00e4tigkeiten f\u00fcr die Jungvolkbildung und Einweiselung.\" \/>\n<meta name=\"robots\" content=\"index, follow, max-snippet:-1, max-image-preview:large, max-video-preview:-1\" \/>\n<link rel=\"canonical\" href=\"https:\/\/imker-aigen.at\/index.php\/monatsbetrachtung-juli\/\" \/>\n<meta property=\"og:locale\" content=\"de_DE\" \/>\n<meta property=\"og:type\" content=\"article\" \/>\n<meta property=\"og:title\" content=\"Imker Ortsgruppe Salzburg Aigen - Monatsbetrachtung Juli\" \/>\n<meta property=\"og:description\" content=\"Monatsbetrachtung der Imker Ortsgruppe Salzburg Aigen f\u00fcr den Monat Juli. Imker-T\u00e4tigkeiten f\u00fcr die Jungvolkbildung und Einweiselung.\" \/>\n<meta property=\"og:url\" content=\"https:\/\/imker-aigen.at\/index.php\/monatsbetrachtung-juli\/\" \/>\n<meta property=\"og:site_name\" content=\"Imker Ortsgruppe Salzburg Aigen\" \/>\n<meta property=\"article:modified_time\" content=\"2023-07-02T09:39:04+00:00\" \/>\n<meta name=\"twitter:card\" content=\"summary_large_image\" \/>\n<meta name=\"twitter:label1\" content=\"Gesch\u00e4tzte Lesezeit\" \/>\n\t<meta name=\"twitter:data1\" content=\"7\u00a0Minuten\" \/>\n<script type=\"application\/ld+json\" class=\"yoast-schema-graph\">{\"@context\":\"https:\\\/\\\/schema.org\",\"@graph\":[{\"@type\":\"WebPage\",\"@id\":\"https:\\\/\\\/imker-aigen.at\\\/index.php\\\/monatsbetrachtung-juli\\\/\",\"url\":\"https:\\\/\\\/imker-aigen.at\\\/index.php\\\/monatsbetrachtung-juli\\\/\",\"name\":\"Imker Ortsgruppe Salzburg Aigen - Monatsbetrachtung Juli\",\"isPartOf\":{\"@id\":\"https:\\\/\\\/imker-aigen.at\\\/#website\"},\"datePublished\":\"2022-08-30T19:20:46+00:00\",\"dateModified\":\"2023-07-02T09:39:04+00:00\",\"description\":\"Monatsbetrachtung der Imker Ortsgruppe Salzburg Aigen f\u00fcr den Monat Juli. Imker-T\u00e4tigkeiten f\u00fcr die Jungvolkbildung und Einweiselung.\",\"breadcrumb\":{\"@id\":\"https:\\\/\\\/imker-aigen.at\\\/index.php\\\/monatsbetrachtung-juli\\\/#breadcrumb\"},\"inLanguage\":\"de\",\"potentialAction\":[{\"@type\":\"ReadAction\",\"target\":[\"https:\\\/\\\/imker-aigen.at\\\/index.php\\\/monatsbetrachtung-juli\\\/\"]}]},{\"@type\":\"BreadcrumbList\",\"@id\":\"https:\\\/\\\/imker-aigen.at\\\/index.php\\\/monatsbetrachtung-juli\\\/#breadcrumb\",\"itemListElement\":[{\"@type\":\"ListItem\",\"position\":1,\"name\":\"Startseite\",\"item\":\"https:\\\/\\\/imker-aigen.at\\\/index.php\\\/home\\\/\"},{\"@type\":\"ListItem\",\"position\":2,\"name\":\"Monatsbetrachtung Juli\"}]},{\"@type\":\"WebSite\",\"@id\":\"https:\\\/\\\/imker-aigen.at\\\/#website\",\"url\":\"https:\\\/\\\/imker-aigen.at\\\/\",\"name\":\"Imker Ortsgruppe Salzburg Aigen\",\"description\":\"Homepage der Imker-Ortsgruppe Salzburg Aigen\",\"publisher\":{\"@id\":\"https:\\\/\\\/imker-aigen.at\\\/#organization\"},\"potentialAction\":[{\"@type\":\"SearchAction\",\"target\":{\"@type\":\"EntryPoint\",\"urlTemplate\":\"https:\\\/\\\/imker-aigen.at\\\/?s={search_term_string}\"},\"query-input\":{\"@type\":\"PropertyValueSpecification\",\"valueRequired\":true,\"valueName\":\"search_term_string\"}}],\"inLanguage\":\"de\"},{\"@type\":\"Organization\",\"@id\":\"https:\\\/\\\/imker-aigen.at\\\/#organization\",\"name\":\"Imker Ortsgruppe Salzburg Aigen\",\"url\":\"https:\\\/\\\/imker-aigen.at\\\/\",\"logo\":{\"@type\":\"ImageObject\",\"inLanguage\":\"de\",\"@id\":\"https:\\\/\\\/imker-aigen.at\\\/#\\\/schema\\\/logo\\\/image\\\/\",\"url\":\"https:\\\/\\\/imker-aigen.at\\\/wp-content\\\/uploads\\\/2022\\\/08\\\/logo-1.png\",\"contentUrl\":\"https:\\\/\\\/imker-aigen.at\\\/wp-content\\\/uploads\\\/2022\\\/08\\\/logo-1.png\",\"width\":392,\"height\":156,\"caption\":\"Imker Ortsgruppe Salzburg Aigen\"},\"image\":{\"@id\":\"https:\\\/\\\/imker-aigen.at\\\/#\\\/schema\\\/logo\\\/image\\\/\"}}]}<\/script>\n<!-- \/ Yoast SEO plugin. -->","yoast_head_json":{"title":"Imker Ortsgruppe Salzburg Aigen - Monatsbetrachtung Juli","description":"Monatsbetrachtung der Imker Ortsgruppe Salzburg Aigen f\u00fcr den Monat Juli. Imker-T\u00e4tigkeiten f\u00fcr die Jungvolkbildung und Einweiselung.","robots":{"index":"index","follow":"follow","max-snippet":"max-snippet:-1","max-image-preview":"max-image-preview:large","max-video-preview":"max-video-preview:-1"},"canonical":"https:\/\/imker-aigen.at\/index.php\/monatsbetrachtung-juli\/","og_locale":"de_DE","og_type":"article","og_title":"Imker Ortsgruppe Salzburg Aigen - Monatsbetrachtung Juli","og_description":"Monatsbetrachtung der Imker Ortsgruppe Salzburg Aigen f\u00fcr den Monat Juli. Imker-T\u00e4tigkeiten f\u00fcr die Jungvolkbildung und Einweiselung.","og_url":"https:\/\/imker-aigen.at\/index.php\/monatsbetrachtung-juli\/","og_site_name":"Imker Ortsgruppe Salzburg Aigen","article_modified_time":"2023-07-02T09:39:04+00:00","twitter_card":"summary_large_image","twitter_misc":{"Gesch\u00e4tzte Lesezeit":"7\u00a0Minuten"},"schema":{"@context":"https:\/\/schema.org","@graph":[{"@type":"WebPage","@id":"https:\/\/imker-aigen.at\/index.php\/monatsbetrachtung-juli\/","url":"https:\/\/imker-aigen.at\/index.php\/monatsbetrachtung-juli\/","name":"Imker Ortsgruppe Salzburg Aigen - Monatsbetrachtung Juli","isPartOf":{"@id":"https:\/\/imker-aigen.at\/#website"},"datePublished":"2022-08-30T19:20:46+00:00","dateModified":"2023-07-02T09:39:04+00:00","description":"Monatsbetrachtung der Imker Ortsgruppe Salzburg Aigen f\u00fcr den Monat Juli. Imker-T\u00e4tigkeiten f\u00fcr die Jungvolkbildung und Einweiselung.","breadcrumb":{"@id":"https:\/\/imker-aigen.at\/index.php\/monatsbetrachtung-juli\/#breadcrumb"},"inLanguage":"de","potentialAction":[{"@type":"ReadAction","target":["https:\/\/imker-aigen.at\/index.php\/monatsbetrachtung-juli\/"]}]},{"@type":"BreadcrumbList","@id":"https:\/\/imker-aigen.at\/index.php\/monatsbetrachtung-juli\/#breadcrumb","itemListElement":[{"@type":"ListItem","position":1,"name":"Startseite","item":"https:\/\/imker-aigen.at\/index.php\/home\/"},{"@type":"ListItem","position":2,"name":"Monatsbetrachtung Juli"}]},{"@type":"WebSite","@id":"https:\/\/imker-aigen.at\/#website","url":"https:\/\/imker-aigen.at\/","name":"Imker Ortsgruppe Salzburg Aigen","description":"Homepage der Imker-Ortsgruppe Salzburg Aigen","publisher":{"@id":"https:\/\/imker-aigen.at\/#organization"},"potentialAction":[{"@type":"SearchAction","target":{"@type":"EntryPoint","urlTemplate":"https:\/\/imker-aigen.at\/?s={search_term_string}"},"query-input":{"@type":"PropertyValueSpecification","valueRequired":true,"valueName":"search_term_string"}}],"inLanguage":"de"},{"@type":"Organization","@id":"https:\/\/imker-aigen.at\/#organization","name":"Imker Ortsgruppe Salzburg Aigen","url":"https:\/\/imker-aigen.at\/","logo":{"@type":"ImageObject","inLanguage":"de","@id":"https:\/\/imker-aigen.at\/#\/schema\/logo\/image\/","url":"https:\/\/imker-aigen.at\/wp-content\/uploads\/2022\/08\/logo-1.png","contentUrl":"https:\/\/imker-aigen.at\/wp-content\/uploads\/2022\/08\/logo-1.png","width":392,"height":156,"caption":"Imker Ortsgruppe Salzburg Aigen"},"image":{"@id":"https:\/\/imker-aigen.at\/#\/schema\/logo\/image\/"}}]}},"_links":{"self":[{"href":"https:\/\/imker-aigen.at\/index.php\/wp-json\/wp\/v2\/pages\/743","targetHints":{"allow":["GET"]}}],"collection":[{"href":"https:\/\/imker-aigen.at\/index.php\/wp-json\/wp\/v2\/pages"}],"about":[{"href":"https:\/\/imker-aigen.at\/index.php\/wp-json\/wp\/v2\/types\/page"}],"author":[{"embeddable":true,"href":"https:\/\/imker-aigen.at\/index.php\/wp-json\/wp\/v2\/users\/1"}],"replies":[{"embeddable":true,"href":"https:\/\/imker-aigen.at\/index.php\/wp-json\/wp\/v2\/comments?post=743"}],"version-history":[{"count":15,"href":"https:\/\/imker-aigen.at\/index.php\/wp-json\/wp\/v2\/pages\/743\/revisions"}],"predecessor-version":[{"id":4069,"href":"https:\/\/imker-aigen.at\/index.php\/wp-json\/wp\/v2\/pages\/743\/revisions\/4069"}],"wp:attachment":[{"href":"https:\/\/imker-aigen.at\/index.php\/wp-json\/wp\/v2\/media?parent=743"}],"curies":[{"name":"wp","href":"https:\/\/api.w.org\/{rel}","templated":true}]}}