{"id":8987,"date":"2025-11-06T17:22:46","date_gmt":"2025-11-06T16:22:46","guid":{"rendered":"https:\/\/imker-aigen.at\/?page_id=8987"},"modified":"2026-02-04T18:22:01","modified_gmt":"2026-02-04T17:22:01","slug":"new-here-2","status":"publish","type":"page","link":"https:\/\/imker-aigen.at\/index.php\/about\/new-here-2\/","title":{"rendered":"Mitglied werden&#8230;"},"content":{"rendered":"\n<style type=\"text\/css\" data-created_by=\"avia_inline_auto\" id=\"style-css-av-2wnl0e-ee7e8cba47b5668726c9fbc14ee0378e\">\n.avia-section.av-2wnl0e-ee7e8cba47b5668726c9fbc14ee0378e{\nbackground-repeat:no-repeat;\nbackground-image:url(https:\/\/imker-aigen.at\/wp-content\/uploads\/2022\/08\/bee_comb2-scaled.jpg);\nbackground-position:50% 50%;\nbackground-attachment:fixed;\n}\n.avia-section.av-2wnl0e-ee7e8cba47b5668726c9fbc14ee0378e .av-section-color-overlay{\nopacity:0.2;\nbackground-color:#000000;\n}\n<\/style>\n<div id='av_section_1'  class='avia-section av-2wnl0e-ee7e8cba47b5668726c9fbc14ee0378e main_color avia-section-large avia-no-shadow  avia-builder-el-0  el_before_av_section  avia-builder-el-first  avia-full-stretch avia-bg-style-fixed av-section-color-overlay-active container_wrap sidebar_right'  data-section-bg-repeat='stretch'><div class=\"av-section-color-overlay-wrap\"><div class=\"av-section-color-overlay\"><\/div><div class='container av-section-cont-open' ><main  role=\"main\" itemprop=\"mainContentOfPage\"  class='template-page content  av-content-small alpha units'><div class='post-entry post-entry-type-page post-entry-8987'><div class='entry-content-wrapper clearfix'>\n\n<style type=\"text\/css\" data-created_by=\"avia_inline_auto\" id=\"style-css-av-2otzny-ed06401d2920d87f4120838c388eba78\">\n#top .av-special-heading.av-2otzny-ed06401d2920d87f4120838c388eba78{\npadding-bottom:0;\ncolor:#ffffff;\nfont-size:50px;\n}\nbody .av-special-heading.av-2otzny-ed06401d2920d87f4120838c388eba78 .av-special-heading-tag .heading-char{\nfont-size:25px;\n}\n#top #wrap_all .av-special-heading.av-2otzny-ed06401d2920d87f4120838c388eba78 .av-special-heading-tag{\nfont-size:50px;\n}\n.av-special-heading.av-2otzny-ed06401d2920d87f4120838c388eba78 .special-heading-inner-border{\nborder-color:#ffffff;\n}\n.av-special-heading.av-2otzny-ed06401d2920d87f4120838c388eba78 .av-subheading{\nfont-size:15px;\n}\n\n@media only screen and (min-width: 480px) and (max-width: 767px){ \n#top #wrap_all .av-special-heading.av-2otzny-ed06401d2920d87f4120838c388eba78 .av-special-heading-tag{\nfont-size:0.8em;\n}\n}\n\n@media only screen and (max-width: 479px){ \n#top #wrap_all .av-special-heading.av-2otzny-ed06401d2920d87f4120838c388eba78 .av-special-heading-tag{\nfont-size:0.8em;\n}\n}\n<\/style>\n<div  class='av-special-heading av-2otzny-ed06401d2920d87f4120838c388eba78 av-special-heading-h3 custom-color-heading blockquote modern-quote modern-centered  avia-builder-el-1  el_before_av_hr  avia-builder-el-first  av-inherit-size'><h3 class='av-special-heading-tag '  itemprop=\"headline\"  >Du willst Mitglied in unserem Verein werden?<\/h3><div class='av_custom_color av-subheading av-subheading_below'><p>Du bist nie zu alt, um einen neuen Traum zu tr\u00e4umen. (C. S. Lewis)<\/p>\n<\/div><div class=\"special-heading-border\"><div class=\"special-heading-inner-border\"><\/div><\/div><\/div>\n\n<style type=\"text\/css\" data-created_by=\"avia_inline_auto\" id=\"style-css-av-2ibxqm-92e1aab3851dd571619234ff388df172\">\n#top .hr.av-2ibxqm-92e1aab3851dd571619234ff388df172{\nmargin-top:30px;\nmargin-bottom:30px;\n}\n.hr.av-2ibxqm-92e1aab3851dd571619234ff388df172 .hr-inner{\nwidth:20%;\nborder-color:rgba(255,255,255,0.76);\nmax-width:45%;\n}\n.hr.av-2ibxqm-92e1aab3851dd571619234ff388df172 .av-seperator-icon{\ncolor:#ffffff;\n}\n.hr.av-2ibxqm-92e1aab3851dd571619234ff388df172 .av-seperator-icon.avia-svg-icon svg:first-child{\nfill:#ffffff;\nstroke:#ffffff;\n}\n<\/style>\n<div  class='hr av-2ibxqm-92e1aab3851dd571619234ff388df172 hr-custom  avia-builder-el-2  el_after_av_heading  avia-builder-el-last  hr-center hr-icon-yes'><span class='hr-inner inner-border-av-border-thin'><span class=\"hr-inner-style\"><\/span><\/span><span class='av-seperator-icon avia-iconfont avia-font-entypo-fontello' data-av_icon='\ue8bf' data-av_iconfont='entypo-fontello' ><\/span><span class='hr-inner inner-border-av-border-thin'><span class=\"hr-inner-style\"><\/span><\/span><\/div>\n\n<\/div><\/div><\/main><!-- close content main element --><\/div><\/div><\/div><div id='av_section_2'  class='avia-section av-2h3odi-a93a495a0b4233b0bccc77ccc738ad14 main_color avia-section-small avia-no-border-styling  avia-builder-el-3  el_after_av_section  avia-builder-el-last  avia-bg-style-fixed container_wrap sidebar_right'  ><div class='container av-section-cont-open' ><div class='template-page content  av-content-small alpha units'><div class='post-entry post-entry-type-page post-entry-8987'><div class='entry-content-wrapper clearfix'>\n<div  class='hr av-egpny-43207ed36b2b036f18bf5faefc708ca8 hr-default  avia-builder-el-4  el_before_av_two_third  avia-builder-el-first '><span class='hr-inner '><span class=\"hr-inner-style\"><\/span><\/span><\/div>\n<div class='flex_column_table av-27tz9a-39c8256e703e098f9c34c8b5ac5c1e0b sc-av_two_third av-equal-height-column-flextable'>\n<style type=\"text\/css\" data-created_by=\"avia_inline_auto\" id=\"style-css-av-27tz9a-39c8256e703e098f9c34c8b5ac5c1e0b\">\n#top .flex_column_table.av-equal-height-column-flextable.av-27tz9a-39c8256e703e098f9c34c8b5ac5c1e0b{\nmargin-top:-60px;\nmargin-bottom:0px;\n}\n.flex_column.av-27tz9a-39c8256e703e098f9c34c8b5ac5c1e0b{\nborder-radius:0px 0px 0px 0px;\npadding:30px 30px 30px 30px;\nbackground-color:#ffffff;\n}\n<\/style>\n<div  class='flex_column av-27tz9a-39c8256e703e098f9c34c8b5ac5c1e0b av_two_third  avia-builder-el-5  el_after_av_hr  el_before_av_one_third  first no_margin flex_column_table_cell av-equal-height-column av-align-top  '     ><style type=\"text\/css\" data-created_by=\"avia_inline_auto\" id=\"style-css-av-1ytzoe-cd4809f3834a87eab0af62fc6b683f2d\">\n#top .av_textblock_section.av-1ytzoe-cd4809f3834a87eab0af62fc6b683f2d .avia_textblock{\nfont-size:18px;\n}\n<\/style>\n<section  class='av_textblock_section av-1ytzoe-cd4809f3834a87eab0af62fc6b683f2d '   itemscope=\"itemscope\" itemtype=\"https:\/\/schema.org\/CreativeWork\" ><div class='avia_textblock'  itemprop=\"text\" ><h1>Du hast Interesse an der Natur, an den Bienen und\/oder der Imkerei?<\/h1>\n<p>Dann bist du bei uns absolut an der richtigen Stelle! Wir w\u00fcrden uns sehr freuen, Dich als neues Mitglied im Verein begr\u00fc\u00dfen zu d\u00fcrfen!<\/p>\n<blockquote>\n<p>Es ist wichtig, dass Imker neben der <a href=\"https:\/\/vis.statistik.at\/vis\/bienen\/meldepflichten\">vorgeschriebenen Meldung<\/a> an das <a href=\"https:\/\/vis.statistik.at\/vis\">Verbrauchergesundheitsinformationssystem (VIS)<\/a> auch Mitglieder der \u00f6rtlichen Ortsgruppe sind bzw. mit der \u00f6rtlichen Ortsgruppe in Kontakt stehen. Nur so k\u00f6nnen Behandlungsma\u00dfnahmen im Umkreis der Ortsgruppen ausreichend abgestimmt und koordiniert werden. Alle Imker mit Bienenv\u00f6lkern sollten ihre Bienenv\u00f6lker \u00fcber die Versicherung des Landesverbands versichern. Diese Versicherung deckt etwaige Sturmsch\u00e4den sowie Sch\u00e4den bei Ausbr\u00fcchen von Bienenkrankheiten ab.<\/p>\n<\/blockquote>\n<\/div><\/section><br \/>\n\n<style type=\"text\/css\" data-created_by=\"avia_inline_auto\" id=\"style-css-av-1qljly-8257b258144f88f401cfe3deedd53cb5\">\n#top .hr.av-1qljly-8257b258144f88f401cfe3deedd53cb5{\nmargin-top:30px;\nmargin-bottom:30px;\n}\n.hr.av-1qljly-8257b258144f88f401cfe3deedd53cb5 .hr-inner{\nwidth:45%;\nmax-width:45%;\n}\n<\/style>\n<div  class='hr av-1qljly-8257b258144f88f401cfe3deedd53cb5 hr-custom  avia-builder-el-7  el_after_av_textblock  el_before_av_textblock  hr-center hr-icon-yes'><span class='hr-inner inner-border-av-border-thin'><span class=\"hr-inner-style\"><\/span><\/span><span class='av-seperator-icon avia-iconfont avia-font-entypo-fontello' data-av_icon='\ue8bf' data-av_iconfont='entypo-fontello' ><\/span><span class='hr-inner inner-border-av-border-thin'><span class=\"hr-inner-style\"><\/span><\/span><\/div><br \/>\n<section  class='av_textblock_section av-1jug2e-5b622206277c95c00b33774483126070 '   itemscope=\"itemscope\" itemtype=\"https:\/\/schema.org\/CreativeWork\" ><div class='avia_textblock'  itemprop=\"text\" ><h2>Welche Arten der Mitgliedschaft gibt es bei uns im Verein?<\/h2>\n<p>Mitglied k\u00f6nnen alle nat\u00fcrlichen und juristischen Personen sowie rechtsf\u00e4hige Personengesellschaften werden.<\/p>\n<p><strong>Ordentliche Mitglieder<\/strong><br \/>\nOrdentliche Mitglieder bekennen sich zu den Statuten des Vereins und beteiligen sich aktiv an der Vereinsarbeit. Den ordentlichen Mitgliedern steht das Stimm- und Wahlrecht in der Mitgliederversammlung des Vereins und in der Gauversammlung des Landesverbandes zu.<\/p>\n<p><strong>Au\u00dferordentliche Mitglieder<\/strong><br \/>\nMitglieder, welche dem Verein besonderes Interesse entgegenbringen und den Verein f\u00f6rdern und unterst\u00fctzen. Au\u00dferordentliche Mitglieder k\u00f6nnen unter anderem Imker aus anderen Ortsgruppen, anderen Bundesl\u00e4ndern, etc. sein. Zur Vereinfachung &#8211; insbesondere beim Wahlrecht &#8211; werden rechtsf\u00e4hige Personengesellschaften derzeit nur als au\u00dferordentliche Mitglieder aufgenommen.<\/p>\n<p><strong>Ehrenmitglieder<\/strong><br \/>\nMitglieder, welche aufgrund besonderer Verdienste um den Verein oder langj\u00e4hriger Mitgliedschaft vom Verein zu Ehrenmitgliedern ernannt wurden. <strong>Ehrenmitglieder und Jugendliche (unter 18 Jahren) sind von den Beitr\u00e4gen befreit.<\/strong><\/p>\n<\/div><\/section><br \/>\n\n<style type=\"text\/css\" data-created_by=\"avia_inline_auto\" id=\"style-css-av-1cbw3i-6b38ea9547ec0d487c33679e230df002\">\n.avia-image-container.av-1cbw3i-6b38ea9547ec0d487c33679e230df002 img.avia_image{\nbox-shadow:none;\n}\n.avia-image-container.av-1cbw3i-6b38ea9547ec0d487c33679e230df002 .av-image-caption-overlay-center{\ncolor:#ffffff;\n}\n<\/style>\n<div  class='avia-image-container av-1cbw3i-6b38ea9547ec0d487c33679e230df002 av-styling- avia-align-center  avia-builder-el-9  el_after_av_textblock  el_before_av_hr '   itemprop=\"image\" itemscope=\"itemscope\" itemtype=\"https:\/\/schema.org\/ImageObject\" ><div class=\"avia-image-container-inner\"><div class=\"avia-image-overlay-wrap\"><img decoding=\"async\" fetchpriority=\"high\" class='wp-image-331 avia-img-lazy-loading-not-331 avia_image ' src=\"https:\/\/imker-aigen.at\/wp-content\/uploads\/2014\/08\/group-of-friends-outdoors-m-845x321.jpg\" alt='Mai 2022' title='Mai 2022'  height=\"321\" width=\"845\"  itemprop=\"thumbnailUrl\"  \/><\/div><\/div><\/div><br \/>\n<div  class='hr av-8i3l2-c5d4818ef244e69cd3cb77b7eb0b9776 hr-default  avia-builder-el-10  el_after_av_image  el_before_av_textblock '><span class='hr-inner '><span class=\"hr-inner-style\"><\/span><\/span><\/div><br \/>\n<section  class='av_textblock_section av-latdew2t-88df66a94d2fbe3faeaeadbcc91e1ec0 '   itemscope=\"itemscope\" itemtype=\"https:\/\/schema.org\/CreativeWork\" ><div class='avia_textblock'  itemprop=\"text\" ><h2>Wie kannst Du eine Mitgliedschaft erwerben?<\/h2>\n<p>Bitte sende uns deine Kontaktdaten, die gew\u00fcnschte Art der Mitgliedschaft und deine derzeitige Anzahl an Bienenv\u00f6lkern (sofern vorhanden) \u00fcber das <a href=\"https:\/\/imker-aigen.at\/index.php\/contact\/\">Kontaktformular<\/a>. Wir melden uns bei dir und bereiten alles f\u00fcr eine Mitgliedschaft vor.<\/p>\n<p>Zwischenzeitlich kannst du schon diese beiden Formulare ausf\u00fcllen:<\/p>\n<ul>\n<li><a href=\"https:\/\/imker-aigen.at\/wp-content\/uploads\/2024\/12\/Beitrittsformular-LVGen-2025.pdf\">Beitrittserkl\u00e4rung Imkerverein Salzburg Aigen (inkl. Landesverband)<\/a><\/li>\n<li><a href=\"https:\/\/imker-aigen.at\/wp-content\/uploads\/2023\/01\/Mitglieder-Stammblatt-R2.pdf\">Mitglieder Stammblatt &#8211; Imkerverein Salzburg Aigen<\/a><\/li>\n<\/ul>\n<p>Bitte die beiden Formulare ausf\u00fcllen und unterschrieben an uns retour senden!<\/p>\n<\/div><\/section><br \/>\n<div  class='hr av-li8za-2f955f7f53fa295963cdfd4ec06feccf hr-default  avia-builder-el-12  el_after_av_textblock  el_before_av_textblock '><span class='hr-inner '><span class=\"hr-inner-style\"><\/span><\/span><\/div><br \/>\n<section  class='av_textblock_section av-ld4dl5rh-52189902c99ea834d69f88ceeac58e42 '   itemscope=\"itemscope\" itemtype=\"https:\/\/schema.org\/CreativeWork\" ><div class='avia_textblock'  itemprop=\"text\" ><h2>Welche Kosten entstehen?<\/h2>\n<h3>Mitgliedsbeitrag Imkerverein Salzburg Aigen<\/h3>\n<p>In unserem Verein sind Jungimker unter 18 Jahren sowie Ehrenmitglieder von s\u00e4mtlichen Mitgliedsbeitr\u00e4gen befreit.<\/p>\n<\/div><\/section><br \/>\n<div  class='avia-table av-h2yq4e-24874200fa9824f8b6a9e60c8bd86867 main_color avia-pricing-table-container avia_pricing_default  avia-builder-el-14  el_after_av_textblock  el_before_av_hr  avia-table-1'  itemscope=\"itemscope\" itemtype=\"https:\/\/schema.org\/Table\" ><div class=\"pricing-table-wrap\"><ul class='pricing-table avia-highlight-col'><li class='avia-heading-row'><div class='first-table-item'>J\u00e4hrlicher Mitgliedsbeitrag des Imkervereins Salzburg Aigen (pro Person)<\/div><span class='pricing-extra'><\/span><\/li><li class='avia-pricing-row'>8,00 <span class=\"currency-symbol\">\u20ac<\/span><\/li><\/ul><\/div><\/div><br \/>\n\n<style type=\"text\/css\" data-created_by=\"avia_inline_auto\" id=\"style-css-av-m5m7a0ho-8abde01e4881ce28cd4258ff646b0f71\">\n#top .hr.hr-invisible.av-m5m7a0ho-8abde01e4881ce28cd4258ff646b0f71{\nheight:100px;\n}\n<\/style>\n<div  class='hr av-m5m7a0ho-8abde01e4881ce28cd4258ff646b0f71 hr-invisible  avia-builder-el-15  el_after_av_table  el_before_av_textblock '><span class='hr-inner '><span class=\"hr-inner-style\"><\/span><\/span><\/div><br \/>\n<section  class='av_textblock_section av-latdikus-ab0c73a53b34feec92907edf1870eab5 '   itemscope=\"itemscope\" itemtype=\"https:\/\/schema.org\/CreativeWork\" ><div class='avia_textblock'  itemprop=\"text\" ><h3>An den Landesverband zu entrichtende Jahresbeitr\u00e4ge (gem\u00e4\u00df Geb\u00fchrenordnung 2026)<\/h3>\n<p>Die an den Landesverband zu bezahlenden Beitr\u00e4ge werden von unserem Verein an den Landesverband \u00fcberwiesen. Daher <strong>alle Beitr\u00e4ge bitte immer nur auf unser Vereinskonto einzahlen<\/strong>. Direkte Zahlungen an den Landesverband erschweren in Folge nur die Gesamtabrechnung mit dem Landesverband.<\/p>\n<p><strong>Alle Vereinsmitglieder werden gebeten alle Beitr\u00e4ge bereits Anfang des Jahres (im J\u00e4nner) auf das Konto des Vereins zu \u00fcberweisen.\u00a0<\/strong><\/p>\n<p>Zus\u00e4tzlich zum Mitgliedsbeitrag des Vereins k\u00f6nnen sich folgende j\u00e4hrliche Zusatzkosten aus den Zahlungen an den Landesverband ergeben:<\/p>\n<h4>Mit Zeitschrift <a href=\"https:\/\/www.bienenaktuell.com\/\">&#8222;Bienen aktuell&#8220;<\/a><\/h4>\n<\/div><\/section><br \/>\n<div  class='avia-table av-gca8ym-4ea67a22c08e5d3ff2f17c419302ac17 main_color avia-pricing-table-container avia_pricing_default  avia-builder-el-17  el_after_av_textblock  el_before_av_textblock  avia-table-2'  itemscope=\"itemscope\" itemtype=\"https:\/\/schema.org\/Table\" ><div class=\"pricing-table-wrap\"><ul class='pricing-table '><li class='avia-heading-row'><div class='first-table-item'>bis 50 V\u00f6lker<\/div><span class='pricing-extra'><\/span><\/li><li class='avia-pricing-row'>54,60 <span class=\"currency-symbol\">\u20ac<\/span><\/li><\/ul><\/div><div class=\"pricing-table-wrap\"><ul class='pricing-table '><li class='avia-heading-row'><div class='first-table-item'>51-100 V\u00f6lker<\/div><span class='pricing-extra'><\/span><\/li><li class='avia-pricing-row'>69,60 <span class=\"currency-symbol\">\u20ac<\/span><\/li><\/ul><\/div><div class=\"pricing-table-wrap\"><ul class='pricing-table '><li class='avia-heading-row'><div class='first-table-item'>101-150 V\u00f6lker<\/div><span class='pricing-extra'><\/span><\/li><li class='avia-pricing-row'>84,60 <span class=\"currency-symbol\">\u20ac<\/span><\/li><\/ul><\/div><div class=\"pricing-table-wrap\"><ul class='pricing-table '><li class='avia-heading-row'><div class='first-table-item'>151-200 V\u00f6lker<\/div><span class='pricing-extra'><\/span><\/li><li class='avia-pricing-row'>99,60 <span class=\"currency-symbol\">\u20ac<\/span><\/li><\/ul><\/div><\/div><br \/>\n<section  class='av_textblock_section av-latd452x-8f58d6e25207e7ff69dbac173a98dced '   itemscope=\"itemscope\" itemtype=\"https:\/\/schema.org\/CreativeWork\" ><div class='avia_textblock'  itemprop=\"text\" ><p><strong>Bienenpaket-Landesverband (bis 50 V\u00f6lker)<\/strong> = <a href=\"https:\/\/imkerhof-salzburg.at\/\">Salzburger Landesverband<\/a>\u00a0 (14,50 \u20ac) + <a href=\"https:\/\/www.imkerbund.at\/\">\u00d6sterreichischer Imkerbund<\/a> (8,00 \u20ac) + Versicherung (10,00 \u20ac) + Zeitschrift <a href=\"https:\/\/www.bienenaktuell.com\/\">\u201eBienen aktuell\u201c<\/a> (22,10 \u20ac) = <strong>54,60 \u20ac<\/strong><\/p>\n<p>Die Abgabe an den <a href=\"https:\/\/www.imkerbund.at\/\">\u00d6sterreichischen Imkerbund<\/a> erh\u00f6ht sich 2026 von bisher 5,00 \u20ac auf 8,00 \u20ac<\/p>\n<p>Der erste Versicherungsblock f\u00fcr 50 V\u00f6lker kostet 10,00 \u20ac.\u00a0 Jeder weitere Block zu je 50 V\u00f6lkern kostet jeweils 15,00 \u20ac.<\/p>\n<p><strong>Die Jahresgeb\u00fchr f\u00fcr die monatlich erscheinende Zeitschrift <a href=\"https:\/\/www.bienenaktuell.com\/\">\u201eBienen aktuell\u201c<\/a> betr\u00e4gt 22,10 \u20ac.\u00a0 Falls die Zeitschrift nicht gew\u00fcnscht wird, kann dieser Betrag abgezogen werden. Ein bestehendes Abo der Zeitschrift kann immer nur bis sp\u00e4testens 30.9 des Jahres f\u00fcr das kommende Jahr beim <a href=\"mailto: landesverband@imkerhof-salzburg.at\">B\u00fcro des Landesverbandes (E-Mail: landesverband@imkerhof-salzburg.at)<\/a> storniert werden.<\/strong><\/p>\n<p><strong>Mindestpaket-Landesverband (bis 50 V\u00f6lker &#8211; keine Zeitschrift) <\/strong>= <a href=\"https:\/\/imkerhof-salzburg.at\/\">Salzburger Landesverband<\/a>\u00a0 (14,50 \u20ac) + <a href=\"https:\/\/www.imkerbund.at\/\">\u00d6sterreichischer Imkerbund<\/a> (8,00 \u20ac) + Versicherung (10,00 \u20ac) = <strong>32,50 \u20ac<\/strong><\/p>\n<p><strong>Jungimker unter 18 Jahren<\/strong> bezahlen 10,00 \u20ac pro Jahr f\u00fcr das Bienenpaket beim Landesverband.<\/p>\n<h4><strong>\u00a0Ohne Zeitschrift <a href=\"https:\/\/www.bienenaktuell.com\/\">&#8222;Bienen aktuell&#8220;<\/a><br \/>\n<\/strong><\/h4>\n<\/div><\/section><br \/>\n<div  class='avia-table av-1v9spi-8be3556fa5cb1429eedccbe31e01fd44 main_color avia-pricing-table-container avia_pricing_default  avia-builder-el-19  el_after_av_textblock  el_before_av_textblock  avia-table-3'  itemscope=\"itemscope\" itemtype=\"https:\/\/schema.org\/Table\" ><div class=\"pricing-table-wrap\"><ul class='pricing-table '><li class='avia-heading-row'><div class='first-table-item'>bis 50 V\u00f6lker<\/div><span class='pricing-extra'><\/span><\/li><li class='avia-pricing-row'>32,50 <span class=\"currency-symbol\">\u20ac<\/span><\/li><\/ul><\/div><div class=\"pricing-table-wrap\"><ul class='pricing-table '><li class='avia-heading-row'><div class='first-table-item'>51-100 V\u00f6lker<\/div><span class='pricing-extra'><\/span><\/li><li class='avia-pricing-row'>47,50 <span class=\"currency-symbol\">\u20ac<\/span><\/li><\/ul><\/div><div class=\"pricing-table-wrap\"><ul class='pricing-table '><li class='avia-heading-row'><div class='first-table-item'>101-150 V\u00f6lker<\/div><span class='pricing-extra'><\/span><\/li><li class='avia-pricing-row'>62,50 <span class=\"currency-symbol\">\u20ac<\/span><\/li><\/ul><\/div><div class=\"pricing-table-wrap\"><ul class='pricing-table '><li class='avia-heading-row'><div class='first-table-item'>151-200 V\u00f6lker<\/div><span class='pricing-extra'><\/span><\/li><li class='avia-pricing-row'>77,50 <span class=\"currency-symbol\">\u20ac<\/span><\/li><\/ul><\/div><\/div><br \/>\n<section  class='av_textblock_section av-m5mbh17r-4076f555c0c50f921f18f000b4a3c16f '   itemscope=\"itemscope\" itemtype=\"https:\/\/schema.org\/CreativeWork\" ><div class='avia_textblock'  itemprop=\"text\" ><p><strong>Es steht allen Mitgliedern frei, auch ohne Bienen bzw. Bienen mit einer Versicherung \u00fcber eine andere Vereinsmitgliedschaft, zus\u00e4tzlich auch beim Landesverband als Mitglied unseres Vereins gemeldet zu sein.\u00a0 Dies k\u00f6nnte auch auf Partnerschaften zutreffen, wo beide Partner ordentliche Mitglieder in unserem Verein und im Landesverband sein wollen. In solchen F\u00e4llen ist dann das Mindestpaket des Landesverbands von 32,50 \u20ac pro Person zu bezahlen. Nur Mitglieder beim Landesverband kommen auch in den Genuss der Unterst\u00fctzungen seitens des Landesverbandes (Verg\u00fcnstigungen, Ehrungen etc.).<br \/>\n<\/strong><\/p>\n<\/div><\/section><br \/>\n\n<style type=\"text\/css\" data-created_by=\"avia_inline_auto\" id=\"style-css-av-m5mbvbpb-0381eb037af87bc2ead9869bcf1ce995\">\n#top .hr.hr-invisible.av-m5mbvbpb-0381eb037af87bc2ead9869bcf1ce995{\nheight:75px;\n}\n<\/style>\n<div  class='hr av-m5mbvbpb-0381eb037af87bc2ead9869bcf1ce995 hr-invisible  avia-builder-el-21  el_after_av_textblock  el_before_av_textblock '><span class='hr-inner '><span class=\"hr-inner-style\"><\/span><\/span><\/div><br \/>\n<section  class='av_textblock_section av-ld4e4uxc-724d682d350f1aef2d09e83490465ca4 '   itemscope=\"itemscope\" itemtype=\"https:\/\/schema.org\/CreativeWork\" ><div class='avia_textblock'  itemprop=\"text\" ><h4>Einmalig zu zahlende(r) Genossenschaftsanteil(e)<\/h4>\n<p>Ordentliche Mitglieder sind verpflichtet, <strong>einmalig<\/strong> mindestens einen Genossenschaftsanteil der Salzburger Imkergenossenschaft reg.Gen.m.b.H. zu erwerben. Es k\u00f6nnen auch mehrere Genossenschaftsanteile erworben werden. Bei mehr als 10 Genossenschaftsanteilen ist aber die Zustimmung der Imkergenossenschaft erforderlich.<\/p>\n<p>Genossenschaftsanteile k\u00f6nnen auch \u00fcbernommen werden (z.B.: vom Vater oder Gro\u00dfvater). Wenn ein Neumitglied Anteile von jemandem \u00fcbernimmt, bitte dies auf der Beitrittserkl\u00e4rung vermerken.<\/p>\n<\/div><\/section><br \/>\n<div  class='avia-table av-9y8uk6-a34afa415e61a766162690173f745890 main_color avia-pricing-table-container avia_pricing_default  avia-builder-el-23  el_after_av_textblock  el_before_av_textblock  avia-table-4'  itemscope=\"itemscope\" itemtype=\"https:\/\/schema.org\/Table\" ><div class=\"pricing-table-wrap\"><ul class='pricing-table '><li class='avia-heading-row'><div class='first-table-item'>Ein Anteil an der Genossenschaft<\/div><span class='pricing-extra'><\/span><\/li><li class='avia-pricing-row'>4,00 <span class=\"currency-symbol\">\u20ac<\/span><\/li><\/ul><\/div><\/div><br \/>\n<section  class='av_textblock_section av-latdr4qz-76f333ae0ec88c9ca1fd96879b33a1f7 '   itemscope=\"itemscope\" itemtype=\"https:\/\/schema.org\/CreativeWork\" ><div class='avia_textblock'  itemprop=\"text\" ><h3>Berechnungsbeispiele:<\/h3>\n<h4>Folge-Mitgliedschaften <strong>(kein Genossenschaftsanteil zu bezahlen)<\/strong>:<\/h4>\n<\/div><\/section><br \/>\n<section  class='av_textblock_section av-lcj2eprt-ae16d737fdfa91f0cb9165ba750bc5e9 '   itemscope=\"itemscope\" itemtype=\"https:\/\/schema.org\/CreativeWork\" ><div class='av-desktop-hide av-medium-hide av-small-hide avia_textblock'  itemprop=\"text\" ><p><a href=\"https:\/\/imker-aigen.at\/wp-content\/uploads\/2025\/11\/Folge-Mitgliedsbeitraege_2026_R0.pdf\">Berechnungsbeispiele f\u00fcr Folge-Mitgliedschaften<\/a><\/p>\n<\/div><\/section><br \/>\n<div class='avia-data-table-wrap av-do2iim-6324d548a68104e6478fe0bb1ffef66d avia_responsive_table av-mini-hide avia-table-5'><table  class='avia-table avia-data-table avia_pricing_default  avia-builder-el-26  el_after_av_textblock  el_before_av_textblock '  itemscope=\"itemscope\" itemtype=\"https:\/\/schema.org\/Table\" ><tbody><tr class=''><td class=''><\/td><td class=''>Vereinsmitglied (Einzelperson) mit weniger als 50 Bienenst\u00f6cken<\/td><td class=''>Ehepaar mit weniger als 50 Bienenst\u00f6cken (2 x Vereinsmitglied + 1 x Bienenpaket)<\/td><td class=''>Mitglied (keine Bienen oder Bienen \u00fcber eine andere Vereinsmitgliedschaft versichert)<\/td><\/tr><tr class=''><td class=''>Mitgliedsbeitrag<\/td><td class=''>8,00 \u20ac<\/td><td class=''>16,00 \u20ac<\/td><td class=''>8,00 \u20ac<\/td><\/tr><tr class=''><td class=''>Landesverband Bienenpaket<\/td><td class=''>54,60 \u20ac<\/td><td class=''>54,60 \u20ac<\/td><td class=''><\/td><\/tr><tr class=''><td class=''>Summe<\/td><td class=''>62,60 \u20ac<\/td><td class=''>70,60 \u20ac<\/td><td class=''>8,00 \u20ac<\/td><\/tr><\/tbody><\/table><\/div><br \/>\n<section  class='av_textblock_section av-latdn5l7-a2f6ebd962af7f5b1ff5aa12e3cc9674 '   itemscope=\"itemscope\" itemtype=\"https:\/\/schema.org\/CreativeWork\" ><div class='avia_textblock'  itemprop=\"text\" ><h4>Neu-Mitgliedschaften <strong>(inkl. einmaligem Genossenschaftsanteil)<\/strong>:<\/h4>\n<\/div><\/section><br \/>\n<section  class='av_textblock_section av-lcj2dn6k-42029593e9c7ce495f617956fdb9f335 '   itemscope=\"itemscope\" itemtype=\"https:\/\/schema.org\/CreativeWork\" ><div class='av-desktop-hide av-medium-hide av-small-hide avia_textblock'  itemprop=\"text\" ><p><a href=\"https:\/\/imker-aigen.at\/wp-content\/uploads\/2025\/11\/Neu-Mitgliedsbeitraege_2026_R0.pdf\">Berechnungsbeispiele f\u00fcr Neu-Mitgliedschaften<\/a><\/p>\n<\/div><\/section><br \/>\n<div class='avia-data-table-wrap av-7k94km-9c63be6da4f7ccd8d2e0f090d5f75060 avia_responsive_table av-mini-hide avia-table-6'><table  class='avia-table avia-data-table avia_pricing_default  avia-builder-el-29  el_after_av_textblock  el_before_av_hr '  itemscope=\"itemscope\" itemtype=\"https:\/\/schema.org\/Table\" ><tbody><tr class=''><td class=''><\/td><td class=''>Vereinsmitglied (Einzelperson) mit weniger als 50 Bienenst\u00f6cken<\/td><td class=''>Ehepaar mit weniger als 50 Bienenst\u00f6cken (2 x Vereinsmitglied + 1 x Bienenpaket)<\/td><td class=''>Mitglied (keine Bienen oder Bienen \u00fcber eine andere Vereinsmitgliedschaft versichert)<\/td><\/tr><tr class=''><td class=''>Mitgliedsbeitrag<\/td><td class=''>8,00 \u20ac<\/td><td class=''>16,00 \u20ac<\/td><td class=''>8,00 \u20ac<\/td><\/tr><tr class=''><td class=''>Landesverband Bienenpaket<\/td><td class=''>54,60 \u20ac<\/td><td class=''>54,60 \u20ac<\/td><td class=''><\/td><\/tr><tr class=''><td class=''>Ein Anteil an der Genossenschaft<\/td><td class=''>4,00 \u20ac<\/td><td class=''>4,00 \u20ac<\/td><td class=''><\/td><\/tr><tr class=''><td class=''>Summe<\/td><td class=''>66,60 \u20ac<\/td><td class=''>74,60 \u20ac<\/td><td class=''>8,00 \u20ac<\/td><\/tr><\/tbody><\/table><\/div><br \/>\n<div  class='hr av-g77ny-e1bf9487a6a614d0f9246bf17e9d9a5c hr-default  avia-builder-el-30  el_after_av_table  el_before_av_textblock '><span class='hr-inner '><span class=\"hr-inner-style\"><\/span><\/span><\/div><br \/>\n<section  class='av_textblock_section av-latfno8d-4f4594a11d4cdd5b4e7a0a6b89f870e5 '   itemscope=\"itemscope\" itemtype=\"https:\/\/schema.org\/CreativeWork\" ><div class='avia_textblock'  itemprop=\"text\" ><h2>Wie sind die Beitr\u00e4ge zu bezahlen?<\/h2>\n<p>Bitte alle Zahlungen auf das Vereinskonto \u00fcberweisen oder bei einer Jahreshauptversammlung direkt bei unserem Kassier einbezahlen.<\/p>\n<p><strong>Achtung: <\/strong>Bitte <strong>keine<\/strong> direkten \u00dcberweisungen an den Landesverband durchf\u00fchren! <strong>S\u00e4mtliche Beitragszahlungen an den Landesverband werden von unserem Verein \u00fcber das Vereinskonto durchgef\u00fchrt.<\/strong><\/p>\n<p><strong>\u00c4nderung ab 2026:<\/strong> Die Beitr\u00e4ge von Neumitgliedern werden im Beitrittsjahr vom Landesverband selbst eingehoben. In den Folgejahren \u00fcbernimmt unser Verein die Zahlungen an den Landesverband.<\/p>\n<\/div><\/section><br \/>\n<div  class='hr av-gdn5a-83b05971ca9acf8f387872c64c8e2ce5 hr-default  avia-builder-el-32  el_after_av_textblock  el_before_av_textblock '><span class='hr-inner '><span class=\"hr-inner-style\"><\/span><\/span><\/div><br \/>\n<section  class='av_textblock_section av-8fpxq-796d644c29dea3965e650b4a653fda2b '   itemscope=\"itemscope\" itemtype=\"https:\/\/schema.org\/CreativeWork\" ><div class='avia_textblock'  itemprop=\"text\" ><h2>Bankverbindung<\/h2>\n<p>Zahlungen an den Verein k\u00f6nnen direkt auf das Vereinskonto bei der HYPO-Bank Salzburg \u00fcberwiesen werden:<\/p>\n<ul>\n<li>IBAN: <strong>AT13 3400 0076 0446 3832<\/strong><\/li>\n<li>Name des Empf\u00e4ngers: Imkerverein Salzburg Aigen<\/li>\n<\/ul>\n<\/div><\/section><br \/>\n<div  class='hr av-9htum-bcaf7d09855d9cf7f9aa51fb44576305 hr-default  avia-builder-el-34  el_after_av_textblock  el_before_av_textblock '><span class='hr-inner '><span class=\"hr-inner-style\"><\/span><\/span><\/div><br \/>\n<section  class='av_textblock_section av-late7syi-6cf232d9ee4f8c2505ea884be1663fdf '   itemscope=\"itemscope\" itemtype=\"https:\/\/schema.org\/CreativeWork\" ><div class='avia_textblock'  itemprop=\"text\" ><h2>Soziale Medien<\/h2>\n<p>Als Vereinsmitglied f\u00fcgen wir dich gerne zu unserer WhatsApp-Community mit diversen WhatsApp-Gruppen hinzu.<\/p>\n<p>Wir freuen uns auch, dich als Follower auf unserem Instagram-Account (<a href=\"https:\/\/www.instagram.com\/imker.aigen\/\">https:\/\/www.instagram.com\/imker.aigen\/<\/a>) oder <a href=\"https:\/\/www.whatsapp.com\/channel\/0029Vb7JRMeHbFV67mTXHX2L\">WhatsApp-Broadcast-Kanal &#8222;Imkerverein Salzburg Aigen&#8220;<\/a> begr\u00fc\u00dfen zu d\u00fcrfen.<\/p>\n<\/div><\/section><br \/>\n<div  class='hr av-cnkra-266c97249a88342a4434a4acc8a84674 hr-default  avia-builder-el-36  el_after_av_textblock  el_before_av_textblock '><span class='hr-inner '><span class=\"hr-inner-style\"><\/span><\/span><\/div><br \/>\n<section  class='av_textblock_section av-l7glthn0-33e0b8fc91aeadad4e722733ba05aee2 '   itemscope=\"itemscope\" itemtype=\"https:\/\/schema.org\/CreativeWork\" ><div class='avia_textblock'  itemprop=\"text\" ><h2>Gibt es Unterst\u00fctzung f\u00fcr Imker-Neulinge?<\/h2>\n<p>Wir helfen uns gegenseitig im Verein. Imker-Neulingen stehen wir gerne mit Rat und Tat zur Seite. Auf Wunsch der Imker-Neulinge wird ihnen auch gerne ein erfahrener Imker als Imker-Pate zur Seite stehen.<\/p>\n<\/div><\/section><br \/>\n<div  class='hr av-75mzi-4ef4b73573be37c4244cbd5cbdf48f3f hr-default  avia-builder-el-38  el_after_av_textblock  el_before_av_textblock '><span class='hr-inner '><span class=\"hr-inner-style\"><\/span><\/span><\/div><br \/>\n<section  class='av_textblock_section av-lgkt0siv-0c657441267ad8a9c6e91bdd5b2ec9d0 '   itemscope=\"itemscope\" itemtype=\"https:\/\/schema.org\/CreativeWork\" ><div class='avia_textblock'  itemprop=\"text\" ><h2>Was muss ich als Imker-Neuling beachten?<\/h2>\n<p>Imker-Neulinge sollten zun\u00e4chst einen Imker-Einsteigerkurs besuchen. Einsteigerkurse werden beim <a href=\"https:\/\/www.imkerhof-salzburg.at\/bienen\/\">Imkerhof Salzburg<\/a> angeboten.\u00a0 In Folge sollte auch ein Varroa- und Hygiene-Seminar besucht werden.<\/p>\n<p>Sobald die ersten Bienenst\u00f6cke aufgestellt werden sollen, ist auch eine Registrierung im Verbrauchergesundheitsinformationssystem (VIS) erforderlich.<\/p>\n<p><a href=\"https:\/\/vis.statistik.at\/vis\/formulare\/vis-registrierung\/vis-registrierung-fuer-tierhalter\">Ansuchen um eine LFBIS \/ VIS Betriebsnummer f\u00fcr Tierhalter<\/a><\/p>\n<p>Die ausgestellte VIS-Nummer muss dann auch gut sichtbar am Bienenstandort angebracht werden. Im VIS m\u00fcssen Bienenstandorte innerhalb von 30 Tagen nach \u00dcbermittlung der VIS Zugriffsberechtigungen eingetragen werden.<\/p>\n<p>Achtung: beim Aufstellen der Bienenst\u00f6cke sind auch die gesetzlichen Bestimmungen zu beachten (siehe: <a href=\"https:\/\/www.imkerhof-salzburg.at\/bienen\/wp-content\/uploads\/2020\/12\/Salzburger-Bienenwirtschaftsgesetz-Fassung-vom-30.11.2020.pdf\">Salzburger Bienenwirtschaftsgesetz<\/a>)<\/p>\n<\/div><\/section><br \/>\n<div  class='hr av-9czgu-ca76f6be696a95745e832f2d2f177ed1 hr-default  avia-builder-el-40  el_after_av_textblock  el_before_av_textblock '><span class='hr-inner '><span class=\"hr-inner-style\"><\/span><\/span><\/div><br \/>\n<section  class='av_textblock_section av-m6zgtfs2-60da517166652e08c52a2bf4fa11e0bb '   itemscope=\"itemscope\" itemtype=\"https:\/\/schema.org\/CreativeWork\" ><div class='avia_textblock'  itemprop=\"text\" ><h2>Beenden der Mitgliedschaft<\/h2>\n<p>Du hast keine Bienen mehr und m\u00f6chtest deine Mitgliedschaft bei der <a href=\"https:\/\/imkerhof-salzburg.at\/\">Salzburger Imkergenossenschaft, beim Salzburger Landesverband<\/a> (inkl. <a href=\"https:\/\/www.imkerbund.at\/\">\u00d6sterreichischer Imker Bund<\/a>, Versicherung und Zeitschrift <a href=\"https:\/\/www.bienenaktuell.com\/\">\u201eBienen aktuell\u201c<\/a>) und m\u00f6glicherweise auch bei unserem Verein k\u00fcndigen ? Das ist nat\u00fcrlich sehr schade! Bitte beachte aber, dass f\u00fcr den <a href=\"https:\/\/imkerhof-salzburg.at\/\">Landesverband und die Imkergenossenschaft<\/a> folgende Austrittsregeln gelten:<\/p>\n<p><strong>Austrittsregel Imkergenossenschaft\u00a0<\/strong><\/p>\n<p>Die K\u00fcndigung der Mitgliedschaft kann nur zum Jahresende unter Einhaltung einer vierw\u00f6chigen K\u00fcndigungsfrist erfolgen.<\/p>\n<p><strong>Austrittsregel Landesverband<\/strong><\/p>\n<p>Eine K\u00fcndigung wird jeweils mit dem Jahresletzten des betroffenen Kalenderjahres wirksam.<\/p>\n<p><strong>Der Austritt aus dem <a href=\"https:\/\/imkerhof-salzburg.at\/\">Landesverband und der Imkergenossenschaft<\/a> sollte daher immer bis zum Jahresende (letzter m\u00f6glicher Meldetermin ist der 30.11. des jeweiligen Jahres) erfolgen, um unn\u00f6tige Zahlungen zu vermeiden!<\/strong><\/p>\n<p>Der <a href=\"https:\/\/imkerhof-salzburg.at\/\">Landesverband<\/a> stellt daf\u00fcr seit 2024 auch ein spezielles Austrittsformular zur Verf\u00fcgung.<\/p>\n<p><a href=\"https:\/\/imkerhof-salzburg.at\/wp-content\/uploads\/2025\/06\/Austrittsformular-LVGen-1.2-25.pdf\">\u21d2 Austrittsformular<\/a><\/p>\n<p>Du kannst aber gerne weiterhin Mitglied in unserem Verein bleiben. Der reine Vereinsbeitrag ist sehr gering. Sollte unsere Vereinsmitgliedschaft aber auch nicht mehr gew\u00fcnscht sein, ist ein Austritt aus unserem Verein auch w\u00e4hrend des Jahres m\u00f6glich.<\/p>\n<p>Wer die Zeitschrift \u201e<a href=\"https:\/\/www.bienenaktuell.com\/\">Bienen aktuell<\/a>\u201c auch ohne Mitgliedschaft im <a href=\"https:\/\/imkerhof-salzburg.at\/\">Salzburger Landesverband<\/a> beziehen m\u00f6chte, kann dies \u00fcber ein <a href=\"https:\/\/landwirt-media.com\/bestellservice\/#Bienen-Aktuell\">Direktabonnement bei der Landwirt Agrarmedien GmbH<\/a> tun.<\/p>\n<\/div><\/section><\/p><\/div>\n<style type=\"text\/css\" data-created_by=\"avia_inline_auto\" id=\"style-css-av-11btly-4f129d2893a73ed513b1adc7e782269c\">\n#top .flex_column_table.av-equal-height-column-flextable.av-11btly-4f129d2893a73ed513b1adc7e782269c{\nmargin-top:-60px;\nmargin-bottom:0px;\n}\n.flex_column.av-11btly-4f129d2893a73ed513b1adc7e782269c{\nborder-radius:0px 0px 0px 0px;\npadding:30px 30px 30px 30px;\nbackground-color:#f0f0f0;\n}\n<\/style>\n<div  class='flex_column av-11btly-4f129d2893a73ed513b1adc7e782269c av_one_third  avia-builder-el-42  el_after_av_two_third  avia-builder-el-last  no_margin flex_column_table_cell av-equal-height-column av-align-top  '     ><p><br \/>\n<section  class='av_textblock_section av-2s7jq-5cb063dc7ed878c2831c40c91f3035a4 '   itemscope=\"itemscope\" itemtype=\"https:\/\/schema.org\/CreativeWork\" ><div class='avia_textblock'  itemprop=\"text\" ><p>Unser Verein w\u00e4chst und w\u00e4chst. Dies freut uns sehr! Du wirst sehen, nach ein paar Jahren als Imker siehst du die Natur mit ganz anderen Augen.<\/p>\n<\/div><\/section><br \/>\n\n<style type=\"text\/css\" data-created_by=\"avia_inline_auto\" id=\"style-css-av-lg669f0f-42e768e36d0609b54b3d6967a451a8ab\">\n#top .av-special-heading.av-lg669f0f-42e768e36d0609b54b3d6967a451a8ab{\npadding-bottom:10px;\n}\nbody .av-special-heading.av-lg669f0f-42e768e36d0609b54b3d6967a451a8ab .av-special-heading-tag .heading-char{\nfont-size:25px;\n}\n.av-special-heading.av-lg669f0f-42e768e36d0609b54b3d6967a451a8ab .av-subheading{\nfont-size:15px;\n}\n<\/style>\n<div  class='av-special-heading av-lg669f0f-42e768e36d0609b54b3d6967a451a8ab av-special-heading-h3 blockquote modern-quote modern-centered  avia-builder-el-45  el_after_av_textblock  el_before_av_animated_numbers '><h3 class='av-special-heading-tag '  itemprop=\"headline\"  >Vereinsmitglieder (Februar 2026)<\/h3><div class=\"special-heading-border\"><div class=\"special-heading-inner-border\"><\/div><\/div><\/div><br \/>\n\n<style type=\"text\/css\" data-created_by=\"avia_inline_auto\" id=\"style-css-av-cul2m-24258c23b239cde80855285f741b16ff\">\n#top .avia-animated-number.av-cul2m-24258c23b239cde80855285f741b16ff.av-display-circle{\nmargin:25% 0 25% 0;\n}\n.avia-animated-number.av-cul2m-24258c23b239cde80855285f741b16ff .avia-animated-number-circle{\nwidth:50%;\n}\n.avia-animated-number.av-cul2m-24258c23b239cde80855285f741b16ff .avia-animated-number-circle-inner{\nborder-style:none;\nbackground-color:#ffffff;\nbox-shadow:none;\n}\n<\/style>\n<div  class=\"avia-animated-number av-cul2m-24258c23b239cde80855285f741b16ff av-force-default-color avia_animate_when_visible  avia-builder-el-46  el_after_av_heading  avia-builder-el-last  av-display-circle \" data-timer=\"3000\"><span class='avia-animated-number-circle '><span class='avia-animated-number-circle-inner'><\/span><\/span><strong class=\"heading avia-animated-number-title\"><span class=\"avia-single-number __av-single-number\" data-number_format=\"\" data-number=\"83\" data-start_from=\"2\">83<\/span><\/strong><div class=\"avia-animated-number-content\"><\/div><\/div><\/p><\/div><\/div><!--close column table wrapper. Autoclose: 1 --><\/div><\/div><\/div><!-- close content main div --><\/div><\/div><div id='after_section_2'  class='main_color av_default_container_wrap container_wrap sidebar_right'  ><div class='container av-section-cont-open' ><div class='template-page content  av-content-small alpha units'><div class='post-entry post-entry-type-page post-entry-8987'><div class='entry-content-wrapper clearfix'>\n","protected":false},"excerpt":{"rendered":"","protected":false},"author":1,"featured_media":0,"parent":96,"menu_order":0,"comment_status":"open","ping_status":"closed","template":"","meta":{"footnotes":""},"class_list":["post-8987","page","type-page","status-publish","hentry"],"yoast_head":"<!-- This site is optimized with the Yoast SEO plugin v27.4 - https:\/\/yoast.com\/product\/yoast-seo-wordpress\/ -->\n<title>Imker Ortsgruppe Salzburg Aigen - Neu<\/title>\n<meta name=\"description\" content=\"Hier findest du alle Informationen um Mitglied im Imkerverein Salzburg Aigen zu werden bzw. eine bestehende Mitgliedschaft zu verl\u00e4ngern oder zu k\u00fcndigen.\" \/>\n<meta name=\"robots\" content=\"index, follow, max-snippet:-1, max-image-preview:large, max-video-preview:-1\" \/>\n<link rel=\"canonical\" href=\"https:\/\/imker-aigen.at\/index.php\/about\/new-here-2\/\" \/>\n<meta property=\"og:locale\" content=\"de_DE\" \/>\n<meta property=\"og:type\" content=\"article\" \/>\n<meta property=\"og:title\" content=\"Imker Ortsgruppe Salzburg Aigen - Neu\" \/>\n<meta property=\"og:description\" content=\"Hier findest du alle Informationen um Mitglied im Imkerverein Salzburg Aigen zu werden bzw. eine bestehende Mitgliedschaft zu verl\u00e4ngern oder zu k\u00fcndigen.\" \/>\n<meta property=\"og:url\" content=\"https:\/\/imker-aigen.at\/index.php\/about\/new-here-2\/\" \/>\n<meta property=\"og:site_name\" content=\"Imker Ortsgruppe Salzburg Aigen\" \/>\n<meta property=\"article:modified_time\" content=\"2026-02-04T17:22:01+00:00\" \/>\n<meta name=\"twitter:card\" content=\"summary_large_image\" \/>\n<meta name=\"twitter:label1\" content=\"Gesch\u00e4tzte Lesezeit\" \/>\n\t<meta name=\"twitter:data1\" content=\"8\u00a0Minuten\" \/>\n<script type=\"application\/ld+json\" class=\"yoast-schema-graph\">{\"@context\":\"https:\\\/\\\/schema.org\",\"@graph\":[{\"@type\":\"WebPage\",\"@id\":\"https:\\\/\\\/imker-aigen.at\\\/index.php\\\/about\\\/new-here-2\\\/\",\"url\":\"https:\\\/\\\/imker-aigen.at\\\/index.php\\\/about\\\/new-here-2\\\/\",\"name\":\"Imker Ortsgruppe Salzburg Aigen - Neu\",\"isPartOf\":{\"@id\":\"https:\\\/\\\/imker-aigen.at\\\/#website\"},\"datePublished\":\"2025-11-06T16:22:46+00:00\",\"dateModified\":\"2026-02-04T17:22:01+00:00\",\"description\":\"Hier findest du alle Informationen um Mitglied im Imkerverein Salzburg Aigen zu werden bzw. eine bestehende Mitgliedschaft zu verl\u00e4ngern oder zu k\u00fcndigen.\",\"breadcrumb\":{\"@id\":\"https:\\\/\\\/imker-aigen.at\\\/index.php\\\/about\\\/new-here-2\\\/#breadcrumb\"},\"inLanguage\":\"de\",\"potentialAction\":[{\"@type\":\"ReadAction\",\"target\":[\"https:\\\/\\\/imker-aigen.at\\\/index.php\\\/about\\\/new-here-2\\\/\"]}]},{\"@type\":\"BreadcrumbList\",\"@id\":\"https:\\\/\\\/imker-aigen.at\\\/index.php\\\/about\\\/new-here-2\\\/#breadcrumb\",\"itemListElement\":[{\"@type\":\"ListItem\",\"position\":1,\"name\":\"Startseite\",\"item\":\"https:\\\/\\\/imker-aigen.at\\\/index.php\\\/home\\\/\"},{\"@type\":\"ListItem\",\"position\":2,\"name\":\"About\",\"item\":\"https:\\\/\\\/imker-aigen.at\\\/index.php\\\/about\\\/\"},{\"@type\":\"ListItem\",\"position\":3,\"name\":\"Mitglied werden&#8230;\"}]},{\"@type\":\"WebSite\",\"@id\":\"https:\\\/\\\/imker-aigen.at\\\/#website\",\"url\":\"https:\\\/\\\/imker-aigen.at\\\/\",\"name\":\"Imker Ortsgruppe Salzburg Aigen\",\"description\":\"Homepage der Imker-Ortsgruppe Salzburg Aigen\",\"publisher\":{\"@id\":\"https:\\\/\\\/imker-aigen.at\\\/#organization\"},\"potentialAction\":[{\"@type\":\"SearchAction\",\"target\":{\"@type\":\"EntryPoint\",\"urlTemplate\":\"https:\\\/\\\/imker-aigen.at\\\/?s={search_term_string}\"},\"query-input\":{\"@type\":\"PropertyValueSpecification\",\"valueRequired\":true,\"valueName\":\"search_term_string\"}}],\"inLanguage\":\"de\"},{\"@type\":\"Organization\",\"@id\":\"https:\\\/\\\/imker-aigen.at\\\/#organization\",\"name\":\"Imker Ortsgruppe Salzburg Aigen\",\"url\":\"https:\\\/\\\/imker-aigen.at\\\/\",\"logo\":{\"@type\":\"ImageObject\",\"inLanguage\":\"de\",\"@id\":\"https:\\\/\\\/imker-aigen.at\\\/#\\\/schema\\\/logo\\\/image\\\/\",\"url\":\"https:\\\/\\\/imker-aigen.at\\\/wp-content\\\/uploads\\\/2022\\\/08\\\/logo-1.png\",\"contentUrl\":\"https:\\\/\\\/imker-aigen.at\\\/wp-content\\\/uploads\\\/2022\\\/08\\\/logo-1.png\",\"width\":392,\"height\":156,\"caption\":\"Imker Ortsgruppe Salzburg Aigen\"},\"image\":{\"@id\":\"https:\\\/\\\/imker-aigen.at\\\/#\\\/schema\\\/logo\\\/image\\\/\"}}]}<\/script>\n<!-- \/ Yoast SEO plugin. -->","yoast_head_json":{"title":"Imker Ortsgruppe Salzburg Aigen - Neu","description":"Hier findest du alle Informationen um Mitglied im Imkerverein Salzburg Aigen zu werden bzw. eine bestehende Mitgliedschaft zu verl\u00e4ngern oder zu k\u00fcndigen.","robots":{"index":"index","follow":"follow","max-snippet":"max-snippet:-1","max-image-preview":"max-image-preview:large","max-video-preview":"max-video-preview:-1"},"canonical":"https:\/\/imker-aigen.at\/index.php\/about\/new-here-2\/","og_locale":"de_DE","og_type":"article","og_title":"Imker Ortsgruppe Salzburg Aigen - Neu","og_description":"Hier findest du alle Informationen um Mitglied im Imkerverein Salzburg Aigen zu werden bzw. eine bestehende Mitgliedschaft zu verl\u00e4ngern oder zu k\u00fcndigen.","og_url":"https:\/\/imker-aigen.at\/index.php\/about\/new-here-2\/","og_site_name":"Imker Ortsgruppe Salzburg Aigen","article_modified_time":"2026-02-04T17:22:01+00:00","twitter_card":"summary_large_image","twitter_misc":{"Gesch\u00e4tzte Lesezeit":"8\u00a0Minuten"},"schema":{"@context":"https:\/\/schema.org","@graph":[{"@type":"WebPage","@id":"https:\/\/imker-aigen.at\/index.php\/about\/new-here-2\/","url":"https:\/\/imker-aigen.at\/index.php\/about\/new-here-2\/","name":"Imker Ortsgruppe Salzburg Aigen - Neu","isPartOf":{"@id":"https:\/\/imker-aigen.at\/#website"},"datePublished":"2025-11-06T16:22:46+00:00","dateModified":"2026-02-04T17:22:01+00:00","description":"Hier findest du alle Informationen um Mitglied im Imkerverein Salzburg Aigen zu werden bzw. eine bestehende Mitgliedschaft zu verl\u00e4ngern oder zu k\u00fcndigen.","breadcrumb":{"@id":"https:\/\/imker-aigen.at\/index.php\/about\/new-here-2\/#breadcrumb"},"inLanguage":"de","potentialAction":[{"@type":"ReadAction","target":["https:\/\/imker-aigen.at\/index.php\/about\/new-here-2\/"]}]},{"@type":"BreadcrumbList","@id":"https:\/\/imker-aigen.at\/index.php\/about\/new-here-2\/#breadcrumb","itemListElement":[{"@type":"ListItem","position":1,"name":"Startseite","item":"https:\/\/imker-aigen.at\/index.php\/home\/"},{"@type":"ListItem","position":2,"name":"About","item":"https:\/\/imker-aigen.at\/index.php\/about\/"},{"@type":"ListItem","position":3,"name":"Mitglied werden&#8230;"}]},{"@type":"WebSite","@id":"https:\/\/imker-aigen.at\/#website","url":"https:\/\/imker-aigen.at\/","name":"Imker Ortsgruppe Salzburg Aigen","description":"Homepage der Imker-Ortsgruppe Salzburg Aigen","publisher":{"@id":"https:\/\/imker-aigen.at\/#organization"},"potentialAction":[{"@type":"SearchAction","target":{"@type":"EntryPoint","urlTemplate":"https:\/\/imker-aigen.at\/?s={search_term_string}"},"query-input":{"@type":"PropertyValueSpecification","valueRequired":true,"valueName":"search_term_string"}}],"inLanguage":"de"},{"@type":"Organization","@id":"https:\/\/imker-aigen.at\/#organization","name":"Imker Ortsgruppe Salzburg Aigen","url":"https:\/\/imker-aigen.at\/","logo":{"@type":"ImageObject","inLanguage":"de","@id":"https:\/\/imker-aigen.at\/#\/schema\/logo\/image\/","url":"https:\/\/imker-aigen.at\/wp-content\/uploads\/2022\/08\/logo-1.png","contentUrl":"https:\/\/imker-aigen.at\/wp-content\/uploads\/2022\/08\/logo-1.png","width":392,"height":156,"caption":"Imker Ortsgruppe Salzburg Aigen"},"image":{"@id":"https:\/\/imker-aigen.at\/#\/schema\/logo\/image\/"}}]}},"_links":{"self":[{"href":"https:\/\/imker-aigen.at\/index.php\/wp-json\/wp\/v2\/pages\/8987","targetHints":{"allow":["GET"]}}],"collection":[{"href":"https:\/\/imker-aigen.at\/index.php\/wp-json\/wp\/v2\/pages"}],"about":[{"href":"https:\/\/imker-aigen.at\/index.php\/wp-json\/wp\/v2\/types\/page"}],"author":[{"embeddable":true,"href":"https:\/\/imker-aigen.at\/index.php\/wp-json\/wp\/v2\/users\/1"}],"replies":[{"embeddable":true,"href":"https:\/\/imker-aigen.at\/index.php\/wp-json\/wp\/v2\/comments?post=8987"}],"version-history":[{"count":9,"href":"https:\/\/imker-aigen.at\/index.php\/wp-json\/wp\/v2\/pages\/8987\/revisions"}],"predecessor-version":[{"id":9436,"href":"https:\/\/imker-aigen.at\/index.php\/wp-json\/wp\/v2\/pages\/8987\/revisions\/9436"}],"up":[{"embeddable":true,"href":"https:\/\/imker-aigen.at\/index.php\/wp-json\/wp\/v2\/pages\/96"}],"wp:attachment":[{"href":"https:\/\/imker-aigen.at\/index.php\/wp-json\/wp\/v2\/media?parent=8987"}],"curies":[{"name":"wp","href":"https:\/\/api.w.org\/{rel}","templated":true}]}}