{"id":5233,"date":"2024-11-05T19:00:13","date_gmt":"2024-11-05T18:00:13","guid":{"rendered":"https:\/\/imker-aigen.at\/?post_type=tribe_events&#038;p=5233"},"modified":"2024-11-07T11:16:18","modified_gmt":"2024-11-07T10:16:18","slug":"stammtisch-5-november-2024","status":"publish","type":"tribe_events","link":"https:\/\/imker-aigen.at\/index.php\/event\/stammtisch-5-november-2024\/","title":{"rendered":"Stammtisch 5. November 2024"},"content":{"rendered":"<h2>Agenda:<\/h2>\n<h4><strong>Begr\u00fc\u00dfung der G\u00e4ste<\/strong><\/h4>\n<h4>Neuigkeiten<\/h4>\n<ul>\n<li>VIS Meldung<\/li>\n<li>Neues vom Landesverband und der Genossenschaft (Funktion\u00e4rsbesprechung Flachgau)<\/li>\n<li>Zusammenarbeit mit dem Naturschutzbund<\/li>\n<li>Exotische Bienensch\u00e4dlinge<\/li>\n<li><a href=\"https:\/\/imker-aigen.at\/index.php\/event\/pilger-und-studienreise-nach-padua-assisi-rom-und-modena\/\">Pilger- und Studienreise nach Rom, Assisi, Modena und Padua (7-15.3.2025)<\/a> &#8211; Anmeldung bis 15.11.2024!<\/li>\n<li>Planung Adventmarkt 2024 (30.11 und 7.12.2024)<\/li>\n<li>Planung Ambrosiusfeier 2024 (4.12.2024)<\/li>\n<li>Nutzung unserer Vereinsh\u00fctte am Egelsee 2025<\/li>\n<li>Neuer Vorstand 2026<\/li>\n<\/ul>\n<h4>Imkerliche T\u00e4tigkeiten im November\/Dezember\/J\u00e4nner (siehe <a href=\"https:\/\/imker-aigen.at\/index.php\/about\/monthly_todos\/\">Monatsbetrachtungen<\/a>)<\/h4>\n<p>Imkern in Zeiten des Klimawandels<\/p>\n<h4>Kommende Termine bis zum n\u00e4chsten Stammtisch<\/h4>\n<ul>\n<li><a href=\"https:\/\/imker-aigen.at\/index.php\/event\/ausbildung-zum-gesundheitswart\/\">16.11 Ausbildung zum Gesundheitswart<\/a><\/li>\n<li><a href=\"https:\/\/imker-aigen.at\/index.php\/event\/adventmarkt-2024-in-elsbethen\/\">30.11 Adventmarkt in Elsbethen<\/a><\/li>\n<li><a href=\"https:\/\/imker-aigen.at\/index.php\/event\/ambrosisusfeier-2024\/\">4.12 Ambrosiusfeier<\/a><\/li>\n<li><a href=\"https:\/\/imker-aigen.at\/index.php\/event\/adventmarkt-2024-in-elsbethen-2\/\">7.12 Adventmarkt in Elsbethen<\/a><\/li>\n<li><a href=\"https:\/\/imker-aigen.at\/index.php\/event\/landesweite-jahresabschlussfeier-und-honigpraemierung\/\">15.12 Landesweite Jahresabschlussfeier und Honigpr\u00e4mierung<\/a><\/li>\n<li><a href=\"https:\/\/imker-aigen.at\/index.php\/event\/metkurs-teil-1\/\">18.1.2025 Metkurs \u2013 Teil 1<\/a><\/li>\n<li><a href=\"https:\/\/imker-aigen.at\/index.php\/event\/metkurs-teil-2\/\">1.2.2025 Metkurs \u2013 Teil 2<\/a><\/li>\n<li><a href=\"https:\/\/imker-aigen.at\/index.php\/event\/jahreshauptversammlung-2025\/\">4.2.2025 Jahreshauptversammlung 2025<\/a><\/li>\n<\/ul>\n<h4>Diverses, Diskussion, Allf\u00e4lliges<\/h4>\n<ul>\n<li>Hilfe bei der Vereinsarbeit (Es gibt viel zu tun. Packen wir\u2019s an!)<\/li>\n<\/ul>\n<p><strong>Alle Imkerinnen und Imker, unterst\u00fctzende Mitglieder, Sponsoren, (Wild-)Bienen-Freunde, Naturbegeisterte und Interessierte sind immer herzlich eingeladen an unseren Stammtischen und Versammlungen teilzunehmen! Wir freuen uns auf Euer Kommen!<\/strong><\/p>\n<p>\u21d2 <a href=\"https:\/\/imker-aigen.at\/index.php\/2024\/11\/06\/protokoll-vom-stammtisch-am-5-11-2024\/\"><strong>Protokoll vom Stammtisch am 5.11.2024<\/strong><\/a><\/p>\n","protected":false},"excerpt":{"rendered":"<p>Agenda: Begr\u00fc\u00dfung der G\u00e4ste Neuigkeiten VIS Meldung Neues vom Landesverband und der Genossenschaft (Funktion\u00e4rsbesprechung Flachgau) Zusammenarbeit mit dem Naturschutzbund Exotische Bienensch\u00e4dlinge Pilger- und Studienreise nach Rom, Assisi, Modena und Padua [&hellip;]<\/p>\n","protected":false},"author":1,"featured_media":621,"template":"","meta":{"_tribe_events_status":"","_tribe_events_status_reason":"","footnotes":""},"tags":[35],"tribe_events_cat":[17],"class_list":["post-5233","tribe_events","type-tribe_events","status-publish","has-post-thumbnail","hentry","tag-stammtisch","tribe_events_cat-alte-veranstaltungen","cat_alte-veranstaltungen"],"yoast_head":"<!-- This site is optimized with the Yoast SEO plugin v27.4 - https:\/\/yoast.com\/product\/yoast-seo-wordpress\/ -->\n<title>Stammtisch 5. November 2024 - Imker Ortsgruppe Salzburg Aigen<\/title>\n<meta name=\"robots\" content=\"index, follow, max-snippet:-1, max-image-preview:large, max-video-preview:-1\" \/>\n<link rel=\"canonical\" href=\"https:\/\/imker-aigen.at\/index.php\/event\/stammtisch-5-november-2024\/\" \/>\n<meta property=\"og:locale\" content=\"de_DE\" \/>\n<meta property=\"og:type\" content=\"article\" \/>\n<meta property=\"og:title\" content=\"Stammtisch 5. November 2024 - Imker Ortsgruppe Salzburg Aigen\" \/>\n<meta property=\"og:description\" content=\"Agenda: Begr\u00fc\u00dfung der G\u00e4ste Neuigkeiten VIS Meldung Neues vom Landesverband und der Genossenschaft (Funktion\u00e4rsbesprechung Flachgau) Zusammenarbeit mit dem Naturschutzbund Exotische Bienensch\u00e4dlinge Pilger- und Studienreise nach Rom, Assisi, Modena und Padua [&hellip;]\" \/>\n<meta property=\"og:url\" content=\"https:\/\/imker-aigen.at\/index.php\/event\/stammtisch-5-november-2024\/\" \/>\n<meta property=\"og:site_name\" content=\"Imker Ortsgruppe Salzburg Aigen\" \/>\n<meta property=\"article:modified_time\" content=\"2024-11-07T10:16:18+00:00\" \/>\n<meta property=\"og:image\" content=\"https:\/\/imker-aigen.at\/wp-content\/uploads\/2022\/08\/glasses-beer-1.jpg\" \/>\n\t<meta property=\"og:image:width\" content=\"180\" \/>\n\t<meta property=\"og:image:height\" content=\"241\" \/>\n\t<meta property=\"og:image:type\" content=\"image\/jpeg\" \/>\n<meta name=\"twitter:card\" content=\"summary_large_image\" \/>\n<meta name=\"twitter:label1\" content=\"Gesch\u00e4tzte Lesezeit\" \/>\n\t<meta name=\"twitter:data1\" content=\"1\u00a0Minute\" \/>\n<script type=\"application\/ld+json\" class=\"yoast-schema-graph\">{\"@context\":\"https:\\\/\\\/schema.org\",\"@graph\":[{\"@type\":\"WebPage\",\"@id\":\"https:\\\/\\\/imker-aigen.at\\\/index.php\\\/event\\\/stammtisch-5-november-2024\\\/\",\"url\":\"https:\\\/\\\/imker-aigen.at\\\/index.php\\\/event\\\/stammtisch-5-november-2024\\\/\",\"name\":\"Stammtisch 5. November 2024 - Imker Ortsgruppe Salzburg Aigen\",\"isPartOf\":{\"@id\":\"https:\\\/\\\/imker-aigen.at\\\/#website\"},\"primaryImageOfPage\":{\"@id\":\"https:\\\/\\\/imker-aigen.at\\\/index.php\\\/event\\\/stammtisch-5-november-2024\\\/#primaryimage\"},\"image\":{\"@id\":\"https:\\\/\\\/imker-aigen.at\\\/index.php\\\/event\\\/stammtisch-5-november-2024\\\/#primaryimage\"},\"thumbnailUrl\":\"https:\\\/\\\/imker-aigen.at\\\/wp-content\\\/uploads\\\/2022\\\/08\\\/glasses-beer-1.jpg\",\"datePublished\":\"2024-11-05T18:00:13+00:00\",\"dateModified\":\"2024-11-07T10:16:18+00:00\",\"breadcrumb\":{\"@id\":\"https:\\\/\\\/imker-aigen.at\\\/index.php\\\/event\\\/stammtisch-5-november-2024\\\/#breadcrumb\"},\"inLanguage\":\"de\",\"potentialAction\":[{\"@type\":\"ReadAction\",\"target\":[\"https:\\\/\\\/imker-aigen.at\\\/index.php\\\/event\\\/stammtisch-5-november-2024\\\/\"]}]},{\"@type\":\"ImageObject\",\"inLanguage\":\"de\",\"@id\":\"https:\\\/\\\/imker-aigen.at\\\/index.php\\\/event\\\/stammtisch-5-november-2024\\\/#primaryimage\",\"url\":\"https:\\\/\\\/imker-aigen.at\\\/wp-content\\\/uploads\\\/2022\\\/08\\\/glasses-beer-1.jpg\",\"contentUrl\":\"https:\\\/\\\/imker-aigen.at\\\/wp-content\\\/uploads\\\/2022\\\/08\\\/glasses-beer-1.jpg\",\"width\":180,\"height\":241,\"caption\":\"Bier\"},{\"@type\":\"BreadcrumbList\",\"@id\":\"https:\\\/\\\/imker-aigen.at\\\/index.php\\\/event\\\/stammtisch-5-november-2024\\\/#breadcrumb\",\"itemListElement\":[{\"@type\":\"ListItem\",\"position\":1,\"name\":\"Startseite\",\"item\":\"https:\\\/\\\/imker-aigen.at\\\/index.php\\\/home\\\/\"},{\"@type\":\"ListItem\",\"position\":2,\"name\":\"Veranstaltungen\",\"item\":\"https:\\\/\\\/imker-aigen.at\\\/index.php\\\/events\\\/\"},{\"@type\":\"ListItem\",\"position\":3,\"name\":\"Stammtisch 5. November 2024\"}]},{\"@type\":\"WebSite\",\"@id\":\"https:\\\/\\\/imker-aigen.at\\\/#website\",\"url\":\"https:\\\/\\\/imker-aigen.at\\\/\",\"name\":\"Imker Ortsgruppe Salzburg Aigen\",\"description\":\"Homepage der Imker-Ortsgruppe Salzburg Aigen\",\"publisher\":{\"@id\":\"https:\\\/\\\/imker-aigen.at\\\/#organization\"},\"potentialAction\":[{\"@type\":\"SearchAction\",\"target\":{\"@type\":\"EntryPoint\",\"urlTemplate\":\"https:\\\/\\\/imker-aigen.at\\\/?s={search_term_string}\"},\"query-input\":{\"@type\":\"PropertyValueSpecification\",\"valueRequired\":true,\"valueName\":\"search_term_string\"}}],\"inLanguage\":\"de\"},{\"@type\":\"Organization\",\"@id\":\"https:\\\/\\\/imker-aigen.at\\\/#organization\",\"name\":\"Imker Ortsgruppe Salzburg Aigen\",\"url\":\"https:\\\/\\\/imker-aigen.at\\\/\",\"logo\":{\"@type\":\"ImageObject\",\"inLanguage\":\"de\",\"@id\":\"https:\\\/\\\/imker-aigen.at\\\/#\\\/schema\\\/logo\\\/image\\\/\",\"url\":\"https:\\\/\\\/imker-aigen.at\\\/wp-content\\\/uploads\\\/2022\\\/08\\\/logo-1.png\",\"contentUrl\":\"https:\\\/\\\/imker-aigen.at\\\/wp-content\\\/uploads\\\/2022\\\/08\\\/logo-1.png\",\"width\":392,\"height\":156,\"caption\":\"Imker Ortsgruppe Salzburg Aigen\"},\"image\":{\"@id\":\"https:\\\/\\\/imker-aigen.at\\\/#\\\/schema\\\/logo\\\/image\\\/\"}}]}<\/script>\n<!-- \/ Yoast SEO plugin. -->","yoast_head_json":{"title":"Stammtisch 5. November 2024 - Imker Ortsgruppe Salzburg Aigen","robots":{"index":"index","follow":"follow","max-snippet":"max-snippet:-1","max-image-preview":"max-image-preview:large","max-video-preview":"max-video-preview:-1"},"canonical":"https:\/\/imker-aigen.at\/index.php\/event\/stammtisch-5-november-2024\/","og_locale":"de_DE","og_type":"article","og_title":"Stammtisch 5. November 2024 - Imker Ortsgruppe Salzburg Aigen","og_description":"Agenda: Begr\u00fc\u00dfung der G\u00e4ste Neuigkeiten VIS Meldung Neues vom Landesverband und der Genossenschaft (Funktion\u00e4rsbesprechung Flachgau) Zusammenarbeit mit dem Naturschutzbund Exotische Bienensch\u00e4dlinge Pilger- und Studienreise nach Rom, Assisi, Modena und Padua [&hellip;]","og_url":"https:\/\/imker-aigen.at\/index.php\/event\/stammtisch-5-november-2024\/","og_site_name":"Imker Ortsgruppe Salzburg Aigen","article_modified_time":"2024-11-07T10:16:18+00:00","og_image":[{"width":180,"height":241,"url":"https:\/\/imker-aigen.at\/wp-content\/uploads\/2022\/08\/glasses-beer-1.jpg","type":"image\/jpeg"}],"twitter_card":"summary_large_image","twitter_misc":{"Gesch\u00e4tzte Lesezeit":"1\u00a0Minute"},"schema":{"@context":"https:\/\/schema.org","@graph":[{"@type":"WebPage","@id":"https:\/\/imker-aigen.at\/index.php\/event\/stammtisch-5-november-2024\/","url":"https:\/\/imker-aigen.at\/index.php\/event\/stammtisch-5-november-2024\/","name":"Stammtisch 5. November 2024 - Imker Ortsgruppe Salzburg Aigen","isPartOf":{"@id":"https:\/\/imker-aigen.at\/#website"},"primaryImageOfPage":{"@id":"https:\/\/imker-aigen.at\/index.php\/event\/stammtisch-5-november-2024\/#primaryimage"},"image":{"@id":"https:\/\/imker-aigen.at\/index.php\/event\/stammtisch-5-november-2024\/#primaryimage"},"thumbnailUrl":"https:\/\/imker-aigen.at\/wp-content\/uploads\/2022\/08\/glasses-beer-1.jpg","datePublished":"2024-11-05T18:00:13+00:00","dateModified":"2024-11-07T10:16:18+00:00","breadcrumb":{"@id":"https:\/\/imker-aigen.at\/index.php\/event\/stammtisch-5-november-2024\/#breadcrumb"},"inLanguage":"de","potentialAction":[{"@type":"ReadAction","target":["https:\/\/imker-aigen.at\/index.php\/event\/stammtisch-5-november-2024\/"]}]},{"@type":"ImageObject","inLanguage":"de","@id":"https:\/\/imker-aigen.at\/index.php\/event\/stammtisch-5-november-2024\/#primaryimage","url":"https:\/\/imker-aigen.at\/wp-content\/uploads\/2022\/08\/glasses-beer-1.jpg","contentUrl":"https:\/\/imker-aigen.at\/wp-content\/uploads\/2022\/08\/glasses-beer-1.jpg","width":180,"height":241,"caption":"Bier"},{"@type":"BreadcrumbList","@id":"https:\/\/imker-aigen.at\/index.php\/event\/stammtisch-5-november-2024\/#breadcrumb","itemListElement":[{"@type":"ListItem","position":1,"name":"Startseite","item":"https:\/\/imker-aigen.at\/index.php\/home\/"},{"@type":"ListItem","position":2,"name":"Veranstaltungen","item":"https:\/\/imker-aigen.at\/index.php\/events\/"},{"@type":"ListItem","position":3,"name":"Stammtisch 5. November 2024"}]},{"@type":"WebSite","@id":"https:\/\/imker-aigen.at\/#website","url":"https:\/\/imker-aigen.at\/","name":"Imker Ortsgruppe Salzburg Aigen","description":"Homepage der Imker-Ortsgruppe Salzburg Aigen","publisher":{"@id":"https:\/\/imker-aigen.at\/#organization"},"potentialAction":[{"@type":"SearchAction","target":{"@type":"EntryPoint","urlTemplate":"https:\/\/imker-aigen.at\/?s={search_term_string}"},"query-input":{"@type":"PropertyValueSpecification","valueRequired":true,"valueName":"search_term_string"}}],"inLanguage":"de"},{"@type":"Organization","@id":"https:\/\/imker-aigen.at\/#organization","name":"Imker Ortsgruppe Salzburg Aigen","url":"https:\/\/imker-aigen.at\/","logo":{"@type":"ImageObject","inLanguage":"de","@id":"https:\/\/imker-aigen.at\/#\/schema\/logo\/image\/","url":"https:\/\/imker-aigen.at\/wp-content\/uploads\/2022\/08\/logo-1.png","contentUrl":"https:\/\/imker-aigen.at\/wp-content\/uploads\/2022\/08\/logo-1.png","width":392,"height":156,"caption":"Imker Ortsgruppe Salzburg Aigen"},"image":{"@id":"https:\/\/imker-aigen.at\/#\/schema\/logo\/image\/"}}]}},"_links":{"self":[{"href":"https:\/\/imker-aigen.at\/index.php\/wp-json\/wp\/v2\/tribe_events\/5233","targetHints":{"allow":["GET"]}}],"collection":[{"href":"https:\/\/imker-aigen.at\/index.php\/wp-json\/wp\/v2\/tribe_events"}],"about":[{"href":"https:\/\/imker-aigen.at\/index.php\/wp-json\/wp\/v2\/types\/tribe_events"}],"author":[{"embeddable":true,"href":"https:\/\/imker-aigen.at\/index.php\/wp-json\/wp\/v2\/users\/1"}],"version-history":[{"count":6,"href":"https:\/\/imker-aigen.at\/index.php\/wp-json\/wp\/v2\/tribe_events\/5233\/revisions"}],"predecessor-version":[{"id":6914,"href":"https:\/\/imker-aigen.at\/index.php\/wp-json\/wp\/v2\/tribe_events\/5233\/revisions\/6914"}],"wp:featuredmedia":[{"embeddable":true,"href":"https:\/\/imker-aigen.at\/index.php\/wp-json\/wp\/v2\/media\/621"}],"wp:attachment":[{"href":"https:\/\/imker-aigen.at\/index.php\/wp-json\/wp\/v2\/media?parent=5233"}],"wp:term":[{"taxonomy":"post_tag","embeddable":true,"href":"https:\/\/imker-aigen.at\/index.php\/wp-json\/wp\/v2\/tags?post=5233"},{"taxonomy":"tribe_events_cat","embeddable":true,"href":"https:\/\/imker-aigen.at\/index.php\/wp-json\/wp\/v2\/tribe_events_cat?post=5233"}],"curies":[{"name":"wp","href":"https:\/\/api.w.org\/{rel}","templated":true}]}}