{"id":6821,"date":"2025-05-06T19:00:26","date_gmt":"2025-05-06T17:00:26","guid":{"rendered":"https:\/\/imker-aigen.at\/?post_type=tribe_events&#038;p=6821"},"modified":"2025-05-08T11:03:39","modified_gmt":"2025-05-08T09:03:39","slug":"stammtisch-6-mai-2025","status":"publish","type":"tribe_events","link":"https:\/\/imker-aigen.at\/index.php\/event\/stammtisch-6-mai-2025\/","title":{"rendered":"Stammtisch 6. Mai 2025"},"content":{"rendered":"<h2>Agenda:<\/h2>\n<h4><strong>Begr\u00fc\u00dfung der G\u00e4ste<\/strong><\/h4>\n<h4>\u00c4nderungen bei den Vereinsmitgliedern<\/h4>\n<h4>Neuigkeiten<\/h4>\n<ul>\n<li>Zucht varroaresistenter Bienen (<a href=\"https:\/\/salzburg.orf.at\/stories\/3303397\/\">ORF-Schlagzeile vom 30.4.2025<\/a>) &#8211; Unser Vereinsmitglied Christina H\u00f6tzinger, welche auch in der <a href=\"https:\/\/bienenzuchtgruppe.at\/\">O\u00d6-S-Zuchtgruppe<\/a> mitarbeitet, k\u00f6nnte n\u00e4here Hintergrundinformationen liefern, sofern Interesse besteht. Geplant ist ein Impulsvortrag bei einem der n\u00e4chsten Stammtische und dann ein Folgetermin f\u00fcr Details und Diskussionen f\u00fcr alle, die sich intensiver mit der Materie besch\u00e4ftigen wollen oder bereits besch\u00e4ftigen<\/li>\n<li>VIS-Meldung<\/li>\n<li>Unsere Vereinsh\u00fctte am Egelsee hat ihren Betrieb aufgenommen<\/li>\n<li>Namensgebung der Ortsgruppen \u2013 Stimmungsbild f\u00fcr die Ortsgruppe <a href=\"https:\/\/www.imker-maxglan.at\/\">Ortsgruppe Salzburg Stadt\/Umgebung bzw. Maxglan<\/a><\/li>\n<li>Bestellung einer Info-Tafel anl\u00e4sslich der 100-Jahr-Feier der <a href=\"https:\/\/www.imker-maxglan.at\/\">Ortsgruppe Salzburg Stadt\/Umgebung bzw. Maxglan<\/a><\/li>\n<li>Bienentage bei akzente Salzburg und Schulbesuche<\/li>\n<li>Zucht 2025 &#8211; die Belegstellen \u00f6ffnen ihre Pforten<\/li>\n<li>Neues von der ACA<\/li>\n<li>Diverse Anfragen an den Verein<\/li>\n<\/ul>\n<h4>Imkerliche T\u00e4tigkeiten im Mai (siehe <a href=\"https:\/\/imker-aigen.at\/index.php\/about\/monthly_todos\/\">Monatsbetrachtungen<\/a>)<\/h4>\n<p>Imkern in Zeiten des Klimawandels<\/p>\n<h4>Kommende Termine bis zum n\u00e4chsten Stammtisch<\/h4>\n<ul>\n<li><a href=\"https:\/\/imker-aigen.at\/index.php\/event\/biologisch-imkern-der-beste-weg-zum-bio-imker\/\">13.5 Biologisch Imkern &#8211; Der beste Weg zum Bio-Imker<\/a><\/li>\n<li><a href=\"https:\/\/imker-aigen.at\/index.php\/event\/bienenpaedagogik-basiskurs-mit-rosi-fellner\/\">16.5 Bienenp\u00e4dagogik-Basiskurs mit Rosi Fellner<\/a><\/li>\n<li><a href=\"https:\/\/imker-aigen.at\/index.php\/event\/spezialkurs-mit-pia-aumeier-einfach-imkern-zur-schwarmzeit-tag-1\/\">24-25.5 Spezialkurs mit Pia Aumeier \u2013 Einfach Imkern zur Schwarmzeit<\/a><\/li>\n<li><a href=\"https:\/\/imker-aigen.at\/index.php\/event\/tag-des-offenen-bienenstocks-2025\/\">25.5 Tag des offenen Bienenstocks 2025<\/a><br \/>\nBei Sch\u00f6nwetter \u00f6ffnet die <a href=\"https:\/\/www.stadtimkerei-greimel.at\/\">Salzburger Stadtimkerin Karoline V. Greimel<\/a> von 13:00 bis 17:00 Uhr ihren Garten in Maxglan, Glangasse 9. Der Eintritt ist gratis. Es wird gebeten mit den \u00d6ffis anzureisen, da die Parkpl\u00e4tze in der Umgebung beschr\u00e4nkt sind. Mitglieder von unserem Verein werden Karoline unterst\u00fctzen.<\/li>\n<li><a href=\"https:\/\/imker-aigen.at\/index.php\/event\/imkerfest-seekirchen\/\">25.5 Imkerfest Seekirchen<\/a><\/li>\n<li><a href=\"https:\/\/imker-aigen.at\/index.php\/event\/belegstellenfest-der-carnica-zuchtgruppe-salzburg\/\">1.6 Belegstellenfest der Carnica Zuchtgruppe Salzburg<\/a><\/li>\n<li><a href=\"https:\/\/imker-aigen.at\/index.php\/event\/bienentage-bei-akzente-salzburg-3-5-6-2024\/\">3-5.6 Bienentage bei akzente Salzburg<\/a><\/li>\n<li><a href=\"https:\/\/imker-aigen.at\/index.php\/event\/stammtisch-3-juni-2025\/\">3.6 Stammtisch<\/a><\/li>\n<\/ul>\n<h4>Diverses, Diskussion, Allf\u00e4lliges<\/h4>\n<ul>\n<li>Hilfe bei der Vereinsarbeit (Es gibt viel zu tun. Packen wir\u2019s an!)<\/li>\n<\/ul>\n<p><strong>Alle Imkerinnen und Imker, unterst\u00fctzende Mitglieder, Sponsoren, (Wild-)Bienen-Freunde, Naturbegeisterte und Interessierte sind immer herzlich eingeladen an unseren Stammtischen und Versammlungen teilzunehmen! Wir freuen uns auf Euer Kommen!<\/strong><\/p>\n<p><a href=\"https:\/\/imker-aigen.at\/index.php\/2025\/05\/07\/protokoll-vom-stammtisch-am-6-5-2025\/\"><strong>\u21d2 Protokoll vom Stammtisch am 6.5.2025<\/strong><\/a><\/p>\n","protected":false},"excerpt":{"rendered":"<p>Agenda: Begr\u00fc\u00dfung der G\u00e4ste \u00c4nderungen bei den Vereinsmitgliedern Neuigkeiten Zucht varroaresistenter Bienen (ORF-Schlagzeile vom 30.4.2025) &#8211; Unser Vereinsmitglied Christina H\u00f6tzinger, welche auch in der O\u00d6-S-Zuchtgruppe mitarbeitet, k\u00f6nnte n\u00e4here Hintergrundinformationen liefern, [&hellip;]<\/p>\n","protected":false},"author":1,"featured_media":621,"template":"","meta":{"_tribe_events_status":"","_tribe_events_status_reason":"","footnotes":""},"tags":[35],"tribe_events_cat":[17],"class_list":["post-6821","tribe_events","type-tribe_events","status-publish","has-post-thumbnail","hentry","tag-stammtisch","tribe_events_cat-alte-veranstaltungen","cat_alte-veranstaltungen"],"yoast_head":"<!-- This site is optimized with the Yoast SEO plugin v27.4 - https:\/\/yoast.com\/product\/yoast-seo-wordpress\/ -->\n<title>Stammtisch 6. Mai 2025 - Imker Ortsgruppe Salzburg Aigen<\/title>\n<meta name=\"robots\" content=\"index, follow, max-snippet:-1, max-image-preview:large, max-video-preview:-1\" \/>\n<link rel=\"canonical\" href=\"https:\/\/imker-aigen.at\/index.php\/event\/stammtisch-6-mai-2025\/\" \/>\n<meta property=\"og:locale\" content=\"de_DE\" \/>\n<meta property=\"og:type\" content=\"article\" \/>\n<meta property=\"og:title\" content=\"Stammtisch 6. Mai 2025 - Imker Ortsgruppe Salzburg Aigen\" \/>\n<meta property=\"og:description\" content=\"Agenda: Begr\u00fc\u00dfung der G\u00e4ste \u00c4nderungen bei den Vereinsmitgliedern Neuigkeiten Zucht varroaresistenter Bienen (ORF-Schlagzeile vom 30.4.2025) &#8211; Unser Vereinsmitglied Christina H\u00f6tzinger, welche auch in der O\u00d6-S-Zuchtgruppe mitarbeitet, k\u00f6nnte n\u00e4here Hintergrundinformationen liefern, [&hellip;]\" \/>\n<meta property=\"og:url\" content=\"https:\/\/imker-aigen.at\/index.php\/event\/stammtisch-6-mai-2025\/\" \/>\n<meta property=\"og:site_name\" content=\"Imker Ortsgruppe Salzburg Aigen\" \/>\n<meta property=\"article:modified_time\" content=\"2025-05-08T09:03:39+00:00\" \/>\n<meta property=\"og:image\" content=\"https:\/\/imker-aigen.at\/wp-content\/uploads\/2022\/08\/glasses-beer-1.jpg\" \/>\n\t<meta property=\"og:image:width\" content=\"180\" \/>\n\t<meta property=\"og:image:height\" content=\"241\" \/>\n\t<meta property=\"og:image:type\" content=\"image\/jpeg\" \/>\n<meta name=\"twitter:card\" content=\"summary_large_image\" \/>\n<meta name=\"twitter:label1\" content=\"Gesch\u00e4tzte Lesezeit\" \/>\n\t<meta name=\"twitter:data1\" content=\"2\u00a0Minuten\" \/>\n<script type=\"application\/ld+json\" class=\"yoast-schema-graph\">{\"@context\":\"https:\\\/\\\/schema.org\",\"@graph\":[{\"@type\":\"WebPage\",\"@id\":\"https:\\\/\\\/imker-aigen.at\\\/index.php\\\/event\\\/stammtisch-6-mai-2025\\\/\",\"url\":\"https:\\\/\\\/imker-aigen.at\\\/index.php\\\/event\\\/stammtisch-6-mai-2025\\\/\",\"name\":\"Stammtisch 6. Mai 2025 - Imker Ortsgruppe Salzburg Aigen\",\"isPartOf\":{\"@id\":\"https:\\\/\\\/imker-aigen.at\\\/#website\"},\"primaryImageOfPage\":{\"@id\":\"https:\\\/\\\/imker-aigen.at\\\/index.php\\\/event\\\/stammtisch-6-mai-2025\\\/#primaryimage\"},\"image\":{\"@id\":\"https:\\\/\\\/imker-aigen.at\\\/index.php\\\/event\\\/stammtisch-6-mai-2025\\\/#primaryimage\"},\"thumbnailUrl\":\"https:\\\/\\\/imker-aigen.at\\\/wp-content\\\/uploads\\\/2022\\\/08\\\/glasses-beer-1.jpg\",\"datePublished\":\"2025-05-06T17:00:26+00:00\",\"dateModified\":\"2025-05-08T09:03:39+00:00\",\"breadcrumb\":{\"@id\":\"https:\\\/\\\/imker-aigen.at\\\/index.php\\\/event\\\/stammtisch-6-mai-2025\\\/#breadcrumb\"},\"inLanguage\":\"de\",\"potentialAction\":[{\"@type\":\"ReadAction\",\"target\":[\"https:\\\/\\\/imker-aigen.at\\\/index.php\\\/event\\\/stammtisch-6-mai-2025\\\/\"]}]},{\"@type\":\"ImageObject\",\"inLanguage\":\"de\",\"@id\":\"https:\\\/\\\/imker-aigen.at\\\/index.php\\\/event\\\/stammtisch-6-mai-2025\\\/#primaryimage\",\"url\":\"https:\\\/\\\/imker-aigen.at\\\/wp-content\\\/uploads\\\/2022\\\/08\\\/glasses-beer-1.jpg\",\"contentUrl\":\"https:\\\/\\\/imker-aigen.at\\\/wp-content\\\/uploads\\\/2022\\\/08\\\/glasses-beer-1.jpg\",\"width\":180,\"height\":241,\"caption\":\"Bier\"},{\"@type\":\"BreadcrumbList\",\"@id\":\"https:\\\/\\\/imker-aigen.at\\\/index.php\\\/event\\\/stammtisch-6-mai-2025\\\/#breadcrumb\",\"itemListElement\":[{\"@type\":\"ListItem\",\"position\":1,\"name\":\"Startseite\",\"item\":\"https:\\\/\\\/imker-aigen.at\\\/index.php\\\/home\\\/\"},{\"@type\":\"ListItem\",\"position\":2,\"name\":\"Veranstaltungen\",\"item\":\"https:\\\/\\\/imker-aigen.at\\\/index.php\\\/events\\\/\"},{\"@type\":\"ListItem\",\"position\":3,\"name\":\"Stammtisch 6. Mai 2025\"}]},{\"@type\":\"WebSite\",\"@id\":\"https:\\\/\\\/imker-aigen.at\\\/#website\",\"url\":\"https:\\\/\\\/imker-aigen.at\\\/\",\"name\":\"Imker Ortsgruppe Salzburg Aigen\",\"description\":\"Homepage der Imker-Ortsgruppe Salzburg Aigen\",\"publisher\":{\"@id\":\"https:\\\/\\\/imker-aigen.at\\\/#organization\"},\"potentialAction\":[{\"@type\":\"SearchAction\",\"target\":{\"@type\":\"EntryPoint\",\"urlTemplate\":\"https:\\\/\\\/imker-aigen.at\\\/?s={search_term_string}\"},\"query-input\":{\"@type\":\"PropertyValueSpecification\",\"valueRequired\":true,\"valueName\":\"search_term_string\"}}],\"inLanguage\":\"de\"},{\"@type\":\"Organization\",\"@id\":\"https:\\\/\\\/imker-aigen.at\\\/#organization\",\"name\":\"Imker Ortsgruppe Salzburg Aigen\",\"url\":\"https:\\\/\\\/imker-aigen.at\\\/\",\"logo\":{\"@type\":\"ImageObject\",\"inLanguage\":\"de\",\"@id\":\"https:\\\/\\\/imker-aigen.at\\\/#\\\/schema\\\/logo\\\/image\\\/\",\"url\":\"https:\\\/\\\/imker-aigen.at\\\/wp-content\\\/uploads\\\/2022\\\/08\\\/logo-1.png\",\"contentUrl\":\"https:\\\/\\\/imker-aigen.at\\\/wp-content\\\/uploads\\\/2022\\\/08\\\/logo-1.png\",\"width\":392,\"height\":156,\"caption\":\"Imker Ortsgruppe Salzburg Aigen\"},\"image\":{\"@id\":\"https:\\\/\\\/imker-aigen.at\\\/#\\\/schema\\\/logo\\\/image\\\/\"}}]}<\/script>\n<!-- \/ Yoast SEO plugin. -->","yoast_head_json":{"title":"Stammtisch 6. Mai 2025 - Imker Ortsgruppe Salzburg Aigen","robots":{"index":"index","follow":"follow","max-snippet":"max-snippet:-1","max-image-preview":"max-image-preview:large","max-video-preview":"max-video-preview:-1"},"canonical":"https:\/\/imker-aigen.at\/index.php\/event\/stammtisch-6-mai-2025\/","og_locale":"de_DE","og_type":"article","og_title":"Stammtisch 6. Mai 2025 - Imker Ortsgruppe Salzburg Aigen","og_description":"Agenda: Begr\u00fc\u00dfung der G\u00e4ste \u00c4nderungen bei den Vereinsmitgliedern Neuigkeiten Zucht varroaresistenter Bienen (ORF-Schlagzeile vom 30.4.2025) &#8211; Unser Vereinsmitglied Christina H\u00f6tzinger, welche auch in der O\u00d6-S-Zuchtgruppe mitarbeitet, k\u00f6nnte n\u00e4here Hintergrundinformationen liefern, [&hellip;]","og_url":"https:\/\/imker-aigen.at\/index.php\/event\/stammtisch-6-mai-2025\/","og_site_name":"Imker Ortsgruppe Salzburg Aigen","article_modified_time":"2025-05-08T09:03:39+00:00","og_image":[{"width":180,"height":241,"url":"https:\/\/imker-aigen.at\/wp-content\/uploads\/2022\/08\/glasses-beer-1.jpg","type":"image\/jpeg"}],"twitter_card":"summary_large_image","twitter_misc":{"Gesch\u00e4tzte Lesezeit":"2\u00a0Minuten"},"schema":{"@context":"https:\/\/schema.org","@graph":[{"@type":"WebPage","@id":"https:\/\/imker-aigen.at\/index.php\/event\/stammtisch-6-mai-2025\/","url":"https:\/\/imker-aigen.at\/index.php\/event\/stammtisch-6-mai-2025\/","name":"Stammtisch 6. Mai 2025 - Imker Ortsgruppe Salzburg Aigen","isPartOf":{"@id":"https:\/\/imker-aigen.at\/#website"},"primaryImageOfPage":{"@id":"https:\/\/imker-aigen.at\/index.php\/event\/stammtisch-6-mai-2025\/#primaryimage"},"image":{"@id":"https:\/\/imker-aigen.at\/index.php\/event\/stammtisch-6-mai-2025\/#primaryimage"},"thumbnailUrl":"https:\/\/imker-aigen.at\/wp-content\/uploads\/2022\/08\/glasses-beer-1.jpg","datePublished":"2025-05-06T17:00:26+00:00","dateModified":"2025-05-08T09:03:39+00:00","breadcrumb":{"@id":"https:\/\/imker-aigen.at\/index.php\/event\/stammtisch-6-mai-2025\/#breadcrumb"},"inLanguage":"de","potentialAction":[{"@type":"ReadAction","target":["https:\/\/imker-aigen.at\/index.php\/event\/stammtisch-6-mai-2025\/"]}]},{"@type":"ImageObject","inLanguage":"de","@id":"https:\/\/imker-aigen.at\/index.php\/event\/stammtisch-6-mai-2025\/#primaryimage","url":"https:\/\/imker-aigen.at\/wp-content\/uploads\/2022\/08\/glasses-beer-1.jpg","contentUrl":"https:\/\/imker-aigen.at\/wp-content\/uploads\/2022\/08\/glasses-beer-1.jpg","width":180,"height":241,"caption":"Bier"},{"@type":"BreadcrumbList","@id":"https:\/\/imker-aigen.at\/index.php\/event\/stammtisch-6-mai-2025\/#breadcrumb","itemListElement":[{"@type":"ListItem","position":1,"name":"Startseite","item":"https:\/\/imker-aigen.at\/index.php\/home\/"},{"@type":"ListItem","position":2,"name":"Veranstaltungen","item":"https:\/\/imker-aigen.at\/index.php\/events\/"},{"@type":"ListItem","position":3,"name":"Stammtisch 6. Mai 2025"}]},{"@type":"WebSite","@id":"https:\/\/imker-aigen.at\/#website","url":"https:\/\/imker-aigen.at\/","name":"Imker Ortsgruppe Salzburg Aigen","description":"Homepage der Imker-Ortsgruppe Salzburg Aigen","publisher":{"@id":"https:\/\/imker-aigen.at\/#organization"},"potentialAction":[{"@type":"SearchAction","target":{"@type":"EntryPoint","urlTemplate":"https:\/\/imker-aigen.at\/?s={search_term_string}"},"query-input":{"@type":"PropertyValueSpecification","valueRequired":true,"valueName":"search_term_string"}}],"inLanguage":"de"},{"@type":"Organization","@id":"https:\/\/imker-aigen.at\/#organization","name":"Imker Ortsgruppe Salzburg Aigen","url":"https:\/\/imker-aigen.at\/","logo":{"@type":"ImageObject","inLanguage":"de","@id":"https:\/\/imker-aigen.at\/#\/schema\/logo\/image\/","url":"https:\/\/imker-aigen.at\/wp-content\/uploads\/2022\/08\/logo-1.png","contentUrl":"https:\/\/imker-aigen.at\/wp-content\/uploads\/2022\/08\/logo-1.png","width":392,"height":156,"caption":"Imker Ortsgruppe Salzburg Aigen"},"image":{"@id":"https:\/\/imker-aigen.at\/#\/schema\/logo\/image\/"}}]}},"_links":{"self":[{"href":"https:\/\/imker-aigen.at\/index.php\/wp-json\/wp\/v2\/tribe_events\/6821","targetHints":{"allow":["GET"]}}],"collection":[{"href":"https:\/\/imker-aigen.at\/index.php\/wp-json\/wp\/v2\/tribe_events"}],"about":[{"href":"https:\/\/imker-aigen.at\/index.php\/wp-json\/wp\/v2\/types\/tribe_events"}],"author":[{"embeddable":true,"href":"https:\/\/imker-aigen.at\/index.php\/wp-json\/wp\/v2\/users\/1"}],"version-history":[{"count":10,"href":"https:\/\/imker-aigen.at\/index.php\/wp-json\/wp\/v2\/tribe_events\/6821\/revisions"}],"predecessor-version":[{"id":7892,"href":"https:\/\/imker-aigen.at\/index.php\/wp-json\/wp\/v2\/tribe_events\/6821\/revisions\/7892"}],"wp:featuredmedia":[{"embeddable":true,"href":"https:\/\/imker-aigen.at\/index.php\/wp-json\/wp\/v2\/media\/621"}],"wp:attachment":[{"href":"https:\/\/imker-aigen.at\/index.php\/wp-json\/wp\/v2\/media?parent=6821"}],"wp:term":[{"taxonomy":"post_tag","embeddable":true,"href":"https:\/\/imker-aigen.at\/index.php\/wp-json\/wp\/v2\/tags?post=6821"},{"taxonomy":"tribe_events_cat","embeddable":true,"href":"https:\/\/imker-aigen.at\/index.php\/wp-json\/wp\/v2\/tribe_events_cat?post=6821"}],"curies":[{"name":"wp","href":"https:\/\/api.w.org\/{rel}","templated":true}]}}