{"id":7399,"date":"2025-02-12T19:00:14","date_gmt":"2025-02-12T18:00:14","guid":{"rendered":"https:\/\/imker-aigen.at\/?post_type=tribe_events&#038;p=7399"},"modified":"2025-02-14T11:51:14","modified_gmt":"2025-02-14T10:51:14","slug":"zoom-netzwerktreffen-schwerpunkt-bienengesundheit-chronisches-bienenparalysevirus","status":"publish","type":"tribe_events","link":"https:\/\/imker-aigen.at\/index.php\/event\/zoom-netzwerktreffen-schwerpunkt-bienengesundheit-chronisches-bienenparalysevirus\/","title":{"rendered":"Zoom-Netzwerktreffen: Schwerpunkt Bienengesundheit &#8211; Chronisches Bienenparalysevirus"},"content":{"rendered":"<p>Liebe Imkerinnen und Imker,<\/p>\n<p>wir laden euch sehr herzlich zu unserem ersten \u00d6IB-Netzwerktreffen 2025 ein, bei dem diesmal Expertinnen zum Thema Bienengesundheit referieren.<\/p>\n<p>Das Chronische Bienenparalysevirus ist seit vielen Jahren Thema in ganz \u00d6sterreich und laut AGES (\u00d6sterreichische Agentur f\u00fcr Gesundheit und Ern\u00e4hrungssicherheit) auf etwa 5 bis 10% aller Bienenst\u00e4nde nachweisbar.<\/p>\n<p>Der \u00d6IB holt die Expertin der AGES, DIin K\u00f6glberger, mit einem Vortrag zum brandaktuellen Thema f\u00fcr alle Imkerinnen und Imker in einen ZOOM-Vortrag:<\/p>\n<p>Referentinnen:<\/p>\n<p>* DIin Hemma K\u00f6glberger\/AGES<br \/>\n* BWMin Ing.in Mag.a Michaela Kohlbacher-Schneider<\/p>\n<p>Imkern mit CBPV?<\/p>\n<p>Sind meine Bienen auch betroffen? Wie erkenne ich die Symptome? Verwechslungsm\u00f6glichkeiten? Was kann ich dagegen tun?<\/p>\n<p>Den aktuellen Stand der Wissenschaft beleuchtet Frau DIin Hemma K\u00f6glberger von der AGES.<\/p>\n<p>Sie ist als Mitarbeiterin der Abteilung Bienenkunde und Bienenschutz der AGES seit vielen Jahren mit Bienengesundheit in Forschung, amtlichen und privaten Untersuchungen und bei Fachschulungen befasst. Ihr langj\u00e4hriges privates Imkern erg\u00e4nzt das theoretische Wissen durch die eigene Erfahrung und praktische Anwendung. An der Arbeit mit Honigbienen sch\u00e4tzt sie die vielf\u00e4ltigen Einblicke in die Natur, die die Besch\u00e4ftigung mit diesen wunderbaren Organismen zu bieten hat.<\/p>\n<p>Frau BWMin Ing.in Mag.a Michaela Kohlbacher-Schneider berichtet von ihren Beobachtungen und ihrem Umgang mit dem wiederholten Auftreten der Krankheit am Bienenstand.<\/p>\n<p><strong>Hier der Zugangscode zum Meeting am Mittwoch, den 12.02.2025 um 19 Uhr:<\/strong><\/p>\n<p><a href=\"https:\/\/us02web.zoom.us\/j\/87624006321?pwd=KTHKZN7WvTIwvEpzpzscFW6yOCj45Y.1\">\u21d2 https:\/\/us02web.zoom.us\/j\/87624006321?pwd=KTHKZN7WvTIwvEpzpzscFW6yOCj45Y.1<\/a><\/p>\n<p>Wir w\u00fcnschen euch einen interessanten und informativen Imkertreff.<\/p>\n<p>Mit imkerlichen Gr\u00fc\u00dfen<\/p>\n<p>Susanne Pichler<\/p>\n<p>\u00d6sterreichischer Imkerbund<\/p>\n<p>______________________<\/p>\n<p>Georg Coch-Platz 3\/11a<br \/>\n1010 Wien<br \/>\nTel.: +43 (0)1 512 54 29<br \/>\nMobil: +43 (0)676 50 40 520<\/p>\n<p>&nbsp;<\/p>\n<p><a href=\"https:\/\/imker-aigen.at\/index.php\/2025\/02\/14\/zoom-meeting-ueber-das-chronische-bienenparalysevirus-cbpv-am-12-februar-2025\/\"><strong>\u21d2 Bericht \u00fcber das Zoom-Meeting am 12.2.2025<\/strong><\/a><\/p>\n","protected":false},"excerpt":{"rendered":"<p>Liebe Imkerinnen und Imker, wir laden euch sehr herzlich zu unserem ersten \u00d6IB-Netzwerktreffen 2025 ein, bei dem diesmal Expertinnen zum Thema Bienengesundheit referieren. Das Chronische Bienenparalysevirus ist seit vielen Jahren [&hellip;]<\/p>\n","protected":false},"author":1,"featured_media":7406,"template":"","meta":{"_tribe_events_status":"","_tribe_events_status_reason":"","footnotes":""},"tags":[351,348,347,349,350],"tribe_events_cat":[17],"class_list":["post-7399","tribe_events","type-tribe_events","status-publish","has-post-thumbnail","hentry","tag-bienenviren","tag-cbpv","tag-chronisches-bienenparalysevirus","tag-koeglberger","tag-kohlbacher-schneider","tribe_events_cat-alte-veranstaltungen","cat_alte-veranstaltungen"],"yoast_head":"<!-- This site is optimized with the Yoast SEO plugin v27.4 - https:\/\/yoast.com\/product\/yoast-seo-wordpress\/ -->\n<title>Zoom-Netzwerktreffen: Schwerpunkt Bienengesundheit - Chronisches Bienenparalysevirus - Imker Ortsgruppe Salzburg Aigen<\/title>\n<meta name=\"description\" content=\"Ein Zoom-Meeting des \u00f6sterreichischen Imkerbundes zum Thema CBPV (Chronisches Bienenparalysevirus)\" \/>\n<meta name=\"robots\" content=\"index, follow, max-snippet:-1, max-image-preview:large, max-video-preview:-1\" \/>\n<link rel=\"canonical\" href=\"https:\/\/imker-aigen.at\/index.php\/event\/zoom-netzwerktreffen-schwerpunkt-bienengesundheit-chronisches-bienenparalysevirus\/\" \/>\n<meta property=\"og:locale\" content=\"de_DE\" \/>\n<meta property=\"og:type\" content=\"article\" \/>\n<meta property=\"og:title\" content=\"Zoom-Netzwerktreffen: Schwerpunkt Bienengesundheit - Chronisches Bienenparalysevirus - Imker Ortsgruppe Salzburg Aigen\" \/>\n<meta property=\"og:description\" content=\"Ein Zoom-Meeting des \u00f6sterreichischen Imkerbundes zum Thema CBPV (Chronisches Bienenparalysevirus)\" \/>\n<meta property=\"og:url\" content=\"https:\/\/imker-aigen.at\/index.php\/event\/zoom-netzwerktreffen-schwerpunkt-bienengesundheit-chronisches-bienenparalysevirus\/\" \/>\n<meta property=\"og:site_name\" content=\"Imker Ortsgruppe Salzburg Aigen\" \/>\n<meta property=\"article:modified_time\" content=\"2025-02-14T10:51:14+00:00\" \/>\n<meta property=\"og:image\" content=\"https:\/\/imker-aigen.at\/wp-content\/uploads\/2025\/02\/logo_imkerbund.png\" \/>\n\t<meta property=\"og:image:width\" content=\"50\" \/>\n\t<meta property=\"og:image:height\" content=\"54\" \/>\n\t<meta property=\"og:image:type\" content=\"image\/png\" \/>\n<meta name=\"twitter:card\" content=\"summary_large_image\" \/>\n<meta name=\"twitter:label1\" content=\"Gesch\u00e4tzte Lesezeit\" \/>\n\t<meta name=\"twitter:data1\" content=\"2\u00a0Minuten\" \/>\n<script type=\"application\/ld+json\" class=\"yoast-schema-graph\">{\"@context\":\"https:\\\/\\\/schema.org\",\"@graph\":[{\"@type\":\"WebPage\",\"@id\":\"https:\\\/\\\/imker-aigen.at\\\/index.php\\\/event\\\/zoom-netzwerktreffen-schwerpunkt-bienengesundheit-chronisches-bienenparalysevirus\\\/\",\"url\":\"https:\\\/\\\/imker-aigen.at\\\/index.php\\\/event\\\/zoom-netzwerktreffen-schwerpunkt-bienengesundheit-chronisches-bienenparalysevirus\\\/\",\"name\":\"Zoom-Netzwerktreffen: Schwerpunkt Bienengesundheit - Chronisches Bienenparalysevirus - Imker Ortsgruppe Salzburg Aigen\",\"isPartOf\":{\"@id\":\"https:\\\/\\\/imker-aigen.at\\\/#website\"},\"primaryImageOfPage\":{\"@id\":\"https:\\\/\\\/imker-aigen.at\\\/index.php\\\/event\\\/zoom-netzwerktreffen-schwerpunkt-bienengesundheit-chronisches-bienenparalysevirus\\\/#primaryimage\"},\"image\":{\"@id\":\"https:\\\/\\\/imker-aigen.at\\\/index.php\\\/event\\\/zoom-netzwerktreffen-schwerpunkt-bienengesundheit-chronisches-bienenparalysevirus\\\/#primaryimage\"},\"thumbnailUrl\":\"https:\\\/\\\/imker-aigen.at\\\/wp-content\\\/uploads\\\/2025\\\/02\\\/logo_imkerbund.png\",\"datePublished\":\"2025-02-12T18:00:14+00:00\",\"dateModified\":\"2025-02-14T10:51:14+00:00\",\"description\":\"Ein Zoom-Meeting des \u00f6sterreichischen Imkerbundes zum Thema CBPV (Chronisches Bienenparalysevirus)\",\"breadcrumb\":{\"@id\":\"https:\\\/\\\/imker-aigen.at\\\/index.php\\\/event\\\/zoom-netzwerktreffen-schwerpunkt-bienengesundheit-chronisches-bienenparalysevirus\\\/#breadcrumb\"},\"inLanguage\":\"de\",\"potentialAction\":[{\"@type\":\"ReadAction\",\"target\":[\"https:\\\/\\\/imker-aigen.at\\\/index.php\\\/event\\\/zoom-netzwerktreffen-schwerpunkt-bienengesundheit-chronisches-bienenparalysevirus\\\/\"]}]},{\"@type\":\"ImageObject\",\"inLanguage\":\"de\",\"@id\":\"https:\\\/\\\/imker-aigen.at\\\/index.php\\\/event\\\/zoom-netzwerktreffen-schwerpunkt-bienengesundheit-chronisches-bienenparalysevirus\\\/#primaryimage\",\"url\":\"https:\\\/\\\/imker-aigen.at\\\/wp-content\\\/uploads\\\/2025\\\/02\\\/logo_imkerbund.png\",\"contentUrl\":\"https:\\\/\\\/imker-aigen.at\\\/wp-content\\\/uploads\\\/2025\\\/02\\\/logo_imkerbund.png\",\"width\":50,\"height\":54},{\"@type\":\"BreadcrumbList\",\"@id\":\"https:\\\/\\\/imker-aigen.at\\\/index.php\\\/event\\\/zoom-netzwerktreffen-schwerpunkt-bienengesundheit-chronisches-bienenparalysevirus\\\/#breadcrumb\",\"itemListElement\":[{\"@type\":\"ListItem\",\"position\":1,\"name\":\"Startseite\",\"item\":\"https:\\\/\\\/imker-aigen.at\\\/index.php\\\/home\\\/\"},{\"@type\":\"ListItem\",\"position\":2,\"name\":\"Veranstaltungen\",\"item\":\"https:\\\/\\\/imker-aigen.at\\\/index.php\\\/events\\\/\"},{\"@type\":\"ListItem\",\"position\":3,\"name\":\"Zoom-Netzwerktreffen: Schwerpunkt Bienengesundheit &#8211; Chronisches Bienenparalysevirus\"}]},{\"@type\":\"WebSite\",\"@id\":\"https:\\\/\\\/imker-aigen.at\\\/#website\",\"url\":\"https:\\\/\\\/imker-aigen.at\\\/\",\"name\":\"Imker Ortsgruppe Salzburg Aigen\",\"description\":\"Homepage der Imker-Ortsgruppe Salzburg Aigen\",\"publisher\":{\"@id\":\"https:\\\/\\\/imker-aigen.at\\\/#organization\"},\"potentialAction\":[{\"@type\":\"SearchAction\",\"target\":{\"@type\":\"EntryPoint\",\"urlTemplate\":\"https:\\\/\\\/imker-aigen.at\\\/?s={search_term_string}\"},\"query-input\":{\"@type\":\"PropertyValueSpecification\",\"valueRequired\":true,\"valueName\":\"search_term_string\"}}],\"inLanguage\":\"de\"},{\"@type\":\"Organization\",\"@id\":\"https:\\\/\\\/imker-aigen.at\\\/#organization\",\"name\":\"Imker Ortsgruppe Salzburg Aigen\",\"url\":\"https:\\\/\\\/imker-aigen.at\\\/\",\"logo\":{\"@type\":\"ImageObject\",\"inLanguage\":\"de\",\"@id\":\"https:\\\/\\\/imker-aigen.at\\\/#\\\/schema\\\/logo\\\/image\\\/\",\"url\":\"https:\\\/\\\/imker-aigen.at\\\/wp-content\\\/uploads\\\/2022\\\/08\\\/logo-1.png\",\"contentUrl\":\"https:\\\/\\\/imker-aigen.at\\\/wp-content\\\/uploads\\\/2022\\\/08\\\/logo-1.png\",\"width\":392,\"height\":156,\"caption\":\"Imker Ortsgruppe Salzburg Aigen\"},\"image\":{\"@id\":\"https:\\\/\\\/imker-aigen.at\\\/#\\\/schema\\\/logo\\\/image\\\/\"}}]}<\/script>\n<!-- \/ Yoast SEO plugin. -->","yoast_head_json":{"title":"Zoom-Netzwerktreffen: Schwerpunkt Bienengesundheit - Chronisches Bienenparalysevirus - Imker Ortsgruppe Salzburg Aigen","description":"Ein Zoom-Meeting des \u00f6sterreichischen Imkerbundes zum Thema CBPV (Chronisches Bienenparalysevirus)","robots":{"index":"index","follow":"follow","max-snippet":"max-snippet:-1","max-image-preview":"max-image-preview:large","max-video-preview":"max-video-preview:-1"},"canonical":"https:\/\/imker-aigen.at\/index.php\/event\/zoom-netzwerktreffen-schwerpunkt-bienengesundheit-chronisches-bienenparalysevirus\/","og_locale":"de_DE","og_type":"article","og_title":"Zoom-Netzwerktreffen: Schwerpunkt Bienengesundheit - Chronisches Bienenparalysevirus - Imker Ortsgruppe Salzburg Aigen","og_description":"Ein Zoom-Meeting des \u00f6sterreichischen Imkerbundes zum Thema CBPV (Chronisches Bienenparalysevirus)","og_url":"https:\/\/imker-aigen.at\/index.php\/event\/zoom-netzwerktreffen-schwerpunkt-bienengesundheit-chronisches-bienenparalysevirus\/","og_site_name":"Imker Ortsgruppe Salzburg Aigen","article_modified_time":"2025-02-14T10:51:14+00:00","og_image":[{"width":50,"height":54,"url":"https:\/\/imker-aigen.at\/wp-content\/uploads\/2025\/02\/logo_imkerbund.png","type":"image\/png"}],"twitter_card":"summary_large_image","twitter_misc":{"Gesch\u00e4tzte Lesezeit":"2\u00a0Minuten"},"schema":{"@context":"https:\/\/schema.org","@graph":[{"@type":"WebPage","@id":"https:\/\/imker-aigen.at\/index.php\/event\/zoom-netzwerktreffen-schwerpunkt-bienengesundheit-chronisches-bienenparalysevirus\/","url":"https:\/\/imker-aigen.at\/index.php\/event\/zoom-netzwerktreffen-schwerpunkt-bienengesundheit-chronisches-bienenparalysevirus\/","name":"Zoom-Netzwerktreffen: Schwerpunkt Bienengesundheit - Chronisches Bienenparalysevirus - Imker Ortsgruppe Salzburg Aigen","isPartOf":{"@id":"https:\/\/imker-aigen.at\/#website"},"primaryImageOfPage":{"@id":"https:\/\/imker-aigen.at\/index.php\/event\/zoom-netzwerktreffen-schwerpunkt-bienengesundheit-chronisches-bienenparalysevirus\/#primaryimage"},"image":{"@id":"https:\/\/imker-aigen.at\/index.php\/event\/zoom-netzwerktreffen-schwerpunkt-bienengesundheit-chronisches-bienenparalysevirus\/#primaryimage"},"thumbnailUrl":"https:\/\/imker-aigen.at\/wp-content\/uploads\/2025\/02\/logo_imkerbund.png","datePublished":"2025-02-12T18:00:14+00:00","dateModified":"2025-02-14T10:51:14+00:00","description":"Ein Zoom-Meeting des \u00f6sterreichischen Imkerbundes zum Thema CBPV (Chronisches Bienenparalysevirus)","breadcrumb":{"@id":"https:\/\/imker-aigen.at\/index.php\/event\/zoom-netzwerktreffen-schwerpunkt-bienengesundheit-chronisches-bienenparalysevirus\/#breadcrumb"},"inLanguage":"de","potentialAction":[{"@type":"ReadAction","target":["https:\/\/imker-aigen.at\/index.php\/event\/zoom-netzwerktreffen-schwerpunkt-bienengesundheit-chronisches-bienenparalysevirus\/"]}]},{"@type":"ImageObject","inLanguage":"de","@id":"https:\/\/imker-aigen.at\/index.php\/event\/zoom-netzwerktreffen-schwerpunkt-bienengesundheit-chronisches-bienenparalysevirus\/#primaryimage","url":"https:\/\/imker-aigen.at\/wp-content\/uploads\/2025\/02\/logo_imkerbund.png","contentUrl":"https:\/\/imker-aigen.at\/wp-content\/uploads\/2025\/02\/logo_imkerbund.png","width":50,"height":54},{"@type":"BreadcrumbList","@id":"https:\/\/imker-aigen.at\/index.php\/event\/zoom-netzwerktreffen-schwerpunkt-bienengesundheit-chronisches-bienenparalysevirus\/#breadcrumb","itemListElement":[{"@type":"ListItem","position":1,"name":"Startseite","item":"https:\/\/imker-aigen.at\/index.php\/home\/"},{"@type":"ListItem","position":2,"name":"Veranstaltungen","item":"https:\/\/imker-aigen.at\/index.php\/events\/"},{"@type":"ListItem","position":3,"name":"Zoom-Netzwerktreffen: Schwerpunkt Bienengesundheit &#8211; Chronisches Bienenparalysevirus"}]},{"@type":"WebSite","@id":"https:\/\/imker-aigen.at\/#website","url":"https:\/\/imker-aigen.at\/","name":"Imker Ortsgruppe Salzburg Aigen","description":"Homepage der Imker-Ortsgruppe Salzburg Aigen","publisher":{"@id":"https:\/\/imker-aigen.at\/#organization"},"potentialAction":[{"@type":"SearchAction","target":{"@type":"EntryPoint","urlTemplate":"https:\/\/imker-aigen.at\/?s={search_term_string}"},"query-input":{"@type":"PropertyValueSpecification","valueRequired":true,"valueName":"search_term_string"}}],"inLanguage":"de"},{"@type":"Organization","@id":"https:\/\/imker-aigen.at\/#organization","name":"Imker Ortsgruppe Salzburg Aigen","url":"https:\/\/imker-aigen.at\/","logo":{"@type":"ImageObject","inLanguage":"de","@id":"https:\/\/imker-aigen.at\/#\/schema\/logo\/image\/","url":"https:\/\/imker-aigen.at\/wp-content\/uploads\/2022\/08\/logo-1.png","contentUrl":"https:\/\/imker-aigen.at\/wp-content\/uploads\/2022\/08\/logo-1.png","width":392,"height":156,"caption":"Imker Ortsgruppe Salzburg Aigen"},"image":{"@id":"https:\/\/imker-aigen.at\/#\/schema\/logo\/image\/"}}]}},"_links":{"self":[{"href":"https:\/\/imker-aigen.at\/index.php\/wp-json\/wp\/v2\/tribe_events\/7399","targetHints":{"allow":["GET"]}}],"collection":[{"href":"https:\/\/imker-aigen.at\/index.php\/wp-json\/wp\/v2\/tribe_events"}],"about":[{"href":"https:\/\/imker-aigen.at\/index.php\/wp-json\/wp\/v2\/types\/tribe_events"}],"author":[{"embeddable":true,"href":"https:\/\/imker-aigen.at\/index.php\/wp-json\/wp\/v2\/users\/1"}],"version-history":[{"count":5,"href":"https:\/\/imker-aigen.at\/index.php\/wp-json\/wp\/v2\/tribe_events\/7399\/revisions"}],"predecessor-version":[{"id":7433,"href":"https:\/\/imker-aigen.at\/index.php\/wp-json\/wp\/v2\/tribe_events\/7399\/revisions\/7433"}],"wp:featuredmedia":[{"embeddable":true,"href":"https:\/\/imker-aigen.at\/index.php\/wp-json\/wp\/v2\/media\/7406"}],"wp:attachment":[{"href":"https:\/\/imker-aigen.at\/index.php\/wp-json\/wp\/v2\/media?parent=7399"}],"wp:term":[{"taxonomy":"post_tag","embeddable":true,"href":"https:\/\/imker-aigen.at\/index.php\/wp-json\/wp\/v2\/tags?post=7399"},{"taxonomy":"tribe_events_cat","embeddable":true,"href":"https:\/\/imker-aigen.at\/index.php\/wp-json\/wp\/v2\/tribe_events_cat?post=7399"}],"curies":[{"name":"wp","href":"https:\/\/api.w.org\/{rel}","templated":true}]}}