{"id":8335,"date":"2025-10-09T16:00:20","date_gmt":"2025-10-09T14:00:20","guid":{"rendered":"https:\/\/imker-aigen.at\/?post_type=tribe_events&#038;p=8335"},"modified":"2025-10-11T10:52:26","modified_gmt":"2025-10-11T08:52:26","slug":"tagung-des-salzburger-naturschutzbundes-anlage-und-pflege-von-blumenwiesen","status":"publish","type":"tribe_events","link":"https:\/\/imker-aigen.at\/index.php\/event\/tagung-des-salzburger-naturschutzbundes-anlage-und-pflege-von-blumenwiesen\/","title":{"rendered":"Tagung des Salzburger Naturschutzbundes &#8211; Anlage und Pflege von Bl\u00fchfl\u00e4chen"},"content":{"rendered":"<p style=\"text-align: center;\">Eine Vortragsreihe mit anschlie\u00dfender Publikumsdiskussion<\/p>\n<h2 style=\"text-align: center;\">Falle oder Lebensraum?<\/h2>\n<h3 style=\"text-align: center;\">Was bei der Anlage und Pflege<br \/>\nvon Bl\u00fchfl\u00e4chen richtig \/ falsch gemacht<br \/>\nwerden kann<\/h3>\n<p style=\"text-align: center;\">Bl\u00fchfl\u00e4chen-Projekte werden f\u00fcr viele Tierarten schnell zur Falle,<br \/>\nwenn sie nicht richtig angelegt oder nicht richtig gepflegt werden.<br \/>\nBeachtet man einige \u00f6kologische Vorgaben, k\u00f6nnen sie aber zu einer<br \/>\nOase der Artenvielfalt werden.<br \/>\nRenommierte Expert*innen geben hier Tipps und Tricks,<br \/>\nwie dies gelingen kann.<\/p>\n<p style=\"text-align: center;\"><a href=\"https:\/\/imker-aigen.at\/wp-content\/uploads\/2025\/09\/2025-09-12_EinladungAufbluehn.pdf\">\u21d2 Einladung zur Vortragsreihe<\/a><\/p>\n<p>&nbsp;<\/p>\n<p><a href=\"https:\/\/imker-aigen.at\/index.php\/2025\/10\/09\/bericht-ueber-die-fachtagung-anlage-und-pflege-von-bluehflaechen\/\"><strong>\u21d2 Bericht \u00fcber die Tagung am 9.10.2025<\/strong><\/a><\/p>\n","protected":false},"excerpt":{"rendered":"<p>Eine Vortragsreihe mit anschlie\u00dfender Publikumsdiskussion Falle oder Lebensraum? Was bei der Anlage und Pflege von Bl\u00fchfl\u00e4chen richtig \/ falsch gemacht werden kann Bl\u00fchfl\u00e4chen-Projekte werden f\u00fcr viele Tierarten schnell zur Falle, [&hellip;]<\/p>\n","protected":false},"author":1,"featured_media":3901,"template":"","meta":{"_tribe_events_status":"","_tribe_events_status_reason":"","footnotes":""},"tags":[458,457,75,77],"tribe_events_cat":[17],"class_list":["post-8335","tribe_events","type-tribe_events","status-publish","has-post-thumbnail","hentry","tag-artenvielfalt","tag-bluehflaechen","tag-naturschutzbund","tag-wildbienen","tribe_events_cat-alte-veranstaltungen","cat_alte-veranstaltungen"],"yoast_head":"<!-- This site is optimized with the Yoast SEO plugin v27.4 - https:\/\/yoast.com\/product\/yoast-seo-wordpress\/ -->\n<title>Tagung des Salzburger Naturschutzbundes - Anlage und Pflege von Bl\u00fchfl\u00e4chen - Imker Ortsgruppe Salzburg Aigen<\/title>\n<meta name=\"description\" content=\"Am 9. Oktober findet die Tagung des Salzburger Naturschutzbundes zum Thema &quot;Anlage und Pflege von Bl\u00fchfl\u00e4chen&quot; statt. Wir sind dabei!\" \/>\n<meta name=\"robots\" content=\"index, follow, max-snippet:-1, max-image-preview:large, max-video-preview:-1\" \/>\n<link rel=\"canonical\" href=\"https:\/\/imker-aigen.at\/index.php\/event\/tagung-des-salzburger-naturschutzbundes-anlage-und-pflege-von-blumenwiesen\/\" \/>\n<meta property=\"og:locale\" content=\"de_DE\" \/>\n<meta property=\"og:type\" content=\"article\" \/>\n<meta property=\"og:title\" content=\"Tagung des Salzburger Naturschutzbundes - Anlage und Pflege von Bl\u00fchfl\u00e4chen - Imker Ortsgruppe Salzburg Aigen\" \/>\n<meta property=\"og:description\" content=\"Am 9. Oktober findet die Tagung des Salzburger Naturschutzbundes zum Thema &quot;Anlage und Pflege von Bl\u00fchfl\u00e4chen&quot; statt. Wir sind dabei!\" \/>\n<meta property=\"og:url\" content=\"https:\/\/imker-aigen.at\/index.php\/event\/tagung-des-salzburger-naturschutzbundes-anlage-und-pflege-von-blumenwiesen\/\" \/>\n<meta property=\"og:site_name\" content=\"Imker Ortsgruppe Salzburg Aigen\" \/>\n<meta property=\"article:modified_time\" content=\"2025-10-11T08:52:26+00:00\" \/>\n<meta property=\"og:image\" content=\"https:\/\/imker-aigen.at\/wp-content\/uploads\/2023\/06\/naturschutzbundLogo.png\" \/>\n\t<meta property=\"og:image:width\" content=\"420\" \/>\n\t<meta property=\"og:image:height\" content=\"206\" \/>\n\t<meta property=\"og:image:type\" content=\"image\/png\" \/>\n<meta name=\"twitter:card\" content=\"summary_large_image\" \/>\n<meta name=\"twitter:label1\" content=\"Gesch\u00e4tzte Lesezeit\" \/>\n\t<meta name=\"twitter:data1\" content=\"1\u00a0Minute\" \/>\n<script type=\"application\/ld+json\" class=\"yoast-schema-graph\">{\"@context\":\"https:\\\/\\\/schema.org\",\"@graph\":[{\"@type\":\"WebPage\",\"@id\":\"https:\\\/\\\/imker-aigen.at\\\/index.php\\\/event\\\/tagung-des-salzburger-naturschutzbundes-anlage-und-pflege-von-blumenwiesen\\\/\",\"url\":\"https:\\\/\\\/imker-aigen.at\\\/index.php\\\/event\\\/tagung-des-salzburger-naturschutzbundes-anlage-und-pflege-von-blumenwiesen\\\/\",\"name\":\"Tagung des Salzburger Naturschutzbundes - Anlage und Pflege von Bl\u00fchfl\u00e4chen - Imker Ortsgruppe Salzburg Aigen\",\"isPartOf\":{\"@id\":\"https:\\\/\\\/imker-aigen.at\\\/#website\"},\"primaryImageOfPage\":{\"@id\":\"https:\\\/\\\/imker-aigen.at\\\/index.php\\\/event\\\/tagung-des-salzburger-naturschutzbundes-anlage-und-pflege-von-blumenwiesen\\\/#primaryimage\"},\"image\":{\"@id\":\"https:\\\/\\\/imker-aigen.at\\\/index.php\\\/event\\\/tagung-des-salzburger-naturschutzbundes-anlage-und-pflege-von-blumenwiesen\\\/#primaryimage\"},\"thumbnailUrl\":\"https:\\\/\\\/imker-aigen.at\\\/wp-content\\\/uploads\\\/2023\\\/06\\\/naturschutzbundLogo.png\",\"datePublished\":\"2025-10-09T14:00:20+00:00\",\"dateModified\":\"2025-10-11T08:52:26+00:00\",\"description\":\"Am 9. Oktober findet die Tagung des Salzburger Naturschutzbundes zum Thema \\\"Anlage und Pflege von Bl\u00fchfl\u00e4chen\\\" statt. Wir sind dabei!\",\"breadcrumb\":{\"@id\":\"https:\\\/\\\/imker-aigen.at\\\/index.php\\\/event\\\/tagung-des-salzburger-naturschutzbundes-anlage-und-pflege-von-blumenwiesen\\\/#breadcrumb\"},\"inLanguage\":\"de\",\"potentialAction\":[{\"@type\":\"ReadAction\",\"target\":[\"https:\\\/\\\/imker-aigen.at\\\/index.php\\\/event\\\/tagung-des-salzburger-naturschutzbundes-anlage-und-pflege-von-blumenwiesen\\\/\"]}]},{\"@type\":\"ImageObject\",\"inLanguage\":\"de\",\"@id\":\"https:\\\/\\\/imker-aigen.at\\\/index.php\\\/event\\\/tagung-des-salzburger-naturschutzbundes-anlage-und-pflege-von-blumenwiesen\\\/#primaryimage\",\"url\":\"https:\\\/\\\/imker-aigen.at\\\/wp-content\\\/uploads\\\/2023\\\/06\\\/naturschutzbundLogo.png\",\"contentUrl\":\"https:\\\/\\\/imker-aigen.at\\\/wp-content\\\/uploads\\\/2023\\\/06\\\/naturschutzbundLogo.png\",\"width\":420,\"height\":206},{\"@type\":\"BreadcrumbList\",\"@id\":\"https:\\\/\\\/imker-aigen.at\\\/index.php\\\/event\\\/tagung-des-salzburger-naturschutzbundes-anlage-und-pflege-von-blumenwiesen\\\/#breadcrumb\",\"itemListElement\":[{\"@type\":\"ListItem\",\"position\":1,\"name\":\"Startseite\",\"item\":\"https:\\\/\\\/imker-aigen.at\\\/index.php\\\/home\\\/\"},{\"@type\":\"ListItem\",\"position\":2,\"name\":\"Veranstaltungen\",\"item\":\"https:\\\/\\\/imker-aigen.at\\\/index.php\\\/events\\\/\"},{\"@type\":\"ListItem\",\"position\":3,\"name\":\"Tagung des Salzburger Naturschutzbundes &#8211; Anlage und Pflege von Bl\u00fchfl\u00e4chen\"}]},{\"@type\":\"WebSite\",\"@id\":\"https:\\\/\\\/imker-aigen.at\\\/#website\",\"url\":\"https:\\\/\\\/imker-aigen.at\\\/\",\"name\":\"Imker Ortsgruppe Salzburg Aigen\",\"description\":\"Homepage der Imker-Ortsgruppe Salzburg Aigen\",\"publisher\":{\"@id\":\"https:\\\/\\\/imker-aigen.at\\\/#organization\"},\"potentialAction\":[{\"@type\":\"SearchAction\",\"target\":{\"@type\":\"EntryPoint\",\"urlTemplate\":\"https:\\\/\\\/imker-aigen.at\\\/?s={search_term_string}\"},\"query-input\":{\"@type\":\"PropertyValueSpecification\",\"valueRequired\":true,\"valueName\":\"search_term_string\"}}],\"inLanguage\":\"de\"},{\"@type\":\"Organization\",\"@id\":\"https:\\\/\\\/imker-aigen.at\\\/#organization\",\"name\":\"Imker Ortsgruppe Salzburg Aigen\",\"url\":\"https:\\\/\\\/imker-aigen.at\\\/\",\"logo\":{\"@type\":\"ImageObject\",\"inLanguage\":\"de\",\"@id\":\"https:\\\/\\\/imker-aigen.at\\\/#\\\/schema\\\/logo\\\/image\\\/\",\"url\":\"https:\\\/\\\/imker-aigen.at\\\/wp-content\\\/uploads\\\/2022\\\/08\\\/logo-1.png\",\"contentUrl\":\"https:\\\/\\\/imker-aigen.at\\\/wp-content\\\/uploads\\\/2022\\\/08\\\/logo-1.png\",\"width\":392,\"height\":156,\"caption\":\"Imker Ortsgruppe Salzburg Aigen\"},\"image\":{\"@id\":\"https:\\\/\\\/imker-aigen.at\\\/#\\\/schema\\\/logo\\\/image\\\/\"}}]}<\/script>\n<!-- \/ Yoast SEO plugin. -->","yoast_head_json":{"title":"Tagung des Salzburger Naturschutzbundes - Anlage und Pflege von Bl\u00fchfl\u00e4chen - Imker Ortsgruppe Salzburg Aigen","description":"Am 9. Oktober findet die Tagung des Salzburger Naturschutzbundes zum Thema \"Anlage und Pflege von Bl\u00fchfl\u00e4chen\" statt. Wir sind dabei!","robots":{"index":"index","follow":"follow","max-snippet":"max-snippet:-1","max-image-preview":"max-image-preview:large","max-video-preview":"max-video-preview:-1"},"canonical":"https:\/\/imker-aigen.at\/index.php\/event\/tagung-des-salzburger-naturschutzbundes-anlage-und-pflege-von-blumenwiesen\/","og_locale":"de_DE","og_type":"article","og_title":"Tagung des Salzburger Naturschutzbundes - Anlage und Pflege von Bl\u00fchfl\u00e4chen - Imker Ortsgruppe Salzburg Aigen","og_description":"Am 9. Oktober findet die Tagung des Salzburger Naturschutzbundes zum Thema \"Anlage und Pflege von Bl\u00fchfl\u00e4chen\" statt. Wir sind dabei!","og_url":"https:\/\/imker-aigen.at\/index.php\/event\/tagung-des-salzburger-naturschutzbundes-anlage-und-pflege-von-blumenwiesen\/","og_site_name":"Imker Ortsgruppe Salzburg Aigen","article_modified_time":"2025-10-11T08:52:26+00:00","og_image":[{"width":420,"height":206,"url":"https:\/\/imker-aigen.at\/wp-content\/uploads\/2023\/06\/naturschutzbundLogo.png","type":"image\/png"}],"twitter_card":"summary_large_image","twitter_misc":{"Gesch\u00e4tzte Lesezeit":"1\u00a0Minute"},"schema":{"@context":"https:\/\/schema.org","@graph":[{"@type":"WebPage","@id":"https:\/\/imker-aigen.at\/index.php\/event\/tagung-des-salzburger-naturschutzbundes-anlage-und-pflege-von-blumenwiesen\/","url":"https:\/\/imker-aigen.at\/index.php\/event\/tagung-des-salzburger-naturschutzbundes-anlage-und-pflege-von-blumenwiesen\/","name":"Tagung des Salzburger Naturschutzbundes - Anlage und Pflege von Bl\u00fchfl\u00e4chen - Imker Ortsgruppe Salzburg Aigen","isPartOf":{"@id":"https:\/\/imker-aigen.at\/#website"},"primaryImageOfPage":{"@id":"https:\/\/imker-aigen.at\/index.php\/event\/tagung-des-salzburger-naturschutzbundes-anlage-und-pflege-von-blumenwiesen\/#primaryimage"},"image":{"@id":"https:\/\/imker-aigen.at\/index.php\/event\/tagung-des-salzburger-naturschutzbundes-anlage-und-pflege-von-blumenwiesen\/#primaryimage"},"thumbnailUrl":"https:\/\/imker-aigen.at\/wp-content\/uploads\/2023\/06\/naturschutzbundLogo.png","datePublished":"2025-10-09T14:00:20+00:00","dateModified":"2025-10-11T08:52:26+00:00","description":"Am 9. Oktober findet die Tagung des Salzburger Naturschutzbundes zum Thema \"Anlage und Pflege von Bl\u00fchfl\u00e4chen\" statt. Wir sind dabei!","breadcrumb":{"@id":"https:\/\/imker-aigen.at\/index.php\/event\/tagung-des-salzburger-naturschutzbundes-anlage-und-pflege-von-blumenwiesen\/#breadcrumb"},"inLanguage":"de","potentialAction":[{"@type":"ReadAction","target":["https:\/\/imker-aigen.at\/index.php\/event\/tagung-des-salzburger-naturschutzbundes-anlage-und-pflege-von-blumenwiesen\/"]}]},{"@type":"ImageObject","inLanguage":"de","@id":"https:\/\/imker-aigen.at\/index.php\/event\/tagung-des-salzburger-naturschutzbundes-anlage-und-pflege-von-blumenwiesen\/#primaryimage","url":"https:\/\/imker-aigen.at\/wp-content\/uploads\/2023\/06\/naturschutzbundLogo.png","contentUrl":"https:\/\/imker-aigen.at\/wp-content\/uploads\/2023\/06\/naturschutzbundLogo.png","width":420,"height":206},{"@type":"BreadcrumbList","@id":"https:\/\/imker-aigen.at\/index.php\/event\/tagung-des-salzburger-naturschutzbundes-anlage-und-pflege-von-blumenwiesen\/#breadcrumb","itemListElement":[{"@type":"ListItem","position":1,"name":"Startseite","item":"https:\/\/imker-aigen.at\/index.php\/home\/"},{"@type":"ListItem","position":2,"name":"Veranstaltungen","item":"https:\/\/imker-aigen.at\/index.php\/events\/"},{"@type":"ListItem","position":3,"name":"Tagung des Salzburger Naturschutzbundes &#8211; Anlage und Pflege von Bl\u00fchfl\u00e4chen"}]},{"@type":"WebSite","@id":"https:\/\/imker-aigen.at\/#website","url":"https:\/\/imker-aigen.at\/","name":"Imker Ortsgruppe Salzburg Aigen","description":"Homepage der Imker-Ortsgruppe Salzburg Aigen","publisher":{"@id":"https:\/\/imker-aigen.at\/#organization"},"potentialAction":[{"@type":"SearchAction","target":{"@type":"EntryPoint","urlTemplate":"https:\/\/imker-aigen.at\/?s={search_term_string}"},"query-input":{"@type":"PropertyValueSpecification","valueRequired":true,"valueName":"search_term_string"}}],"inLanguage":"de"},{"@type":"Organization","@id":"https:\/\/imker-aigen.at\/#organization","name":"Imker Ortsgruppe Salzburg Aigen","url":"https:\/\/imker-aigen.at\/","logo":{"@type":"ImageObject","inLanguage":"de","@id":"https:\/\/imker-aigen.at\/#\/schema\/logo\/image\/","url":"https:\/\/imker-aigen.at\/wp-content\/uploads\/2022\/08\/logo-1.png","contentUrl":"https:\/\/imker-aigen.at\/wp-content\/uploads\/2022\/08\/logo-1.png","width":392,"height":156,"caption":"Imker Ortsgruppe Salzburg Aigen"},"image":{"@id":"https:\/\/imker-aigen.at\/#\/schema\/logo\/image\/"}}]}},"_links":{"self":[{"href":"https:\/\/imker-aigen.at\/index.php\/wp-json\/wp\/v2\/tribe_events\/8335","targetHints":{"allow":["GET"]}}],"collection":[{"href":"https:\/\/imker-aigen.at\/index.php\/wp-json\/wp\/v2\/tribe_events"}],"about":[{"href":"https:\/\/imker-aigen.at\/index.php\/wp-json\/wp\/v2\/types\/tribe_events"}],"author":[{"embeddable":true,"href":"https:\/\/imker-aigen.at\/index.php\/wp-json\/wp\/v2\/users\/1"}],"version-history":[{"count":5,"href":"https:\/\/imker-aigen.at\/index.php\/wp-json\/wp\/v2\/tribe_events\/8335\/revisions"}],"predecessor-version":[{"id":8839,"href":"https:\/\/imker-aigen.at\/index.php\/wp-json\/wp\/v2\/tribe_events\/8335\/revisions\/8839"}],"wp:featuredmedia":[{"embeddable":true,"href":"https:\/\/imker-aigen.at\/index.php\/wp-json\/wp\/v2\/media\/3901"}],"wp:attachment":[{"href":"https:\/\/imker-aigen.at\/index.php\/wp-json\/wp\/v2\/media?parent=8335"}],"wp:term":[{"taxonomy":"post_tag","embeddable":true,"href":"https:\/\/imker-aigen.at\/index.php\/wp-json\/wp\/v2\/tags?post=8335"},{"taxonomy":"tribe_events_cat","embeddable":true,"href":"https:\/\/imker-aigen.at\/index.php\/wp-json\/wp\/v2\/tribe_events_cat?post=8335"}],"curies":[{"name":"wp","href":"https:\/\/api.w.org\/{rel}","templated":true}]}}