{"id":8592,"date":"2026-03-03T19:00:14","date_gmt":"2026-03-03T18:00:14","guid":{"rendered":"https:\/\/imker-aigen.at\/?post_type=tribe_events&#038;p=8592"},"modified":"2026-03-06T08:38:15","modified_gmt":"2026-03-06T07:38:15","slug":"stammtisch-3-maerz-2026","status":"publish","type":"tribe_events","link":"https:\/\/imker-aigen.at\/index.php\/event\/stammtisch-3-maerz-2026\/","title":{"rendered":"Stammtisch 3. M\u00e4rz 2026"},"content":{"rendered":"<h2>Agenda:<\/h2>\n<h4><strong>Begr\u00fc\u00dfung der G\u00e4ste<\/strong><\/h4>\n<h4>Neuigkeiten<\/h4>\n<ul>\n<li>Alte Termine<br \/>\n<a href=\"https:\/\/imker-aigen.at\/index.php\/2026\/02\/08\/protokoll-der-flachgauer-gauversammlung-inkl-salzburg-stadt-am-7-2-2026\/\">7.2.2026 &#8211; Flachgauer Gauversammlung (inkl. Salzburg Stadt)<\/a><br \/>\nToller Waldtracht-Vortrag von IM Monika Heller + Ank\u00fcndigung eines <a href=\"https:\/\/imker-aigen.at\/index.php\/event\/gauausflug-flachgau-und-salzburg-stadt-23-honigfest-in-hermargor\/\">Gauausfluges am 16.8.2026 zum Honigfest in Hermargor<\/a><\/li>\n<li>Wachs-Spendenaktion<br \/>\nEin Bericht \u00fcber diese Aktion wird in einer der kommenden Bienen-aktuell Ausgaben erscheinen<br \/>\nAusflug zum Caritas Dorf St. Anton und zur landwirtschaftlichen Fachschule in Bruck am 30.4.2026<\/li>\n<li>Beitr\u00e4ge 2026 -alle Zahlungen wurden bereits get\u00e4tigt und die Beitr\u00e4ge an den Landesverband \u00fcberwiesen<\/li>\n<li>Corporate Design &#8211; Vorschl\u00e4ge f\u00fcr das neue Vereinslogo (Basis f\u00fcr die Vereinsetiketten)<\/li>\n<li>Vereinsh\u00fctte 2026 &#8211; Planung der Arbeiten 2026<\/li>\n<li>Futterkranzprobe &#8211; Neue Frist f\u00fcr die Abgabe der Futterkranzproben im Flachgau: bis Ende M\u00e4rz<\/li>\n<li><a href=\"https:\/\/imker-aigen.at\/index.php\/event\/ausserordentliche-mitgliederversammlung-30-oktober-2026-neuwahl-des-vorstands\/\">Au\u00dferordentliche Mitgliederversammlung am 30.10.2026 &#8211; Neuwahl des Vorstands<\/a><br \/>\nWir brauchen Wahlvorschl\u00e4ge! Wer stellt sich f\u00fcr eine Funktion zur Verf\u00fcgung?<\/li>\n<\/ul>\n<h4>Imkerliche T\u00e4tigkeiten im M\u00e4rz (siehe <a href=\"https:\/\/imker-aigen.at\/index.php\/about\/monthly_todos\/\">Monatsbetrachtungen<\/a>)<\/h4>\n<p>Imkern in Zeiten des Klimawandels &#8211; Hasel und Erle bl\u00fchen nun gleichzeitig. Auch die Salweide bl\u00fcht bereits. In der Stadt Salzburg soll es laut Wetterbericht bis kommenden Samstag (7.3.2026) 15 Grad und t\u00e4glich 11 Sonnenstunden geben.<\/p>\n<ul>\n<li>Kontrolle, ob die Bienenv\u00f6lker noch leben. Tote Bienen bitte sofort vom Stand wegr\u00e4umen. Futter von abgestorbenen V\u00f6lkern vernichten und nicht an andere V\u00f6lker verf\u00fcttern. Beuten von abgestorbenen Bienenv\u00f6lkern wegr\u00e4umen und gr\u00fcndlich s\u00e4ubern.<\/li>\n<li>Kontrolle der Futterreserven<\/li>\n<li>Angepasster Brutraum: Schieden auf die Wintertraube<\/li>\n<li>Kontrolle des nat\u00fcrlichen Milbenabfalls \u00fcber 3 Wochen zur Salweidenbl\u00fcte (Varroa-Selektionskriterium)<\/li>\n<\/ul>\n<h4>Kommende Termine bis zum n\u00e4chsten Stammtisch<\/h4>\n<ul>\n<li><a href=\"https:\/\/imker-aigen.at\/index.php\/event\/die-tagfalter-im-salzburger-land-trends-treiber-und-schutz\/\">5.3.2026 Die Tagfalter im Salzburger Land \u2013 Trends, Treiber und Schutz<\/a><\/li>\n<li><a href=\"https:\/\/imker-aigen.at\/index.php\/event\/jahreshauptversammlung-der-imker-ortsgruppe-neumarkt-2\/\">13.3.2026 Jahreshauptversammlung des Imker-Ortsgruppe Neumarkt am Wallersee<\/a><\/li>\n<li><a href=\"https:\/\/imker-aigen.at\/index.php\/event\/start-der-neueinsteigerkurse-fuer-den-flachgau\/\">13.3.2026 Start der Neueinsteigerkurse f\u00fcr den Flachgau<\/a><\/li>\n<li><a href=\"https:\/\/imker-aigen.at\/index.php\/event\/vortrag-bienengesundheit-und-pflanzeninhaltsstoffe\/\">20.3.2026 Vortrag Dr. Bannert &#8211; Bienengesundheit und Pflanzeninhaltsstoffe<\/a><\/li>\n<li><a href=\"https:\/\/imker-aigen.at\/index.php\/event\/jahreshauptversammlung-imker-ortsgruppe-bad-vigaun\/\">24.3.2026 Jahreshauptversammlung des Imker-Ortsgruppe Bad Vigaun<\/a><br \/>\nVortrag von Imkermeisterin Maria Koller (<a href=\"https:\/\/www.koasabiene.at\/\">KOASABIENE<\/a>)<\/li>\n<li><a href=\"https:\/\/imker-aigen.at\/index.php\/event\/netzwerkfruehstueck-mit-bienenforscher-martin-stefanec-was-wir-zum-thema-netzwerken-und-kooperation-von-bienen-lernen-koennen\/\">26.3.2026 Netzwerkfr\u00fchst\u00fcck mit Bienenforscher Martin Stefanec: \u201eWas wir zum Thema Netzwerken und Kooperation von Bienen lernen k\u00f6nnen.\u201c<\/a><\/li>\n<li><a href=\"https:\/\/imker-aigen.at\/index.php\/event\/stammtisch-7-april-2026\/\">7.4.2026 Stammtisch<\/a><\/li>\n<li><a href=\"https:\/\/imker-aigen.at\/index.php\/event\/landesimkertag-2026\/\">12.4.2026 Landesimkertag<\/a> &#8211; Wer vom Vorstand nimmt teil? Bitte um baldige Anmeldung!<\/li>\n<\/ul>\n<h4>Diverses, Diskussion, Allf\u00e4lliges<\/h4>\n<ul>\n<li>Hilfe bei der Vereinsarbeit (Es gibt viel zu tun. Packen wir\u2019s an!)<\/li>\n<\/ul>\n<p>&nbsp;<\/p>\n<p><a href=\"https:\/\/imker-aigen.at\/index.php\/2026\/03\/03\/protokoll-vom-stammtisch-am-3-3-2026\/\"><strong>\u21d2 Protokoll vom Stammtisch am 3.3.2026<\/strong><\/a><\/p>\n","protected":false},"excerpt":{"rendered":"<p>Agenda: Begr\u00fc\u00dfung der G\u00e4ste Neuigkeiten Alte Termine 7.2.2026 &#8211; Flachgauer Gauversammlung (inkl. Salzburg Stadt) Toller Waldtracht-Vortrag von IM Monika Heller + Ank\u00fcndigung eines Gauausfluges am 16.8.2026 zum Honigfest in Hermargor [&hellip;]<\/p>\n","protected":false},"author":1,"featured_media":621,"template":"","meta":{"_tribe_events_status":"","_tribe_events_status_reason":"","footnotes":""},"tags":[35],"tribe_events_cat":[17],"class_list":["post-8592","tribe_events","type-tribe_events","status-publish","has-post-thumbnail","hentry","tag-stammtisch","tribe_events_cat-alte-veranstaltungen","cat_alte-veranstaltungen"],"yoast_head":"<!-- This site is optimized with the Yoast SEO plugin v27.4 - https:\/\/yoast.com\/product\/yoast-seo-wordpress\/ -->\n<title>Stammtisch 3. M\u00e4rz 2026 - Imker Ortsgruppe Salzburg Aigen<\/title>\n<meta name=\"robots\" content=\"index, follow, max-snippet:-1, max-image-preview:large, max-video-preview:-1\" \/>\n<link rel=\"canonical\" href=\"https:\/\/imker-aigen.at\/index.php\/event\/stammtisch-3-maerz-2026\/\" \/>\n<meta property=\"og:locale\" content=\"de_DE\" \/>\n<meta property=\"og:type\" content=\"article\" \/>\n<meta property=\"og:title\" content=\"Stammtisch 3. M\u00e4rz 2026 - Imker Ortsgruppe Salzburg Aigen\" \/>\n<meta property=\"og:description\" content=\"Agenda: Begr\u00fc\u00dfung der G\u00e4ste Neuigkeiten Alte Termine 7.2.2026 &#8211; Flachgauer Gauversammlung (inkl. Salzburg Stadt) Toller Waldtracht-Vortrag von IM Monika Heller + Ank\u00fcndigung eines Gauausfluges am 16.8.2026 zum Honigfest in Hermargor [&hellip;]\" \/>\n<meta property=\"og:url\" content=\"https:\/\/imker-aigen.at\/index.php\/event\/stammtisch-3-maerz-2026\/\" \/>\n<meta property=\"og:site_name\" content=\"Imker Ortsgruppe Salzburg Aigen\" \/>\n<meta property=\"article:modified_time\" content=\"2026-03-06T07:38:15+00:00\" \/>\n<meta property=\"og:image\" content=\"https:\/\/imker-aigen.at\/wp-content\/uploads\/2022\/08\/glasses-beer-1.jpg\" \/>\n\t<meta property=\"og:image:width\" content=\"180\" \/>\n\t<meta property=\"og:image:height\" content=\"241\" \/>\n\t<meta property=\"og:image:type\" content=\"image\/jpeg\" \/>\n<meta name=\"twitter:card\" content=\"summary_large_image\" \/>\n<meta name=\"twitter:label1\" content=\"Gesch\u00e4tzte Lesezeit\" \/>\n\t<meta name=\"twitter:data1\" content=\"2\u00a0Minuten\" \/>\n<script type=\"application\/ld+json\" class=\"yoast-schema-graph\">{\"@context\":\"https:\\\/\\\/schema.org\",\"@graph\":[{\"@type\":\"WebPage\",\"@id\":\"https:\\\/\\\/imker-aigen.at\\\/index.php\\\/event\\\/stammtisch-3-maerz-2026\\\/\",\"url\":\"https:\\\/\\\/imker-aigen.at\\\/index.php\\\/event\\\/stammtisch-3-maerz-2026\\\/\",\"name\":\"Stammtisch 3. M\u00e4rz 2026 - Imker Ortsgruppe Salzburg Aigen\",\"isPartOf\":{\"@id\":\"https:\\\/\\\/imker-aigen.at\\\/#website\"},\"primaryImageOfPage\":{\"@id\":\"https:\\\/\\\/imker-aigen.at\\\/index.php\\\/event\\\/stammtisch-3-maerz-2026\\\/#primaryimage\"},\"image\":{\"@id\":\"https:\\\/\\\/imker-aigen.at\\\/index.php\\\/event\\\/stammtisch-3-maerz-2026\\\/#primaryimage\"},\"thumbnailUrl\":\"https:\\\/\\\/imker-aigen.at\\\/wp-content\\\/uploads\\\/2022\\\/08\\\/glasses-beer-1.jpg\",\"datePublished\":\"2026-03-03T18:00:14+00:00\",\"dateModified\":\"2026-03-06T07:38:15+00:00\",\"breadcrumb\":{\"@id\":\"https:\\\/\\\/imker-aigen.at\\\/index.php\\\/event\\\/stammtisch-3-maerz-2026\\\/#breadcrumb\"},\"inLanguage\":\"de\",\"potentialAction\":[{\"@type\":\"ReadAction\",\"target\":[\"https:\\\/\\\/imker-aigen.at\\\/index.php\\\/event\\\/stammtisch-3-maerz-2026\\\/\"]}]},{\"@type\":\"ImageObject\",\"inLanguage\":\"de\",\"@id\":\"https:\\\/\\\/imker-aigen.at\\\/index.php\\\/event\\\/stammtisch-3-maerz-2026\\\/#primaryimage\",\"url\":\"https:\\\/\\\/imker-aigen.at\\\/wp-content\\\/uploads\\\/2022\\\/08\\\/glasses-beer-1.jpg\",\"contentUrl\":\"https:\\\/\\\/imker-aigen.at\\\/wp-content\\\/uploads\\\/2022\\\/08\\\/glasses-beer-1.jpg\",\"width\":180,\"height\":241,\"caption\":\"Bier\"},{\"@type\":\"BreadcrumbList\",\"@id\":\"https:\\\/\\\/imker-aigen.at\\\/index.php\\\/event\\\/stammtisch-3-maerz-2026\\\/#breadcrumb\",\"itemListElement\":[{\"@type\":\"ListItem\",\"position\":1,\"name\":\"Startseite\",\"item\":\"https:\\\/\\\/imker-aigen.at\\\/index.php\\\/home\\\/\"},{\"@type\":\"ListItem\",\"position\":2,\"name\":\"Veranstaltungen\",\"item\":\"https:\\\/\\\/imker-aigen.at\\\/index.php\\\/events\\\/\"},{\"@type\":\"ListItem\",\"position\":3,\"name\":\"Stammtisch 3. M\u00e4rz 2026\"}]},{\"@type\":\"WebSite\",\"@id\":\"https:\\\/\\\/imker-aigen.at\\\/#website\",\"url\":\"https:\\\/\\\/imker-aigen.at\\\/\",\"name\":\"Imker Ortsgruppe Salzburg Aigen\",\"description\":\"Homepage der Imker-Ortsgruppe Salzburg Aigen\",\"publisher\":{\"@id\":\"https:\\\/\\\/imker-aigen.at\\\/#organization\"},\"potentialAction\":[{\"@type\":\"SearchAction\",\"target\":{\"@type\":\"EntryPoint\",\"urlTemplate\":\"https:\\\/\\\/imker-aigen.at\\\/?s={search_term_string}\"},\"query-input\":{\"@type\":\"PropertyValueSpecification\",\"valueRequired\":true,\"valueName\":\"search_term_string\"}}],\"inLanguage\":\"de\"},{\"@type\":\"Organization\",\"@id\":\"https:\\\/\\\/imker-aigen.at\\\/#organization\",\"name\":\"Imker Ortsgruppe Salzburg Aigen\",\"url\":\"https:\\\/\\\/imker-aigen.at\\\/\",\"logo\":{\"@type\":\"ImageObject\",\"inLanguage\":\"de\",\"@id\":\"https:\\\/\\\/imker-aigen.at\\\/#\\\/schema\\\/logo\\\/image\\\/\",\"url\":\"https:\\\/\\\/imker-aigen.at\\\/wp-content\\\/uploads\\\/2022\\\/08\\\/logo-1.png\",\"contentUrl\":\"https:\\\/\\\/imker-aigen.at\\\/wp-content\\\/uploads\\\/2022\\\/08\\\/logo-1.png\",\"width\":392,\"height\":156,\"caption\":\"Imker Ortsgruppe Salzburg Aigen\"},\"image\":{\"@id\":\"https:\\\/\\\/imker-aigen.at\\\/#\\\/schema\\\/logo\\\/image\\\/\"}}]}<\/script>\n<!-- \/ Yoast SEO plugin. -->","yoast_head_json":{"title":"Stammtisch 3. M\u00e4rz 2026 - Imker Ortsgruppe Salzburg Aigen","robots":{"index":"index","follow":"follow","max-snippet":"max-snippet:-1","max-image-preview":"max-image-preview:large","max-video-preview":"max-video-preview:-1"},"canonical":"https:\/\/imker-aigen.at\/index.php\/event\/stammtisch-3-maerz-2026\/","og_locale":"de_DE","og_type":"article","og_title":"Stammtisch 3. M\u00e4rz 2026 - Imker Ortsgruppe Salzburg Aigen","og_description":"Agenda: Begr\u00fc\u00dfung der G\u00e4ste Neuigkeiten Alte Termine 7.2.2026 &#8211; Flachgauer Gauversammlung (inkl. Salzburg Stadt) Toller Waldtracht-Vortrag von IM Monika Heller + Ank\u00fcndigung eines Gauausfluges am 16.8.2026 zum Honigfest in Hermargor [&hellip;]","og_url":"https:\/\/imker-aigen.at\/index.php\/event\/stammtisch-3-maerz-2026\/","og_site_name":"Imker Ortsgruppe Salzburg Aigen","article_modified_time":"2026-03-06T07:38:15+00:00","og_image":[{"width":180,"height":241,"url":"https:\/\/imker-aigen.at\/wp-content\/uploads\/2022\/08\/glasses-beer-1.jpg","type":"image\/jpeg"}],"twitter_card":"summary_large_image","twitter_misc":{"Gesch\u00e4tzte Lesezeit":"2\u00a0Minuten"},"schema":{"@context":"https:\/\/schema.org","@graph":[{"@type":"WebPage","@id":"https:\/\/imker-aigen.at\/index.php\/event\/stammtisch-3-maerz-2026\/","url":"https:\/\/imker-aigen.at\/index.php\/event\/stammtisch-3-maerz-2026\/","name":"Stammtisch 3. M\u00e4rz 2026 - Imker Ortsgruppe Salzburg Aigen","isPartOf":{"@id":"https:\/\/imker-aigen.at\/#website"},"primaryImageOfPage":{"@id":"https:\/\/imker-aigen.at\/index.php\/event\/stammtisch-3-maerz-2026\/#primaryimage"},"image":{"@id":"https:\/\/imker-aigen.at\/index.php\/event\/stammtisch-3-maerz-2026\/#primaryimage"},"thumbnailUrl":"https:\/\/imker-aigen.at\/wp-content\/uploads\/2022\/08\/glasses-beer-1.jpg","datePublished":"2026-03-03T18:00:14+00:00","dateModified":"2026-03-06T07:38:15+00:00","breadcrumb":{"@id":"https:\/\/imker-aigen.at\/index.php\/event\/stammtisch-3-maerz-2026\/#breadcrumb"},"inLanguage":"de","potentialAction":[{"@type":"ReadAction","target":["https:\/\/imker-aigen.at\/index.php\/event\/stammtisch-3-maerz-2026\/"]}]},{"@type":"ImageObject","inLanguage":"de","@id":"https:\/\/imker-aigen.at\/index.php\/event\/stammtisch-3-maerz-2026\/#primaryimage","url":"https:\/\/imker-aigen.at\/wp-content\/uploads\/2022\/08\/glasses-beer-1.jpg","contentUrl":"https:\/\/imker-aigen.at\/wp-content\/uploads\/2022\/08\/glasses-beer-1.jpg","width":180,"height":241,"caption":"Bier"},{"@type":"BreadcrumbList","@id":"https:\/\/imker-aigen.at\/index.php\/event\/stammtisch-3-maerz-2026\/#breadcrumb","itemListElement":[{"@type":"ListItem","position":1,"name":"Startseite","item":"https:\/\/imker-aigen.at\/index.php\/home\/"},{"@type":"ListItem","position":2,"name":"Veranstaltungen","item":"https:\/\/imker-aigen.at\/index.php\/events\/"},{"@type":"ListItem","position":3,"name":"Stammtisch 3. M\u00e4rz 2026"}]},{"@type":"WebSite","@id":"https:\/\/imker-aigen.at\/#website","url":"https:\/\/imker-aigen.at\/","name":"Imker Ortsgruppe Salzburg Aigen","description":"Homepage der Imker-Ortsgruppe Salzburg Aigen","publisher":{"@id":"https:\/\/imker-aigen.at\/#organization"},"potentialAction":[{"@type":"SearchAction","target":{"@type":"EntryPoint","urlTemplate":"https:\/\/imker-aigen.at\/?s={search_term_string}"},"query-input":{"@type":"PropertyValueSpecification","valueRequired":true,"valueName":"search_term_string"}}],"inLanguage":"de"},{"@type":"Organization","@id":"https:\/\/imker-aigen.at\/#organization","name":"Imker Ortsgruppe Salzburg Aigen","url":"https:\/\/imker-aigen.at\/","logo":{"@type":"ImageObject","inLanguage":"de","@id":"https:\/\/imker-aigen.at\/#\/schema\/logo\/image\/","url":"https:\/\/imker-aigen.at\/wp-content\/uploads\/2022\/08\/logo-1.png","contentUrl":"https:\/\/imker-aigen.at\/wp-content\/uploads\/2022\/08\/logo-1.png","width":392,"height":156,"caption":"Imker Ortsgruppe Salzburg Aigen"},"image":{"@id":"https:\/\/imker-aigen.at\/#\/schema\/logo\/image\/"}}]}},"_links":{"self":[{"href":"https:\/\/imker-aigen.at\/index.php\/wp-json\/wp\/v2\/tribe_events\/8592","targetHints":{"allow":["GET"]}}],"collection":[{"href":"https:\/\/imker-aigen.at\/index.php\/wp-json\/wp\/v2\/tribe_events"}],"about":[{"href":"https:\/\/imker-aigen.at\/index.php\/wp-json\/wp\/v2\/types\/tribe_events"}],"author":[{"embeddable":true,"href":"https:\/\/imker-aigen.at\/index.php\/wp-json\/wp\/v2\/users\/1"}],"version-history":[{"count":19,"href":"https:\/\/imker-aigen.at\/index.php\/wp-json\/wp\/v2\/tribe_events\/8592\/revisions"}],"predecessor-version":[{"id":9694,"href":"https:\/\/imker-aigen.at\/index.php\/wp-json\/wp\/v2\/tribe_events\/8592\/revisions\/9694"}],"wp:featuredmedia":[{"embeddable":true,"href":"https:\/\/imker-aigen.at\/index.php\/wp-json\/wp\/v2\/media\/621"}],"wp:attachment":[{"href":"https:\/\/imker-aigen.at\/index.php\/wp-json\/wp\/v2\/media?parent=8592"}],"wp:term":[{"taxonomy":"post_tag","embeddable":true,"href":"https:\/\/imker-aigen.at\/index.php\/wp-json\/wp\/v2\/tags?post=8592"},{"taxonomy":"tribe_events_cat","embeddable":true,"href":"https:\/\/imker-aigen.at\/index.php\/wp-json\/wp\/v2\/tribe_events_cat?post=8592"}],"curies":[{"name":"wp","href":"https:\/\/api.w.org\/{rel}","templated":true}]}}