{"id":8595,"date":"2026-04-07T19:00:35","date_gmt":"2026-04-07T17:00:35","guid":{"rendered":"https:\/\/imker-aigen.at\/?post_type=tribe_events&#038;p=8595"},"modified":"2026-04-10T06:06:30","modified_gmt":"2026-04-10T04:06:30","slug":"stammtisch-7-april-2026","status":"publish","type":"tribe_events","link":"https:\/\/imker-aigen.at\/index.php\/event\/stammtisch-7-april-2026\/","title":{"rendered":"Stammtisch 7. April 2026"},"content":{"rendered":"<h2>Agenda:<\/h2>\n<h4><strong>Begr\u00fc\u00dfung der G\u00e4ste<\/strong><\/h4>\n<h4>Neuigkeiten<\/h4>\n<h4>Fachvortrag von Ingrid Schmaranzer<\/h4>\n<p>Ingrid betreibt gemeinsam mit ihrem Mann Stefan einen Imkerei- und Carnica-Zuchtbetrieb (<a href=\"https:\/\/www.imego.at\/\">Imkereibetrieb IMEGO)<\/a> in Gosau.<br \/>\nDer Titel ihres Fachvortrages lautet: &#8222;Warum wir Imker alle im gleichen Boot sitzen und wie es zu steuern ist &#8211; EU und weltweite Zusammenh\u00e4nge im Imkereisektor&#8220;<br \/>\nIngrid engagierte sich viele Jahre lang im Vorstand des <a href=\"https:\/\/www.erwerbsimkerbund.at\/\">\u00d6sterreichischen Erwerbsimkerbundes<\/a> und nahm an zahlreichen imkerlichen Veranstaltungen auf der ganzen Welt teil. Sie ist in der weltweiten Imkerszene bestens vernetzt und somit eine absolute Insiderin.<\/p>\n<h4>Imkerliche T\u00e4tigkeiten im April (siehe <a href=\"https:\/\/imker-aigen.at\/index.php\/about\/monthly_todos\/\">Monatsbetrachtungen<\/a>)<\/h4>\n<h4>Kommende Termine bis zum n\u00e4chsten Stammtisch<\/h4>\n<ul>\n<li><a href=\"https:\/\/carnica-zuchtgruppe-salzburg.at\/index.php\/event\/jahreshauptversammlung-5\/\">10.4.2026 Jahreshauptversammlung der Carnica Zuchtgruppe Salzburg<\/a> \u2013 Vortrag von Simon Klaushofer \u00fcber Bienenstockluft<\/li>\n<li><a href=\"https:\/\/imker-aigen.at\/index.php\/event\/landesimkertag-2026\/\">12.4.2026 Landesimkertag<\/a> \u2013 Wer vom Vorstand nimmt teil? Bitte um baldige Anmeldung!<\/li>\n<li><a href=\"https:\/\/imker-aigen.at\/index.php\/event\/imkerinnen-im-steuerrecht\/\">17.4.2026 Kurs \u2013 Imkern im Steuerrecht<\/a><\/li>\n<li><a href=\"https:\/\/imker-aigen.at\/index.php\/event\/wilde-bienen-am-salzachsee\/\">18.4.2026 Exkursion Naturschutzbund \u2013 Wilde Bienen am Salzachsee<\/a><\/li>\n<li><a href=\"https:\/\/imker-aigen.at\/index.php\/event\/pflanzentauschmarkt-2026\/\">18.4.2026 Pflanzentauschmarkt OGV+Imker Bergheim<\/a><\/li>\n<li><a href=\"https:\/\/imker-aigen.at\/index.php\/event\/jahreshauptversammlung-imker-ortsgruppe-thalgau\/\">19.4.2026 Jahreshauptversammlung der Imker-Ortsgruppe Thalgau<\/a><\/li>\n<li><a href=\"https:\/\/imker-aigen.at\/index.php\/event\/vis-meldeverpflichtung-april-stichtag-4\/\">30.4.2026 VIS-Meldeverpflichtung<\/a><\/li>\n<li><a href=\"https:\/\/imker-aigen.at\/index.php\/event\/vereinsausflug-zum-caritas-dorf-st-anton-und-zur-landwirtschaftlichen-fachschule-in-bruck\/\">30.4.2026 Vereinsausflug zum Caritas Dorf St. Anton und zur landwirtschaftlichen Fachschule in Bruck<\/a><\/li>\n<li><a href=\"https:\/\/imker-aigen.at\/index.php\/event\/imkerwallfahrt-125-jahre-st-johann\/\">3.5.2026 Imkerwallfahrt \u2013 125 Jahre St Johann<\/a><\/li>\n<li><a href=\"https:\/\/imker-aigen.at\/index.php\/event\/stammtisch-5-mai-2026\/\">5.5.2026 Stammtisch<\/a><\/li>\n<\/ul>\n<h4>Diverses, Diskussion, Allf\u00e4lliges<\/h4>\n<ul>\n<li>Hilfe bei der Vereinsarbeit (Es gibt viel zu tun. Packen wir\u2019s an!)<\/li>\n<\/ul>\n<p><a href=\"https:\/\/imker-aigen.at\/index.php\/2026\/04\/09\/protokoll-vom-stammtisch-am-7-4-2026\/\"><strong>\u21d2 Protokoll vom Stammtisch am 7.4.2026<\/strong><\/a><\/p>\n","protected":false},"excerpt":{"rendered":"<p>Agenda: Begr\u00fc\u00dfung der G\u00e4ste Neuigkeiten Fachvortrag von Ingrid Schmaranzer Ingrid betreibt gemeinsam mit ihrem Mann Stefan einen Imkerei- und Carnica-Zuchtbetrieb (Imkereibetrieb IMEGO) in Gosau. Der Titel ihres Fachvortrages lautet: &#8222;Warum [&hellip;]<\/p>\n","protected":false},"author":1,"featured_media":621,"template":"","meta":{"_tribe_events_status":"","_tribe_events_status_reason":"","footnotes":""},"tags":[416,548,546,482,545,543,35,547],"tribe_events_cat":[17],"class_list":["post-8595","tribe_events","type-tribe_events","status-publish","has-post-thumbnail","hentry","tag-apimondia","tag-beelife","tag-eu","tag-fachvortrag","tag-imkereisektor","tag-ingrid-schmaranzer","tag-stammtisch","tag-weltweit","tribe_events_cat-alte-veranstaltungen","cat_alte-veranstaltungen"],"yoast_head":"<!-- This site is optimized with the Yoast SEO plugin v27.4 - https:\/\/yoast.com\/product\/yoast-seo-wordpress\/ -->\n<title>Stammtisch 7. April 2026 - Imker Ortsgruppe Salzburg Aigen<\/title>\n<meta name=\"robots\" content=\"index, follow, max-snippet:-1, max-image-preview:large, max-video-preview:-1\" \/>\n<link rel=\"canonical\" href=\"https:\/\/imker-aigen.at\/index.php\/event\/stammtisch-7-april-2026\/\" \/>\n<meta property=\"og:locale\" content=\"de_DE\" \/>\n<meta property=\"og:type\" content=\"article\" \/>\n<meta property=\"og:title\" content=\"Stammtisch 7. April 2026 - Imker Ortsgruppe Salzburg Aigen\" \/>\n<meta property=\"og:description\" content=\"Agenda: Begr\u00fc\u00dfung der G\u00e4ste Neuigkeiten Fachvortrag von Ingrid Schmaranzer Ingrid betreibt gemeinsam mit ihrem Mann Stefan einen Imkerei- und Carnica-Zuchtbetrieb (Imkereibetrieb IMEGO) in Gosau. Der Titel ihres Fachvortrages lautet: &#8222;Warum [&hellip;]\" \/>\n<meta property=\"og:url\" content=\"https:\/\/imker-aigen.at\/index.php\/event\/stammtisch-7-april-2026\/\" \/>\n<meta property=\"og:site_name\" content=\"Imker Ortsgruppe Salzburg Aigen\" \/>\n<meta property=\"article:modified_time\" content=\"2026-04-10T04:06:30+00:00\" \/>\n<meta property=\"og:image\" content=\"https:\/\/imker-aigen.at\/wp-content\/uploads\/2022\/08\/glasses-beer-1.jpg\" \/>\n\t<meta property=\"og:image:width\" content=\"180\" \/>\n\t<meta property=\"og:image:height\" content=\"241\" \/>\n\t<meta property=\"og:image:type\" content=\"image\/jpeg\" \/>\n<meta name=\"twitter:card\" content=\"summary_large_image\" \/>\n<meta name=\"twitter:label1\" content=\"Gesch\u00e4tzte Lesezeit\" \/>\n\t<meta name=\"twitter:data1\" content=\"2\u00a0Minuten\" \/>\n<script type=\"application\/ld+json\" class=\"yoast-schema-graph\">{\"@context\":\"https:\\\/\\\/schema.org\",\"@graph\":[{\"@type\":\"WebPage\",\"@id\":\"https:\\\/\\\/imker-aigen.at\\\/index.php\\\/event\\\/stammtisch-7-april-2026\\\/\",\"url\":\"https:\\\/\\\/imker-aigen.at\\\/index.php\\\/event\\\/stammtisch-7-april-2026\\\/\",\"name\":\"Stammtisch 7. April 2026 - Imker Ortsgruppe Salzburg Aigen\",\"isPartOf\":{\"@id\":\"https:\\\/\\\/imker-aigen.at\\\/#website\"},\"primaryImageOfPage\":{\"@id\":\"https:\\\/\\\/imker-aigen.at\\\/index.php\\\/event\\\/stammtisch-7-april-2026\\\/#primaryimage\"},\"image\":{\"@id\":\"https:\\\/\\\/imker-aigen.at\\\/index.php\\\/event\\\/stammtisch-7-april-2026\\\/#primaryimage\"},\"thumbnailUrl\":\"https:\\\/\\\/imker-aigen.at\\\/wp-content\\\/uploads\\\/2022\\\/08\\\/glasses-beer-1.jpg\",\"datePublished\":\"2026-04-07T17:00:35+00:00\",\"dateModified\":\"2026-04-10T04:06:30+00:00\",\"breadcrumb\":{\"@id\":\"https:\\\/\\\/imker-aigen.at\\\/index.php\\\/event\\\/stammtisch-7-april-2026\\\/#breadcrumb\"},\"inLanguage\":\"de\",\"potentialAction\":[{\"@type\":\"ReadAction\",\"target\":[\"https:\\\/\\\/imker-aigen.at\\\/index.php\\\/event\\\/stammtisch-7-april-2026\\\/\"]}]},{\"@type\":\"ImageObject\",\"inLanguage\":\"de\",\"@id\":\"https:\\\/\\\/imker-aigen.at\\\/index.php\\\/event\\\/stammtisch-7-april-2026\\\/#primaryimage\",\"url\":\"https:\\\/\\\/imker-aigen.at\\\/wp-content\\\/uploads\\\/2022\\\/08\\\/glasses-beer-1.jpg\",\"contentUrl\":\"https:\\\/\\\/imker-aigen.at\\\/wp-content\\\/uploads\\\/2022\\\/08\\\/glasses-beer-1.jpg\",\"width\":180,\"height\":241,\"caption\":\"Bier\"},{\"@type\":\"BreadcrumbList\",\"@id\":\"https:\\\/\\\/imker-aigen.at\\\/index.php\\\/event\\\/stammtisch-7-april-2026\\\/#breadcrumb\",\"itemListElement\":[{\"@type\":\"ListItem\",\"position\":1,\"name\":\"Startseite\",\"item\":\"https:\\\/\\\/imker-aigen.at\\\/index.php\\\/home\\\/\"},{\"@type\":\"ListItem\",\"position\":2,\"name\":\"Veranstaltungen\",\"item\":\"https:\\\/\\\/imker-aigen.at\\\/index.php\\\/events\\\/\"},{\"@type\":\"ListItem\",\"position\":3,\"name\":\"Stammtisch 7. April 2026\"}]},{\"@type\":\"WebSite\",\"@id\":\"https:\\\/\\\/imker-aigen.at\\\/#website\",\"url\":\"https:\\\/\\\/imker-aigen.at\\\/\",\"name\":\"Imker Ortsgruppe Salzburg Aigen\",\"description\":\"Homepage der Imker-Ortsgruppe Salzburg Aigen\",\"publisher\":{\"@id\":\"https:\\\/\\\/imker-aigen.at\\\/#organization\"},\"potentialAction\":[{\"@type\":\"SearchAction\",\"target\":{\"@type\":\"EntryPoint\",\"urlTemplate\":\"https:\\\/\\\/imker-aigen.at\\\/?s={search_term_string}\"},\"query-input\":{\"@type\":\"PropertyValueSpecification\",\"valueRequired\":true,\"valueName\":\"search_term_string\"}}],\"inLanguage\":\"de\"},{\"@type\":\"Organization\",\"@id\":\"https:\\\/\\\/imker-aigen.at\\\/#organization\",\"name\":\"Imker Ortsgruppe Salzburg Aigen\",\"url\":\"https:\\\/\\\/imker-aigen.at\\\/\",\"logo\":{\"@type\":\"ImageObject\",\"inLanguage\":\"de\",\"@id\":\"https:\\\/\\\/imker-aigen.at\\\/#\\\/schema\\\/logo\\\/image\\\/\",\"url\":\"https:\\\/\\\/imker-aigen.at\\\/wp-content\\\/uploads\\\/2022\\\/08\\\/logo-1.png\",\"contentUrl\":\"https:\\\/\\\/imker-aigen.at\\\/wp-content\\\/uploads\\\/2022\\\/08\\\/logo-1.png\",\"width\":392,\"height\":156,\"caption\":\"Imker Ortsgruppe Salzburg Aigen\"},\"image\":{\"@id\":\"https:\\\/\\\/imker-aigen.at\\\/#\\\/schema\\\/logo\\\/image\\\/\"}}]}<\/script>\n<!-- \/ Yoast SEO plugin. -->","yoast_head_json":{"title":"Stammtisch 7. April 2026 - Imker Ortsgruppe Salzburg Aigen","robots":{"index":"index","follow":"follow","max-snippet":"max-snippet:-1","max-image-preview":"max-image-preview:large","max-video-preview":"max-video-preview:-1"},"canonical":"https:\/\/imker-aigen.at\/index.php\/event\/stammtisch-7-april-2026\/","og_locale":"de_DE","og_type":"article","og_title":"Stammtisch 7. April 2026 - Imker Ortsgruppe Salzburg Aigen","og_description":"Agenda: Begr\u00fc\u00dfung der G\u00e4ste Neuigkeiten Fachvortrag von Ingrid Schmaranzer Ingrid betreibt gemeinsam mit ihrem Mann Stefan einen Imkerei- und Carnica-Zuchtbetrieb (Imkereibetrieb IMEGO) in Gosau. Der Titel ihres Fachvortrages lautet: &#8222;Warum [&hellip;]","og_url":"https:\/\/imker-aigen.at\/index.php\/event\/stammtisch-7-april-2026\/","og_site_name":"Imker Ortsgruppe Salzburg Aigen","article_modified_time":"2026-04-10T04:06:30+00:00","og_image":[{"width":180,"height":241,"url":"https:\/\/imker-aigen.at\/wp-content\/uploads\/2022\/08\/glasses-beer-1.jpg","type":"image\/jpeg"}],"twitter_card":"summary_large_image","twitter_misc":{"Gesch\u00e4tzte Lesezeit":"2\u00a0Minuten"},"schema":{"@context":"https:\/\/schema.org","@graph":[{"@type":"WebPage","@id":"https:\/\/imker-aigen.at\/index.php\/event\/stammtisch-7-april-2026\/","url":"https:\/\/imker-aigen.at\/index.php\/event\/stammtisch-7-april-2026\/","name":"Stammtisch 7. April 2026 - Imker Ortsgruppe Salzburg Aigen","isPartOf":{"@id":"https:\/\/imker-aigen.at\/#website"},"primaryImageOfPage":{"@id":"https:\/\/imker-aigen.at\/index.php\/event\/stammtisch-7-april-2026\/#primaryimage"},"image":{"@id":"https:\/\/imker-aigen.at\/index.php\/event\/stammtisch-7-april-2026\/#primaryimage"},"thumbnailUrl":"https:\/\/imker-aigen.at\/wp-content\/uploads\/2022\/08\/glasses-beer-1.jpg","datePublished":"2026-04-07T17:00:35+00:00","dateModified":"2026-04-10T04:06:30+00:00","breadcrumb":{"@id":"https:\/\/imker-aigen.at\/index.php\/event\/stammtisch-7-april-2026\/#breadcrumb"},"inLanguage":"de","potentialAction":[{"@type":"ReadAction","target":["https:\/\/imker-aigen.at\/index.php\/event\/stammtisch-7-april-2026\/"]}]},{"@type":"ImageObject","inLanguage":"de","@id":"https:\/\/imker-aigen.at\/index.php\/event\/stammtisch-7-april-2026\/#primaryimage","url":"https:\/\/imker-aigen.at\/wp-content\/uploads\/2022\/08\/glasses-beer-1.jpg","contentUrl":"https:\/\/imker-aigen.at\/wp-content\/uploads\/2022\/08\/glasses-beer-1.jpg","width":180,"height":241,"caption":"Bier"},{"@type":"BreadcrumbList","@id":"https:\/\/imker-aigen.at\/index.php\/event\/stammtisch-7-april-2026\/#breadcrumb","itemListElement":[{"@type":"ListItem","position":1,"name":"Startseite","item":"https:\/\/imker-aigen.at\/index.php\/home\/"},{"@type":"ListItem","position":2,"name":"Veranstaltungen","item":"https:\/\/imker-aigen.at\/index.php\/events\/"},{"@type":"ListItem","position":3,"name":"Stammtisch 7. April 2026"}]},{"@type":"WebSite","@id":"https:\/\/imker-aigen.at\/#website","url":"https:\/\/imker-aigen.at\/","name":"Imker Ortsgruppe Salzburg Aigen","description":"Homepage der Imker-Ortsgruppe Salzburg Aigen","publisher":{"@id":"https:\/\/imker-aigen.at\/#organization"},"potentialAction":[{"@type":"SearchAction","target":{"@type":"EntryPoint","urlTemplate":"https:\/\/imker-aigen.at\/?s={search_term_string}"},"query-input":{"@type":"PropertyValueSpecification","valueRequired":true,"valueName":"search_term_string"}}],"inLanguage":"de"},{"@type":"Organization","@id":"https:\/\/imker-aigen.at\/#organization","name":"Imker Ortsgruppe Salzburg Aigen","url":"https:\/\/imker-aigen.at\/","logo":{"@type":"ImageObject","inLanguage":"de","@id":"https:\/\/imker-aigen.at\/#\/schema\/logo\/image\/","url":"https:\/\/imker-aigen.at\/wp-content\/uploads\/2022\/08\/logo-1.png","contentUrl":"https:\/\/imker-aigen.at\/wp-content\/uploads\/2022\/08\/logo-1.png","width":392,"height":156,"caption":"Imker Ortsgruppe Salzburg Aigen"},"image":{"@id":"https:\/\/imker-aigen.at\/#\/schema\/logo\/image\/"}}]}},"_links":{"self":[{"href":"https:\/\/imker-aigen.at\/index.php\/wp-json\/wp\/v2\/tribe_events\/8595","targetHints":{"allow":["GET"]}}],"collection":[{"href":"https:\/\/imker-aigen.at\/index.php\/wp-json\/wp\/v2\/tribe_events"}],"about":[{"href":"https:\/\/imker-aigen.at\/index.php\/wp-json\/wp\/v2\/types\/tribe_events"}],"author":[{"embeddable":true,"href":"https:\/\/imker-aigen.at\/index.php\/wp-json\/wp\/v2\/users\/1"}],"version-history":[{"count":11,"href":"https:\/\/imker-aigen.at\/index.php\/wp-json\/wp\/v2\/tribe_events\/8595\/revisions"}],"predecessor-version":[{"id":9972,"href":"https:\/\/imker-aigen.at\/index.php\/wp-json\/wp\/v2\/tribe_events\/8595\/revisions\/9972"}],"wp:featuredmedia":[{"embeddable":true,"href":"https:\/\/imker-aigen.at\/index.php\/wp-json\/wp\/v2\/media\/621"}],"wp:attachment":[{"href":"https:\/\/imker-aigen.at\/index.php\/wp-json\/wp\/v2\/media?parent=8595"}],"wp:term":[{"taxonomy":"post_tag","embeddable":true,"href":"https:\/\/imker-aigen.at\/index.php\/wp-json\/wp\/v2\/tags?post=8595"},{"taxonomy":"tribe_events_cat","embeddable":true,"href":"https:\/\/imker-aigen.at\/index.php\/wp-json\/wp\/v2\/tribe_events_cat?post=8595"}],"curies":[{"name":"wp","href":"https:\/\/api.w.org\/{rel}","templated":true}]}}