{"id":9172,"date":"2026-01-17T15:00:18","date_gmt":"2026-01-17T14:00:18","guid":{"rendered":"https:\/\/imker-aigen.at\/?post_type=tribe_events&#038;p=9172"},"modified":"2026-01-19T17:46:49","modified_gmt":"2026-01-19T16:46:49","slug":"jahreshauptversammlung-der-imkerortsgruppe-salzburg-stadt-umgebung","status":"publish","type":"tribe_events","link":"https:\/\/imker-aigen.at\/index.php\/event\/jahreshauptversammlung-der-imkerortsgruppe-salzburg-stadt-umgebung\/","title":{"rendered":"Jahreshauptversammlung der Imkerortsgruppe Salzburg Stadt &#038; Umgebung"},"content":{"rendered":"<h3>Einladung der Imkerortsgruppe Salzburg Stadt &amp; Umgebung<\/h3>\n<p>Liebe Imker:innen,<\/p>\n<p>am <strong>Samstag 17.01.2026<\/strong> findet unsere j\u00e4hrliche Jahreshauptversammlung statt. Beginn 15 Uhr. Hotel K\u00f6niggut in Wals.<\/p>\n<p>Mit zwei spannenden Vortr\u00e4gen:<\/p>\n<p><strong>Varroaresistenzzucht &#8211; Hokuspokus oder ist was dran?<\/strong><\/p>\n<ul>\n<li>Die Grundlagen der Zucht und Selektion<br \/>\nMMag. Christina H\u00f6tzinger, BZG O\u00d6\/SBG<\/li>\n<li>Erfahrungen aus der Zuchtpraxis<br \/>\nDr. Stefan Mandl, Europas gr\u00f6\u00dfter Bio-Imker<\/li>\n<\/ul>\n<p>Alle Imker:innen und Freunde sind herzlich eingeladen!<\/p>\n<p><a href=\"https:\/\/imker-aigen.at\/index.php\/2026\/01\/19\/bericht-ueber-die-jahreshauptversammlung-2026-der-imker-ortsgruppe-salzburg-stadt-umgebung-maxglan\/\"><strong>Bericht \u00fcber die Veranstaltung am 17.1.2026<\/strong><\/a><\/p>\n","protected":false},"excerpt":{"rendered":"<p>Einladung der Imkerortsgruppe Salzburg Stadt &amp; Umgebung Liebe Imker:innen, am Samstag 17.01.2026 findet unsere j\u00e4hrliche Jahreshauptversammlung statt. Beginn 15 Uhr. Hotel K\u00f6niggut in Wals. Mit zwei spannenden Vortr\u00e4gen: Varroaresistenzzucht &#8211; [&hellip;]<\/p>\n","protected":false},"author":1,"featured_media":7306,"template":"","meta":{"_tribe_events_status":"","_tribe_events_status_reason":"","footnotes":""},"tags":[367,486,487],"tribe_events_cat":[17],"class_list":["post-9172","tribe_events","type-tribe_events","status-publish","has-post-thumbnail","hentry","tag-jahreshauptversammluhg","tag-ortsgruppe-maxglan","tag-ortsgruppe-salzburg-stadt-umgebung","tribe_events_cat-alte-veranstaltungen","cat_alte-veranstaltungen"],"yoast_head":"<!-- This site is optimized with the Yoast SEO plugin v27.5 - https:\/\/yoast.com\/product\/yoast-seo-wordpress\/ -->\n<title>Jahreshauptversammlung der Imkerortsgruppe Salzburg Stadt &amp; Umgebung - Imker Ortsgruppe Salzburg Aigen<\/title>\n<meta name=\"description\" content=\"Einladung zur Jahreshauptversammlung der Imkerortsgruppe Salzburg Stadt &amp; Umgebung am 17.1.2026\" \/>\n<meta name=\"robots\" content=\"index, follow, max-snippet:-1, max-image-preview:large, max-video-preview:-1\" \/>\n<link rel=\"canonical\" href=\"https:\/\/imker-aigen.at\/index.php\/event\/jahreshauptversammlung-der-imkerortsgruppe-salzburg-stadt-umgebung\/\" \/>\n<meta property=\"og:locale\" content=\"de_DE\" \/>\n<meta property=\"og:type\" content=\"article\" \/>\n<meta property=\"og:title\" content=\"Jahreshauptversammlung der Imkerortsgruppe Salzburg Stadt &amp; Umgebung - Imker Ortsgruppe Salzburg Aigen\" \/>\n<meta property=\"og:description\" content=\"Einladung zur Jahreshauptversammlung der Imkerortsgruppe Salzburg Stadt &amp; Umgebung am 17.1.2026\" \/>\n<meta property=\"og:url\" content=\"https:\/\/imker-aigen.at\/index.php\/event\/jahreshauptversammlung-der-imkerortsgruppe-salzburg-stadt-umgebung\/\" \/>\n<meta property=\"og:site_name\" content=\"Imker Ortsgruppe Salzburg Aigen\" \/>\n<meta property=\"article:modified_time\" content=\"2026-01-19T16:46:49+00:00\" \/>\n<meta property=\"og:image\" content=\"https:\/\/imker-aigen.at\/wp-content\/uploads\/2025\/01\/logo_imker_maxglan.png\" \/>\n\t<meta property=\"og:image:width\" content=\"350\" \/>\n\t<meta property=\"og:image:height\" content=\"350\" \/>\n\t<meta property=\"og:image:type\" content=\"image\/png\" \/>\n<meta name=\"twitter:card\" content=\"summary_large_image\" \/>\n<meta name=\"twitter:label1\" content=\"Gesch\u00e4tzte Lesezeit\" \/>\n\t<meta name=\"twitter:data1\" content=\"1\u00a0Minute\" \/>\n<script type=\"application\/ld+json\" class=\"yoast-schema-graph\">{\"@context\":\"https:\\\/\\\/schema.org\",\"@graph\":[{\"@type\":\"WebPage\",\"@id\":\"https:\\\/\\\/imker-aigen.at\\\/index.php\\\/event\\\/jahreshauptversammlung-der-imkerortsgruppe-salzburg-stadt-umgebung\\\/\",\"url\":\"https:\\\/\\\/imker-aigen.at\\\/index.php\\\/event\\\/jahreshauptversammlung-der-imkerortsgruppe-salzburg-stadt-umgebung\\\/\",\"name\":\"Jahreshauptversammlung der Imkerortsgruppe Salzburg Stadt & Umgebung - Imker Ortsgruppe Salzburg Aigen\",\"isPartOf\":{\"@id\":\"https:\\\/\\\/imker-aigen.at\\\/#website\"},\"primaryImageOfPage\":{\"@id\":\"https:\\\/\\\/imker-aigen.at\\\/index.php\\\/event\\\/jahreshauptversammlung-der-imkerortsgruppe-salzburg-stadt-umgebung\\\/#primaryimage\"},\"image\":{\"@id\":\"https:\\\/\\\/imker-aigen.at\\\/index.php\\\/event\\\/jahreshauptversammlung-der-imkerortsgruppe-salzburg-stadt-umgebung\\\/#primaryimage\"},\"thumbnailUrl\":\"https:\\\/\\\/imker-aigen.at\\\/wp-content\\\/uploads\\\/2025\\\/01\\\/logo_imker_maxglan.png\",\"datePublished\":\"2026-01-17T14:00:18+00:00\",\"dateModified\":\"2026-01-19T16:46:49+00:00\",\"description\":\"Einladung zur Jahreshauptversammlung der Imkerortsgruppe Salzburg Stadt & Umgebung am 17.1.2026\",\"breadcrumb\":{\"@id\":\"https:\\\/\\\/imker-aigen.at\\\/index.php\\\/event\\\/jahreshauptversammlung-der-imkerortsgruppe-salzburg-stadt-umgebung\\\/#breadcrumb\"},\"inLanguage\":\"de\",\"potentialAction\":[{\"@type\":\"ReadAction\",\"target\":[\"https:\\\/\\\/imker-aigen.at\\\/index.php\\\/event\\\/jahreshauptversammlung-der-imkerortsgruppe-salzburg-stadt-umgebung\\\/\"]}]},{\"@type\":\"ImageObject\",\"inLanguage\":\"de\",\"@id\":\"https:\\\/\\\/imker-aigen.at\\\/index.php\\\/event\\\/jahreshauptversammlung-der-imkerortsgruppe-salzburg-stadt-umgebung\\\/#primaryimage\",\"url\":\"https:\\\/\\\/imker-aigen.at\\\/wp-content\\\/uploads\\\/2025\\\/01\\\/logo_imker_maxglan.png\",\"contentUrl\":\"https:\\\/\\\/imker-aigen.at\\\/wp-content\\\/uploads\\\/2025\\\/01\\\/logo_imker_maxglan.png\",\"width\":350,\"height\":350},{\"@type\":\"BreadcrumbList\",\"@id\":\"https:\\\/\\\/imker-aigen.at\\\/index.php\\\/event\\\/jahreshauptversammlung-der-imkerortsgruppe-salzburg-stadt-umgebung\\\/#breadcrumb\",\"itemListElement\":[{\"@type\":\"ListItem\",\"position\":1,\"name\":\"Startseite\",\"item\":\"https:\\\/\\\/imker-aigen.at\\\/index.php\\\/home\\\/\"},{\"@type\":\"ListItem\",\"position\":2,\"name\":\"Veranstaltungen\",\"item\":\"https:\\\/\\\/imker-aigen.at\\\/index.php\\\/events\\\/\"},{\"@type\":\"ListItem\",\"position\":3,\"name\":\"Jahreshauptversammlung der Imkerortsgruppe Salzburg Stadt &#038; Umgebung\"}]},{\"@type\":\"WebSite\",\"@id\":\"https:\\\/\\\/imker-aigen.at\\\/#website\",\"url\":\"https:\\\/\\\/imker-aigen.at\\\/\",\"name\":\"Imker Ortsgruppe Salzburg Aigen\",\"description\":\"Homepage der Imker-Ortsgruppe Salzburg Aigen\",\"publisher\":{\"@id\":\"https:\\\/\\\/imker-aigen.at\\\/#organization\"},\"potentialAction\":[{\"@type\":\"SearchAction\",\"target\":{\"@type\":\"EntryPoint\",\"urlTemplate\":\"https:\\\/\\\/imker-aigen.at\\\/?s={search_term_string}\"},\"query-input\":{\"@type\":\"PropertyValueSpecification\",\"valueRequired\":true,\"valueName\":\"search_term_string\"}}],\"inLanguage\":\"de\"},{\"@type\":\"Organization\",\"@id\":\"https:\\\/\\\/imker-aigen.at\\\/#organization\",\"name\":\"Imker Ortsgruppe Salzburg Aigen\",\"url\":\"https:\\\/\\\/imker-aigen.at\\\/\",\"logo\":{\"@type\":\"ImageObject\",\"inLanguage\":\"de\",\"@id\":\"https:\\\/\\\/imker-aigen.at\\\/#\\\/schema\\\/logo\\\/image\\\/\",\"url\":\"https:\\\/\\\/imker-aigen.at\\\/wp-content\\\/uploads\\\/2022\\\/08\\\/logo-1.png\",\"contentUrl\":\"https:\\\/\\\/imker-aigen.at\\\/wp-content\\\/uploads\\\/2022\\\/08\\\/logo-1.png\",\"width\":392,\"height\":156,\"caption\":\"Imker Ortsgruppe Salzburg Aigen\"},\"image\":{\"@id\":\"https:\\\/\\\/imker-aigen.at\\\/#\\\/schema\\\/logo\\\/image\\\/\"}}]}<\/script>\n<!-- \/ Yoast SEO plugin. -->","yoast_head_json":{"title":"Jahreshauptversammlung der Imkerortsgruppe Salzburg Stadt & Umgebung - Imker Ortsgruppe Salzburg Aigen","description":"Einladung zur Jahreshauptversammlung der Imkerortsgruppe Salzburg Stadt & Umgebung am 17.1.2026","robots":{"index":"index","follow":"follow","max-snippet":"max-snippet:-1","max-image-preview":"max-image-preview:large","max-video-preview":"max-video-preview:-1"},"canonical":"https:\/\/imker-aigen.at\/index.php\/event\/jahreshauptversammlung-der-imkerortsgruppe-salzburg-stadt-umgebung\/","og_locale":"de_DE","og_type":"article","og_title":"Jahreshauptversammlung der Imkerortsgruppe Salzburg Stadt & Umgebung - Imker Ortsgruppe Salzburg Aigen","og_description":"Einladung zur Jahreshauptversammlung der Imkerortsgruppe Salzburg Stadt & Umgebung am 17.1.2026","og_url":"https:\/\/imker-aigen.at\/index.php\/event\/jahreshauptversammlung-der-imkerortsgruppe-salzburg-stadt-umgebung\/","og_site_name":"Imker Ortsgruppe Salzburg Aigen","article_modified_time":"2026-01-19T16:46:49+00:00","og_image":[{"width":350,"height":350,"url":"https:\/\/imker-aigen.at\/wp-content\/uploads\/2025\/01\/logo_imker_maxglan.png","type":"image\/png"}],"twitter_card":"summary_large_image","twitter_misc":{"Gesch\u00e4tzte Lesezeit":"1\u00a0Minute"},"schema":{"@context":"https:\/\/schema.org","@graph":[{"@type":"WebPage","@id":"https:\/\/imker-aigen.at\/index.php\/event\/jahreshauptversammlung-der-imkerortsgruppe-salzburg-stadt-umgebung\/","url":"https:\/\/imker-aigen.at\/index.php\/event\/jahreshauptversammlung-der-imkerortsgruppe-salzburg-stadt-umgebung\/","name":"Jahreshauptversammlung der Imkerortsgruppe Salzburg Stadt & Umgebung - Imker Ortsgruppe Salzburg Aigen","isPartOf":{"@id":"https:\/\/imker-aigen.at\/#website"},"primaryImageOfPage":{"@id":"https:\/\/imker-aigen.at\/index.php\/event\/jahreshauptversammlung-der-imkerortsgruppe-salzburg-stadt-umgebung\/#primaryimage"},"image":{"@id":"https:\/\/imker-aigen.at\/index.php\/event\/jahreshauptversammlung-der-imkerortsgruppe-salzburg-stadt-umgebung\/#primaryimage"},"thumbnailUrl":"https:\/\/imker-aigen.at\/wp-content\/uploads\/2025\/01\/logo_imker_maxglan.png","datePublished":"2026-01-17T14:00:18+00:00","dateModified":"2026-01-19T16:46:49+00:00","description":"Einladung zur Jahreshauptversammlung der Imkerortsgruppe Salzburg Stadt & Umgebung am 17.1.2026","breadcrumb":{"@id":"https:\/\/imker-aigen.at\/index.php\/event\/jahreshauptversammlung-der-imkerortsgruppe-salzburg-stadt-umgebung\/#breadcrumb"},"inLanguage":"de","potentialAction":[{"@type":"ReadAction","target":["https:\/\/imker-aigen.at\/index.php\/event\/jahreshauptversammlung-der-imkerortsgruppe-salzburg-stadt-umgebung\/"]}]},{"@type":"ImageObject","inLanguage":"de","@id":"https:\/\/imker-aigen.at\/index.php\/event\/jahreshauptversammlung-der-imkerortsgruppe-salzburg-stadt-umgebung\/#primaryimage","url":"https:\/\/imker-aigen.at\/wp-content\/uploads\/2025\/01\/logo_imker_maxglan.png","contentUrl":"https:\/\/imker-aigen.at\/wp-content\/uploads\/2025\/01\/logo_imker_maxglan.png","width":350,"height":350},{"@type":"BreadcrumbList","@id":"https:\/\/imker-aigen.at\/index.php\/event\/jahreshauptversammlung-der-imkerortsgruppe-salzburg-stadt-umgebung\/#breadcrumb","itemListElement":[{"@type":"ListItem","position":1,"name":"Startseite","item":"https:\/\/imker-aigen.at\/index.php\/home\/"},{"@type":"ListItem","position":2,"name":"Veranstaltungen","item":"https:\/\/imker-aigen.at\/index.php\/events\/"},{"@type":"ListItem","position":3,"name":"Jahreshauptversammlung der Imkerortsgruppe Salzburg Stadt &#038; Umgebung"}]},{"@type":"WebSite","@id":"https:\/\/imker-aigen.at\/#website","url":"https:\/\/imker-aigen.at\/","name":"Imker Ortsgruppe Salzburg Aigen","description":"Homepage der Imker-Ortsgruppe Salzburg Aigen","publisher":{"@id":"https:\/\/imker-aigen.at\/#organization"},"potentialAction":[{"@type":"SearchAction","target":{"@type":"EntryPoint","urlTemplate":"https:\/\/imker-aigen.at\/?s={search_term_string}"},"query-input":{"@type":"PropertyValueSpecification","valueRequired":true,"valueName":"search_term_string"}}],"inLanguage":"de"},{"@type":"Organization","@id":"https:\/\/imker-aigen.at\/#organization","name":"Imker Ortsgruppe Salzburg Aigen","url":"https:\/\/imker-aigen.at\/","logo":{"@type":"ImageObject","inLanguage":"de","@id":"https:\/\/imker-aigen.at\/#\/schema\/logo\/image\/","url":"https:\/\/imker-aigen.at\/wp-content\/uploads\/2022\/08\/logo-1.png","contentUrl":"https:\/\/imker-aigen.at\/wp-content\/uploads\/2022\/08\/logo-1.png","width":392,"height":156,"caption":"Imker Ortsgruppe Salzburg Aigen"},"image":{"@id":"https:\/\/imker-aigen.at\/#\/schema\/logo\/image\/"}}]}},"_links":{"self":[{"href":"https:\/\/imker-aigen.at\/index.php\/wp-json\/wp\/v2\/tribe_events\/9172","targetHints":{"allow":["GET"]}}],"collection":[{"href":"https:\/\/imker-aigen.at\/index.php\/wp-json\/wp\/v2\/tribe_events"}],"about":[{"href":"https:\/\/imker-aigen.at\/index.php\/wp-json\/wp\/v2\/types\/tribe_events"}],"author":[{"embeddable":true,"href":"https:\/\/imker-aigen.at\/index.php\/wp-json\/wp\/v2\/users\/1"}],"version-history":[{"count":5,"href":"https:\/\/imker-aigen.at\/index.php\/wp-json\/wp\/v2\/tribe_events\/9172\/revisions"}],"predecessor-version":[{"id":9174,"href":"https:\/\/imker-aigen.at\/index.php\/wp-json\/wp\/v2\/tribe_events\/9172\/revisions\/9174"}],"wp:featuredmedia":[{"embeddable":true,"href":"https:\/\/imker-aigen.at\/index.php\/wp-json\/wp\/v2\/media\/7306"}],"wp:attachment":[{"href":"https:\/\/imker-aigen.at\/index.php\/wp-json\/wp\/v2\/media?parent=9172"}],"wp:term":[{"taxonomy":"post_tag","embeddable":true,"href":"https:\/\/imker-aigen.at\/index.php\/wp-json\/wp\/v2\/tags?post=9172"},{"taxonomy":"tribe_events_cat","embeddable":true,"href":"https:\/\/imker-aigen.at\/index.php\/wp-json\/wp\/v2\/tribe_events_cat?post=9172"}],"curies":[{"name":"wp","href":"https:\/\/api.w.org\/{rel}","templated":true}]}}