{"id":9296,"date":"2026-02-22T18:30:25","date_gmt":"2026-02-22T17:30:25","guid":{"rendered":"https:\/\/imker-aigen.at\/?post_type=tribe_events&#038;p=9296"},"modified":"2026-02-26T11:44:04","modified_gmt":"2026-02-26T10:44:04","slug":"einladung-zur-imkerkreisversammlung-2026-kreisverband-imker-suedost-oberbayern-e-v","status":"publish","type":"tribe_events","link":"https:\/\/imker-aigen.at\/index.php\/event\/einladung-zur-imkerkreisversammlung-2026-kreisverband-imker-suedost-oberbayern-e-v\/","title":{"rendered":"Imkerkreisversammlung 2026 &#8211; Kreisverband Imker s\u00fcdost Oberbayern e.V."},"content":{"rendered":"<p>Sehr geehrte Vereinsvorst\u00e4nde,<br \/>\nLiebe Imkerinnen und Imker,<br \/>\nder 1. Vorsitzende, Franz Sch\u00f6nsmaul, l\u00e4dt herzlich zur diesj\u00e4hrigen Kreisversammlung der Imker S\u00fcdost\u2011Oberbayern ein.<br \/>\nDiese findet am Sonntag, 22. Februar 2026 um 18:30 Uhr im Landgasthof Helminger in R\u00fcckstetten bei Teisendorf statt. N\u00e4here Informationen sowie die Agenda k\u00f6nnen Sie der beiliegenden Einladung entnehmen.<br \/>\nF\u00fcr den fachlichen Teil des Abends konnten wir Hubert P\u00f6lzl als Referenten gewinnen. Sein Vortrag tr\u00e4gt den Titel: \u201eHonigtauerzeuger: Imkerliches Praxiswissen, das nicht immer im Lehrbuch steht\u201c.<br \/>\nWir bitten Euch diese Einladung auch an Eure Vereinsmitglieder weiterzuleiten.<br \/>\nDie Vorstandschaft freut sich \u00fcber eine rege Teilnahme und einen informativen Abend.<br \/>\nMit freundlichen Gr\u00fc\u00dfen<br \/>\nAngelika Stutz<br \/>\nSchriftf\u00fchrerin<br \/>\nKreisverband der Imker s\u00fcdost Oberbayern e.V.<\/p>\n<p><a href=\"https:\/\/imker-aigen.at\/wp-content\/uploads\/2026\/01\/Einladung-zur-Kreisversammlung-der-Imker-suedost-Oberbayern-2026.pdf\">\u21d2 Einladung zur Imkerkreisversammlung 2026<\/a><\/p>\n","protected":false},"excerpt":{"rendered":"<p>Sehr geehrte Vereinsvorst\u00e4nde, Liebe Imkerinnen und Imker, der 1. Vorsitzende, Franz Sch\u00f6nsmaul, l\u00e4dt herzlich zur diesj\u00e4hrigen Kreisversammlung der Imker S\u00fcdost\u2011Oberbayern ein. Diese findet am Sonntag, 22. Februar 2026 um 18:30 [&hellip;]<\/p>\n","protected":false},"author":1,"featured_media":5481,"template":"","meta":{"_tribe_events_status":"","_tribe_events_status_reason":"","footnotes":""},"tags":[496],"tribe_events_cat":[17],"class_list":["post-9296","tribe_events","type-tribe_events","status-publish","has-post-thumbnail","hentry","tag-imkerkreisversammlung","tribe_events_cat-alte-veranstaltungen","cat_alte-veranstaltungen"],"yoast_head":"<!-- This site is optimized with the Yoast SEO plugin v27.4 - https:\/\/yoast.com\/product\/yoast-seo-wordpress\/ -->\n<title>Imkerkreisversammlung 2026 - Kreisverband Imker s\u00fcdost Oberbayern e.V. - Imker Ortsgruppe Salzburg Aigen<\/title>\n<meta name=\"robots\" content=\"index, follow, max-snippet:-1, max-image-preview:large, max-video-preview:-1\" \/>\n<link rel=\"canonical\" href=\"https:\/\/imker-aigen.at\/index.php\/event\/einladung-zur-imkerkreisversammlung-2026-kreisverband-imker-suedost-oberbayern-e-v\/\" \/>\n<meta property=\"og:locale\" content=\"de_DE\" \/>\n<meta property=\"og:type\" content=\"article\" \/>\n<meta property=\"og:title\" content=\"Imkerkreisversammlung 2026 - Kreisverband Imker s\u00fcdost Oberbayern e.V. - Imker Ortsgruppe Salzburg Aigen\" \/>\n<meta property=\"og:description\" content=\"Sehr geehrte Vereinsvorst\u00e4nde, Liebe Imkerinnen und Imker, der 1. Vorsitzende, Franz Sch\u00f6nsmaul, l\u00e4dt herzlich zur diesj\u00e4hrigen Kreisversammlung der Imker S\u00fcdost\u2011Oberbayern ein. Diese findet am Sonntag, 22. Februar 2026 um 18:30 [&hellip;]\" \/>\n<meta property=\"og:url\" content=\"https:\/\/imker-aigen.at\/index.php\/event\/einladung-zur-imkerkreisversammlung-2026-kreisverband-imker-suedost-oberbayern-e-v\/\" \/>\n<meta property=\"og:site_name\" content=\"Imker Ortsgruppe Salzburg Aigen\" \/>\n<meta property=\"article:modified_time\" content=\"2026-02-26T10:44:04+00:00\" \/>\n<meta property=\"og:image\" content=\"https:\/\/imker-aigen.at\/wp-content\/uploads\/2024\/03\/bayern.jpg\" \/>\n\t<meta property=\"og:image:width\" content=\"800\" \/>\n\t<meta property=\"og:image:height\" content=\"600\" \/>\n\t<meta property=\"og:image:type\" content=\"image\/jpeg\" \/>\n<meta name=\"twitter:card\" content=\"summary_large_image\" \/>\n<script type=\"application\/ld+json\" class=\"yoast-schema-graph\">{\"@context\":\"https:\\\/\\\/schema.org\",\"@graph\":[{\"@type\":\"WebPage\",\"@id\":\"https:\\\/\\\/imker-aigen.at\\\/index.php\\\/event\\\/einladung-zur-imkerkreisversammlung-2026-kreisverband-imker-suedost-oberbayern-e-v\\\/\",\"url\":\"https:\\\/\\\/imker-aigen.at\\\/index.php\\\/event\\\/einladung-zur-imkerkreisversammlung-2026-kreisverband-imker-suedost-oberbayern-e-v\\\/\",\"name\":\"Imkerkreisversammlung 2026 - Kreisverband Imker s\u00fcdost Oberbayern e.V. - Imker Ortsgruppe Salzburg Aigen\",\"isPartOf\":{\"@id\":\"https:\\\/\\\/imker-aigen.at\\\/#website\"},\"primaryImageOfPage\":{\"@id\":\"https:\\\/\\\/imker-aigen.at\\\/index.php\\\/event\\\/einladung-zur-imkerkreisversammlung-2026-kreisverband-imker-suedost-oberbayern-e-v\\\/#primaryimage\"},\"image\":{\"@id\":\"https:\\\/\\\/imker-aigen.at\\\/index.php\\\/event\\\/einladung-zur-imkerkreisversammlung-2026-kreisverband-imker-suedost-oberbayern-e-v\\\/#primaryimage\"},\"thumbnailUrl\":\"https:\\\/\\\/imker-aigen.at\\\/wp-content\\\/uploads\\\/2024\\\/03\\\/bayern.jpg\",\"datePublished\":\"2026-02-22T17:30:25+00:00\",\"dateModified\":\"2026-02-26T10:44:04+00:00\",\"breadcrumb\":{\"@id\":\"https:\\\/\\\/imker-aigen.at\\\/index.php\\\/event\\\/einladung-zur-imkerkreisversammlung-2026-kreisverband-imker-suedost-oberbayern-e-v\\\/#breadcrumb\"},\"inLanguage\":\"de\",\"potentialAction\":[{\"@type\":\"ReadAction\",\"target\":[\"https:\\\/\\\/imker-aigen.at\\\/index.php\\\/event\\\/einladung-zur-imkerkreisversammlung-2026-kreisverband-imker-suedost-oberbayern-e-v\\\/\"]}]},{\"@type\":\"ImageObject\",\"inLanguage\":\"de\",\"@id\":\"https:\\\/\\\/imker-aigen.at\\\/index.php\\\/event\\\/einladung-zur-imkerkreisversammlung-2026-kreisverband-imker-suedost-oberbayern-e-v\\\/#primaryimage\",\"url\":\"https:\\\/\\\/imker-aigen.at\\\/wp-content\\\/uploads\\\/2024\\\/03\\\/bayern.jpg\",\"contentUrl\":\"https:\\\/\\\/imker-aigen.at\\\/wp-content\\\/uploads\\\/2024\\\/03\\\/bayern.jpg\",\"width\":800,\"height\":600},{\"@type\":\"BreadcrumbList\",\"@id\":\"https:\\\/\\\/imker-aigen.at\\\/index.php\\\/event\\\/einladung-zur-imkerkreisversammlung-2026-kreisverband-imker-suedost-oberbayern-e-v\\\/#breadcrumb\",\"itemListElement\":[{\"@type\":\"ListItem\",\"position\":1,\"name\":\"Startseite\",\"item\":\"https:\\\/\\\/imker-aigen.at\\\/index.php\\\/home\\\/\"},{\"@type\":\"ListItem\",\"position\":2,\"name\":\"Veranstaltungen\",\"item\":\"https:\\\/\\\/imker-aigen.at\\\/index.php\\\/events\\\/\"},{\"@type\":\"ListItem\",\"position\":3,\"name\":\"Imkerkreisversammlung 2026 &#8211; Kreisverband Imker s\u00fcdost Oberbayern e.V.\"}]},{\"@type\":\"WebSite\",\"@id\":\"https:\\\/\\\/imker-aigen.at\\\/#website\",\"url\":\"https:\\\/\\\/imker-aigen.at\\\/\",\"name\":\"Imker Ortsgruppe Salzburg Aigen\",\"description\":\"Homepage der Imker-Ortsgruppe Salzburg Aigen\",\"publisher\":{\"@id\":\"https:\\\/\\\/imker-aigen.at\\\/#organization\"},\"potentialAction\":[{\"@type\":\"SearchAction\",\"target\":{\"@type\":\"EntryPoint\",\"urlTemplate\":\"https:\\\/\\\/imker-aigen.at\\\/?s={search_term_string}\"},\"query-input\":{\"@type\":\"PropertyValueSpecification\",\"valueRequired\":true,\"valueName\":\"search_term_string\"}}],\"inLanguage\":\"de\"},{\"@type\":\"Organization\",\"@id\":\"https:\\\/\\\/imker-aigen.at\\\/#organization\",\"name\":\"Imker Ortsgruppe Salzburg Aigen\",\"url\":\"https:\\\/\\\/imker-aigen.at\\\/\",\"logo\":{\"@type\":\"ImageObject\",\"inLanguage\":\"de\",\"@id\":\"https:\\\/\\\/imker-aigen.at\\\/#\\\/schema\\\/logo\\\/image\\\/\",\"url\":\"https:\\\/\\\/imker-aigen.at\\\/wp-content\\\/uploads\\\/2022\\\/08\\\/logo-1.png\",\"contentUrl\":\"https:\\\/\\\/imker-aigen.at\\\/wp-content\\\/uploads\\\/2022\\\/08\\\/logo-1.png\",\"width\":392,\"height\":156,\"caption\":\"Imker Ortsgruppe Salzburg Aigen\"},\"image\":{\"@id\":\"https:\\\/\\\/imker-aigen.at\\\/#\\\/schema\\\/logo\\\/image\\\/\"}}]}<\/script>\n<!-- \/ Yoast SEO plugin. -->","yoast_head_json":{"title":"Imkerkreisversammlung 2026 - Kreisverband Imker s\u00fcdost Oberbayern e.V. - Imker Ortsgruppe Salzburg Aigen","robots":{"index":"index","follow":"follow","max-snippet":"max-snippet:-1","max-image-preview":"max-image-preview:large","max-video-preview":"max-video-preview:-1"},"canonical":"https:\/\/imker-aigen.at\/index.php\/event\/einladung-zur-imkerkreisversammlung-2026-kreisverband-imker-suedost-oberbayern-e-v\/","og_locale":"de_DE","og_type":"article","og_title":"Imkerkreisversammlung 2026 - Kreisverband Imker s\u00fcdost Oberbayern e.V. - Imker Ortsgruppe Salzburg Aigen","og_description":"Sehr geehrte Vereinsvorst\u00e4nde, Liebe Imkerinnen und Imker, der 1. Vorsitzende, Franz Sch\u00f6nsmaul, l\u00e4dt herzlich zur diesj\u00e4hrigen Kreisversammlung der Imker S\u00fcdost\u2011Oberbayern ein. Diese findet am Sonntag, 22. Februar 2026 um 18:30 [&hellip;]","og_url":"https:\/\/imker-aigen.at\/index.php\/event\/einladung-zur-imkerkreisversammlung-2026-kreisverband-imker-suedost-oberbayern-e-v\/","og_site_name":"Imker Ortsgruppe Salzburg Aigen","article_modified_time":"2026-02-26T10:44:04+00:00","og_image":[{"width":800,"height":600,"url":"https:\/\/imker-aigen.at\/wp-content\/uploads\/2024\/03\/bayern.jpg","type":"image\/jpeg"}],"twitter_card":"summary_large_image","schema":{"@context":"https:\/\/schema.org","@graph":[{"@type":"WebPage","@id":"https:\/\/imker-aigen.at\/index.php\/event\/einladung-zur-imkerkreisversammlung-2026-kreisverband-imker-suedost-oberbayern-e-v\/","url":"https:\/\/imker-aigen.at\/index.php\/event\/einladung-zur-imkerkreisversammlung-2026-kreisverband-imker-suedost-oberbayern-e-v\/","name":"Imkerkreisversammlung 2026 - Kreisverband Imker s\u00fcdost Oberbayern e.V. - Imker Ortsgruppe Salzburg Aigen","isPartOf":{"@id":"https:\/\/imker-aigen.at\/#website"},"primaryImageOfPage":{"@id":"https:\/\/imker-aigen.at\/index.php\/event\/einladung-zur-imkerkreisversammlung-2026-kreisverband-imker-suedost-oberbayern-e-v\/#primaryimage"},"image":{"@id":"https:\/\/imker-aigen.at\/index.php\/event\/einladung-zur-imkerkreisversammlung-2026-kreisverband-imker-suedost-oberbayern-e-v\/#primaryimage"},"thumbnailUrl":"https:\/\/imker-aigen.at\/wp-content\/uploads\/2024\/03\/bayern.jpg","datePublished":"2026-02-22T17:30:25+00:00","dateModified":"2026-02-26T10:44:04+00:00","breadcrumb":{"@id":"https:\/\/imker-aigen.at\/index.php\/event\/einladung-zur-imkerkreisversammlung-2026-kreisverband-imker-suedost-oberbayern-e-v\/#breadcrumb"},"inLanguage":"de","potentialAction":[{"@type":"ReadAction","target":["https:\/\/imker-aigen.at\/index.php\/event\/einladung-zur-imkerkreisversammlung-2026-kreisverband-imker-suedost-oberbayern-e-v\/"]}]},{"@type":"ImageObject","inLanguage":"de","@id":"https:\/\/imker-aigen.at\/index.php\/event\/einladung-zur-imkerkreisversammlung-2026-kreisverband-imker-suedost-oberbayern-e-v\/#primaryimage","url":"https:\/\/imker-aigen.at\/wp-content\/uploads\/2024\/03\/bayern.jpg","contentUrl":"https:\/\/imker-aigen.at\/wp-content\/uploads\/2024\/03\/bayern.jpg","width":800,"height":600},{"@type":"BreadcrumbList","@id":"https:\/\/imker-aigen.at\/index.php\/event\/einladung-zur-imkerkreisversammlung-2026-kreisverband-imker-suedost-oberbayern-e-v\/#breadcrumb","itemListElement":[{"@type":"ListItem","position":1,"name":"Startseite","item":"https:\/\/imker-aigen.at\/index.php\/home\/"},{"@type":"ListItem","position":2,"name":"Veranstaltungen","item":"https:\/\/imker-aigen.at\/index.php\/events\/"},{"@type":"ListItem","position":3,"name":"Imkerkreisversammlung 2026 &#8211; Kreisverband Imker s\u00fcdost Oberbayern e.V."}]},{"@type":"WebSite","@id":"https:\/\/imker-aigen.at\/#website","url":"https:\/\/imker-aigen.at\/","name":"Imker Ortsgruppe Salzburg Aigen","description":"Homepage der Imker-Ortsgruppe Salzburg Aigen","publisher":{"@id":"https:\/\/imker-aigen.at\/#organization"},"potentialAction":[{"@type":"SearchAction","target":{"@type":"EntryPoint","urlTemplate":"https:\/\/imker-aigen.at\/?s={search_term_string}"},"query-input":{"@type":"PropertyValueSpecification","valueRequired":true,"valueName":"search_term_string"}}],"inLanguage":"de"},{"@type":"Organization","@id":"https:\/\/imker-aigen.at\/#organization","name":"Imker Ortsgruppe Salzburg Aigen","url":"https:\/\/imker-aigen.at\/","logo":{"@type":"ImageObject","inLanguage":"de","@id":"https:\/\/imker-aigen.at\/#\/schema\/logo\/image\/","url":"https:\/\/imker-aigen.at\/wp-content\/uploads\/2022\/08\/logo-1.png","contentUrl":"https:\/\/imker-aigen.at\/wp-content\/uploads\/2022\/08\/logo-1.png","width":392,"height":156,"caption":"Imker Ortsgruppe Salzburg Aigen"},"image":{"@id":"https:\/\/imker-aigen.at\/#\/schema\/logo\/image\/"}}]}},"_links":{"self":[{"href":"https:\/\/imker-aigen.at\/index.php\/wp-json\/wp\/v2\/tribe_events\/9296","targetHints":{"allow":["GET"]}}],"collection":[{"href":"https:\/\/imker-aigen.at\/index.php\/wp-json\/wp\/v2\/tribe_events"}],"about":[{"href":"https:\/\/imker-aigen.at\/index.php\/wp-json\/wp\/v2\/types\/tribe_events"}],"author":[{"embeddable":true,"href":"https:\/\/imker-aigen.at\/index.php\/wp-json\/wp\/v2\/users\/1"}],"version-history":[{"count":5,"href":"https:\/\/imker-aigen.at\/index.php\/wp-json\/wp\/v2\/tribe_events\/9296\/revisions"}],"predecessor-version":[{"id":9311,"href":"https:\/\/imker-aigen.at\/index.php\/wp-json\/wp\/v2\/tribe_events\/9296\/revisions\/9311"}],"wp:featuredmedia":[{"embeddable":true,"href":"https:\/\/imker-aigen.at\/index.php\/wp-json\/wp\/v2\/media\/5481"}],"wp:attachment":[{"href":"https:\/\/imker-aigen.at\/index.php\/wp-json\/wp\/v2\/media?parent=9296"}],"wp:term":[{"taxonomy":"post_tag","embeddable":true,"href":"https:\/\/imker-aigen.at\/index.php\/wp-json\/wp\/v2\/tags?post=9296"},{"taxonomy":"tribe_events_cat","embeddable":true,"href":"https:\/\/imker-aigen.at\/index.php\/wp-json\/wp\/v2\/tribe_events_cat?post=9296"}],"curies":[{"name":"wp","href":"https:\/\/api.w.org\/{rel}","templated":true}]}}