{"id":9330,"date":"2026-01-27T10:34:23","date_gmt":"2026-01-27T09:34:23","guid":{"rendered":"https:\/\/imker-aigen.at\/?post_type=tribe_events&#038;p=9330"},"modified":"2026-01-27T10:34:32","modified_gmt":"2026-01-27T09:34:32","slug":"auf-der-suche-nach-der-schwarzen-moertelbiene-wildbienen-exkursion-ueber-den-moenchsberg","status":"publish","type":"tribe_events","link":"https:\/\/imker-aigen.at\/index.php\/event\/auf-der-suche-nach-der-schwarzen-moertelbiene-wildbienen-exkursion-ueber-den-moenchsberg\/","title":{"rendered":"Auf der Suche nach der Schwarzen M\u00f6rtelbiene, Wildbienen-Exkursion \u00fcber den M\u00f6nchsberg"},"content":{"rendered":"<p>M\u00f6nchsberglift Bergstation\/Museum der Moderne, Dauer ca. 3h<\/p>\n<p>Nur bei Sch\u00f6nwetter<\/p>\n<p>Exkursion von Martin Schlager und Johann Neumayer<\/p>\n<p>Zwischen Fels, Trockenstandorten und warmen Mauern existiert am M\u00f6nchsberg ein \u00fcberraschend wertvoller Lebensraum. Auf der Exkursion lernen Sie die Vielfalt und \u00f6kologische Bedeutung von Wildbienen kennen und erfahren, woran sich h\u00e4ufige Wildbienen-Gruppen im Gel\u00e4nde erkennen lassen. Im Mittelpunkt steht die schwarze M\u00f6rtelbiene; in Salzburg sehr selten, am M\u00f6nchsberg jedoch mit etwas Gl\u00fcck direkt zu beobachten. Ein Rundgang f\u00fcr all jene, die Artenvielfalt nicht nur \u201ewissen\u201c, sondern im Gel\u00e4nde verstehen m\u00f6chten.<\/p>\n<p><strong>Unser Imkerverein wird sich als Mitveranstalter an dieser Exkursion beteiligen, da wir uns in diesem Jahr auch dazu entschieden haben, einen aktiven Beitrag zum Erhalt der Schwarzen M\u00f6rtelbiene zu leisten.<\/strong><\/p>\n<p>&nbsp;<\/p>\n","protected":false},"excerpt":{"rendered":"<p>M\u00f6nchsberglift Bergstation\/Museum der Moderne, Dauer ca. 3h Nur bei Sch\u00f6nwetter Exkursion von Martin Schlager und Johann Neumayer Zwischen Fels, Trockenstandorten und warmen Mauern existiert am M\u00f6nchsberg ein \u00fcberraschend wertvoller Lebensraum. [&hellip;]<\/p>\n","protected":false},"author":1,"featured_media":3901,"template":"","meta":{"_tribe_events_status":"","_tribe_events_status_reason":"","footnotes":""},"tags":[250,75,77],"tribe_events_cat":[],"class_list":["post-9330","tribe_events","type-tribe_events","status-publish","has-post-thumbnail","hentry","tag-exkursion","tag-naturschutzbund","tag-wildbienen"],"yoast_head":"<!-- This site is optimized with the Yoast SEO plugin v27.4 - https:\/\/yoast.com\/product\/yoast-seo-wordpress\/ -->\n<title>Auf der Suche nach der Schwarzen M\u00f6rtelbiene, Wildbienen-Exkursion \u00fcber den M\u00f6nchsberg - Imker Ortsgruppe Salzburg Aigen<\/title>\n<meta name=\"robots\" content=\"index, follow, max-snippet:-1, max-image-preview:large, max-video-preview:-1\" \/>\n<link rel=\"canonical\" href=\"https:\/\/imker-aigen.at\/index.php\/event\/auf-der-suche-nach-der-schwarzen-moertelbiene-wildbienen-exkursion-ueber-den-moenchsberg\/\" \/>\n<meta property=\"og:locale\" content=\"de_DE\" \/>\n<meta property=\"og:type\" content=\"article\" \/>\n<meta property=\"og:title\" content=\"Auf der Suche nach der Schwarzen M\u00f6rtelbiene, Wildbienen-Exkursion \u00fcber den M\u00f6nchsberg - Imker Ortsgruppe Salzburg Aigen\" \/>\n<meta property=\"og:description\" content=\"M\u00f6nchsberglift Bergstation\/Museum der Moderne, Dauer ca. 3h Nur bei Sch\u00f6nwetter Exkursion von Martin Schlager und Johann Neumayer Zwischen Fels, Trockenstandorten und warmen Mauern existiert am M\u00f6nchsberg ein \u00fcberraschend wertvoller Lebensraum. [&hellip;]\" \/>\n<meta property=\"og:url\" content=\"https:\/\/imker-aigen.at\/index.php\/event\/auf-der-suche-nach-der-schwarzen-moertelbiene-wildbienen-exkursion-ueber-den-moenchsberg\/\" \/>\n<meta property=\"og:site_name\" content=\"Imker Ortsgruppe Salzburg Aigen\" \/>\n<meta property=\"article:modified_time\" content=\"2026-01-27T09:34:32+00:00\" \/>\n<meta property=\"og:image\" content=\"https:\/\/imker-aigen.at\/wp-content\/uploads\/2023\/06\/naturschutzbundLogo.png\" \/>\n\t<meta property=\"og:image:width\" content=\"420\" \/>\n\t<meta property=\"og:image:height\" content=\"206\" \/>\n\t<meta property=\"og:image:type\" content=\"image\/png\" \/>\n<meta name=\"twitter:card\" content=\"summary_large_image\" \/>\n<script type=\"application\/ld+json\" class=\"yoast-schema-graph\">{\"@context\":\"https:\\\/\\\/schema.org\",\"@graph\":[{\"@type\":\"WebPage\",\"@id\":\"https:\\\/\\\/imker-aigen.at\\\/index.php\\\/event\\\/auf-der-suche-nach-der-schwarzen-moertelbiene-wildbienen-exkursion-ueber-den-moenchsberg\\\/\",\"url\":\"https:\\\/\\\/imker-aigen.at\\\/index.php\\\/event\\\/auf-der-suche-nach-der-schwarzen-moertelbiene-wildbienen-exkursion-ueber-den-moenchsberg\\\/\",\"name\":\"Auf der Suche nach der Schwarzen M\u00f6rtelbiene, Wildbienen-Exkursion \u00fcber den M\u00f6nchsberg - Imker Ortsgruppe Salzburg Aigen\",\"isPartOf\":{\"@id\":\"https:\\\/\\\/imker-aigen.at\\\/#website\"},\"primaryImageOfPage\":{\"@id\":\"https:\\\/\\\/imker-aigen.at\\\/index.php\\\/event\\\/auf-der-suche-nach-der-schwarzen-moertelbiene-wildbienen-exkursion-ueber-den-moenchsberg\\\/#primaryimage\"},\"image\":{\"@id\":\"https:\\\/\\\/imker-aigen.at\\\/index.php\\\/event\\\/auf-der-suche-nach-der-schwarzen-moertelbiene-wildbienen-exkursion-ueber-den-moenchsberg\\\/#primaryimage\"},\"thumbnailUrl\":\"https:\\\/\\\/imker-aigen.at\\\/wp-content\\\/uploads\\\/2023\\\/06\\\/naturschutzbundLogo.png\",\"datePublished\":\"2026-01-27T09:34:23+00:00\",\"dateModified\":\"2026-01-27T09:34:32+00:00\",\"breadcrumb\":{\"@id\":\"https:\\\/\\\/imker-aigen.at\\\/index.php\\\/event\\\/auf-der-suche-nach-der-schwarzen-moertelbiene-wildbienen-exkursion-ueber-den-moenchsberg\\\/#breadcrumb\"},\"inLanguage\":\"de\",\"potentialAction\":[{\"@type\":\"ReadAction\",\"target\":[\"https:\\\/\\\/imker-aigen.at\\\/index.php\\\/event\\\/auf-der-suche-nach-der-schwarzen-moertelbiene-wildbienen-exkursion-ueber-den-moenchsberg\\\/\"]}]},{\"@type\":\"ImageObject\",\"inLanguage\":\"de\",\"@id\":\"https:\\\/\\\/imker-aigen.at\\\/index.php\\\/event\\\/auf-der-suche-nach-der-schwarzen-moertelbiene-wildbienen-exkursion-ueber-den-moenchsberg\\\/#primaryimage\",\"url\":\"https:\\\/\\\/imker-aigen.at\\\/wp-content\\\/uploads\\\/2023\\\/06\\\/naturschutzbundLogo.png\",\"contentUrl\":\"https:\\\/\\\/imker-aigen.at\\\/wp-content\\\/uploads\\\/2023\\\/06\\\/naturschutzbundLogo.png\",\"width\":420,\"height\":206},{\"@type\":\"BreadcrumbList\",\"@id\":\"https:\\\/\\\/imker-aigen.at\\\/index.php\\\/event\\\/auf-der-suche-nach-der-schwarzen-moertelbiene-wildbienen-exkursion-ueber-den-moenchsberg\\\/#breadcrumb\",\"itemListElement\":[{\"@type\":\"ListItem\",\"position\":1,\"name\":\"Startseite\",\"item\":\"https:\\\/\\\/imker-aigen.at\\\/index.php\\\/home\\\/\"},{\"@type\":\"ListItem\",\"position\":2,\"name\":\"Veranstaltungen\",\"item\":\"https:\\\/\\\/imker-aigen.at\\\/index.php\\\/events\\\/\"},{\"@type\":\"ListItem\",\"position\":3,\"name\":\"Auf der Suche nach der Schwarzen M\u00f6rtelbiene, Wildbienen-Exkursion \u00fcber den M\u00f6nchsberg\"}]},{\"@type\":\"WebSite\",\"@id\":\"https:\\\/\\\/imker-aigen.at\\\/#website\",\"url\":\"https:\\\/\\\/imker-aigen.at\\\/\",\"name\":\"Imker Ortsgruppe Salzburg Aigen\",\"description\":\"Homepage der Imker-Ortsgruppe Salzburg Aigen\",\"publisher\":{\"@id\":\"https:\\\/\\\/imker-aigen.at\\\/#organization\"},\"potentialAction\":[{\"@type\":\"SearchAction\",\"target\":{\"@type\":\"EntryPoint\",\"urlTemplate\":\"https:\\\/\\\/imker-aigen.at\\\/?s={search_term_string}\"},\"query-input\":{\"@type\":\"PropertyValueSpecification\",\"valueRequired\":true,\"valueName\":\"search_term_string\"}}],\"inLanguage\":\"de\"},{\"@type\":\"Organization\",\"@id\":\"https:\\\/\\\/imker-aigen.at\\\/#organization\",\"name\":\"Imker Ortsgruppe Salzburg Aigen\",\"url\":\"https:\\\/\\\/imker-aigen.at\\\/\",\"logo\":{\"@type\":\"ImageObject\",\"inLanguage\":\"de\",\"@id\":\"https:\\\/\\\/imker-aigen.at\\\/#\\\/schema\\\/logo\\\/image\\\/\",\"url\":\"https:\\\/\\\/imker-aigen.at\\\/wp-content\\\/uploads\\\/2022\\\/08\\\/logo-1.png\",\"contentUrl\":\"https:\\\/\\\/imker-aigen.at\\\/wp-content\\\/uploads\\\/2022\\\/08\\\/logo-1.png\",\"width\":392,\"height\":156,\"caption\":\"Imker Ortsgruppe Salzburg Aigen\"},\"image\":{\"@id\":\"https:\\\/\\\/imker-aigen.at\\\/#\\\/schema\\\/logo\\\/image\\\/\"}}]}<\/script>\n<!-- \/ Yoast SEO plugin. -->","yoast_head_json":{"title":"Auf der Suche nach der Schwarzen M\u00f6rtelbiene, Wildbienen-Exkursion \u00fcber den M\u00f6nchsberg - Imker Ortsgruppe Salzburg Aigen","robots":{"index":"index","follow":"follow","max-snippet":"max-snippet:-1","max-image-preview":"max-image-preview:large","max-video-preview":"max-video-preview:-1"},"canonical":"https:\/\/imker-aigen.at\/index.php\/event\/auf-der-suche-nach-der-schwarzen-moertelbiene-wildbienen-exkursion-ueber-den-moenchsberg\/","og_locale":"de_DE","og_type":"article","og_title":"Auf der Suche nach der Schwarzen M\u00f6rtelbiene, Wildbienen-Exkursion \u00fcber den M\u00f6nchsberg - Imker Ortsgruppe Salzburg Aigen","og_description":"M\u00f6nchsberglift Bergstation\/Museum der Moderne, Dauer ca. 3h Nur bei Sch\u00f6nwetter Exkursion von Martin Schlager und Johann Neumayer Zwischen Fels, Trockenstandorten und warmen Mauern existiert am M\u00f6nchsberg ein \u00fcberraschend wertvoller Lebensraum. [&hellip;]","og_url":"https:\/\/imker-aigen.at\/index.php\/event\/auf-der-suche-nach-der-schwarzen-moertelbiene-wildbienen-exkursion-ueber-den-moenchsberg\/","og_site_name":"Imker Ortsgruppe Salzburg Aigen","article_modified_time":"2026-01-27T09:34:32+00:00","og_image":[{"width":420,"height":206,"url":"https:\/\/imker-aigen.at\/wp-content\/uploads\/2023\/06\/naturschutzbundLogo.png","type":"image\/png"}],"twitter_card":"summary_large_image","schema":{"@context":"https:\/\/schema.org","@graph":[{"@type":"WebPage","@id":"https:\/\/imker-aigen.at\/index.php\/event\/auf-der-suche-nach-der-schwarzen-moertelbiene-wildbienen-exkursion-ueber-den-moenchsberg\/","url":"https:\/\/imker-aigen.at\/index.php\/event\/auf-der-suche-nach-der-schwarzen-moertelbiene-wildbienen-exkursion-ueber-den-moenchsberg\/","name":"Auf der Suche nach der Schwarzen M\u00f6rtelbiene, Wildbienen-Exkursion \u00fcber den M\u00f6nchsberg - Imker Ortsgruppe Salzburg Aigen","isPartOf":{"@id":"https:\/\/imker-aigen.at\/#website"},"primaryImageOfPage":{"@id":"https:\/\/imker-aigen.at\/index.php\/event\/auf-der-suche-nach-der-schwarzen-moertelbiene-wildbienen-exkursion-ueber-den-moenchsberg\/#primaryimage"},"image":{"@id":"https:\/\/imker-aigen.at\/index.php\/event\/auf-der-suche-nach-der-schwarzen-moertelbiene-wildbienen-exkursion-ueber-den-moenchsberg\/#primaryimage"},"thumbnailUrl":"https:\/\/imker-aigen.at\/wp-content\/uploads\/2023\/06\/naturschutzbundLogo.png","datePublished":"2026-01-27T09:34:23+00:00","dateModified":"2026-01-27T09:34:32+00:00","breadcrumb":{"@id":"https:\/\/imker-aigen.at\/index.php\/event\/auf-der-suche-nach-der-schwarzen-moertelbiene-wildbienen-exkursion-ueber-den-moenchsberg\/#breadcrumb"},"inLanguage":"de","potentialAction":[{"@type":"ReadAction","target":["https:\/\/imker-aigen.at\/index.php\/event\/auf-der-suche-nach-der-schwarzen-moertelbiene-wildbienen-exkursion-ueber-den-moenchsberg\/"]}]},{"@type":"ImageObject","inLanguage":"de","@id":"https:\/\/imker-aigen.at\/index.php\/event\/auf-der-suche-nach-der-schwarzen-moertelbiene-wildbienen-exkursion-ueber-den-moenchsberg\/#primaryimage","url":"https:\/\/imker-aigen.at\/wp-content\/uploads\/2023\/06\/naturschutzbundLogo.png","contentUrl":"https:\/\/imker-aigen.at\/wp-content\/uploads\/2023\/06\/naturschutzbundLogo.png","width":420,"height":206},{"@type":"BreadcrumbList","@id":"https:\/\/imker-aigen.at\/index.php\/event\/auf-der-suche-nach-der-schwarzen-moertelbiene-wildbienen-exkursion-ueber-den-moenchsberg\/#breadcrumb","itemListElement":[{"@type":"ListItem","position":1,"name":"Startseite","item":"https:\/\/imker-aigen.at\/index.php\/home\/"},{"@type":"ListItem","position":2,"name":"Veranstaltungen","item":"https:\/\/imker-aigen.at\/index.php\/events\/"},{"@type":"ListItem","position":3,"name":"Auf der Suche nach der Schwarzen M\u00f6rtelbiene, Wildbienen-Exkursion \u00fcber den M\u00f6nchsberg"}]},{"@type":"WebSite","@id":"https:\/\/imker-aigen.at\/#website","url":"https:\/\/imker-aigen.at\/","name":"Imker Ortsgruppe Salzburg Aigen","description":"Homepage der Imker-Ortsgruppe Salzburg Aigen","publisher":{"@id":"https:\/\/imker-aigen.at\/#organization"},"potentialAction":[{"@type":"SearchAction","target":{"@type":"EntryPoint","urlTemplate":"https:\/\/imker-aigen.at\/?s={search_term_string}"},"query-input":{"@type":"PropertyValueSpecification","valueRequired":true,"valueName":"search_term_string"}}],"inLanguage":"de"},{"@type":"Organization","@id":"https:\/\/imker-aigen.at\/#organization","name":"Imker Ortsgruppe Salzburg Aigen","url":"https:\/\/imker-aigen.at\/","logo":{"@type":"ImageObject","inLanguage":"de","@id":"https:\/\/imker-aigen.at\/#\/schema\/logo\/image\/","url":"https:\/\/imker-aigen.at\/wp-content\/uploads\/2022\/08\/logo-1.png","contentUrl":"https:\/\/imker-aigen.at\/wp-content\/uploads\/2022\/08\/logo-1.png","width":392,"height":156,"caption":"Imker Ortsgruppe Salzburg Aigen"},"image":{"@id":"https:\/\/imker-aigen.at\/#\/schema\/logo\/image\/"}}]}},"_links":{"self":[{"href":"https:\/\/imker-aigen.at\/index.php\/wp-json\/wp\/v2\/tribe_events\/9330","targetHints":{"allow":["GET"]}}],"collection":[{"href":"https:\/\/imker-aigen.at\/index.php\/wp-json\/wp\/v2\/tribe_events"}],"about":[{"href":"https:\/\/imker-aigen.at\/index.php\/wp-json\/wp\/v2\/types\/tribe_events"}],"author":[{"embeddable":true,"href":"https:\/\/imker-aigen.at\/index.php\/wp-json\/wp\/v2\/users\/1"}],"version-history":[{"count":1,"href":"https:\/\/imker-aigen.at\/index.php\/wp-json\/wp\/v2\/tribe_events\/9330\/revisions"}],"predecessor-version":[{"id":9331,"href":"https:\/\/imker-aigen.at\/index.php\/wp-json\/wp\/v2\/tribe_events\/9330\/revisions\/9331"}],"wp:featuredmedia":[{"embeddable":true,"href":"https:\/\/imker-aigen.at\/index.php\/wp-json\/wp\/v2\/media\/3901"}],"wp:attachment":[{"href":"https:\/\/imker-aigen.at\/index.php\/wp-json\/wp\/v2\/media?parent=9330"}],"wp:term":[{"taxonomy":"post_tag","embeddable":true,"href":"https:\/\/imker-aigen.at\/index.php\/wp-json\/wp\/v2\/tags?post=9330"},{"taxonomy":"tribe_events_cat","embeddable":true,"href":"https:\/\/imker-aigen.at\/index.php\/wp-json\/wp\/v2\/tribe_events_cat?post=9330"}],"curies":[{"name":"wp","href":"https:\/\/api.w.org\/{rel}","templated":true}]}}